{"id":14287,"date":"2024-11-22T11:39:38","date_gmt":"2024-11-22T11:39:38","guid":{"rendered":"https:\/\/antoniomartinezclinicadental.com\/dentisterie-pediatrique\/"},"modified":"2025-11-24T10:01:18","modified_gmt":"2025-11-24T10:01:18","slug":"dentisterie-pediatrique","status":"publish","type":"page","link":"https:\/\/antoniomartinezclinicadental.com\/fr\/dentisterie-pediatrique\/","title":{"rendered":"Dentisterie p\u00e9diatrique"},"content":{"rendered":"\t\t<div data-elementor-type=\"wp-page\" data-elementor-id=\"14287\" class=\"elementor elementor-14287 elementor-85\" data-elementor-post-type=\"page\">\n\t\t\t\t<div class=\"elementor-element elementor-element-c41d94c e-flex e-con-boxed e-con e-parent\" data-id=\"c41d94c\" data-element_type=\"container\" data-e-type=\"container\" data-settings=\"{&quot;background_background&quot;:&quot;classic&quot;}\">\n\t\t\t\t\t<div class=\"e-con-inner\">\n\t\t\t\t<div class=\"elementor-element elementor-element-140f628 elementor-widget__width-initial elementor-widget-mobile__width-initial elementor-widget-tablet_extra__width-initial elementor-widget-tablet__width-initial elementor-widget elementor-widget-text-editor\" data-id=\"140f628\" data-element_type=\"widget\" data-e-type=\"widget\" data-widget_type=\"text-editor.default\">\n\t\t\t\t<div class=\"elementor-widget-container\">\n\t\t\t\t\t\t\t\t\t<div>\n<p class=\"has-text-align-center\" style=\"font-family: Raleway, sans-serif; text-align: center;\"><span style=\"color: #1a3d4d;\">Clinique dentaire experte en <strong>dentisterie p\u00e9diatrique \u00e0 Velez-Malaga et Torre del Mar<\/strong>. Nous prenons soin de la sant\u00e9 bucco-dentaire des plus petits. <\/span><\/p>\n<\/div>\t\t\t\t\t\t\t\t<\/div>\n\t\t\t\t<\/div>\n\t\t\t\t<div class=\"elementor-element elementor-element-e538a96 elementor-widget elementor-widget-heading\" data-id=\"e538a96\" data-element_type=\"widget\" data-e-type=\"widget\" data-widget_type=\"heading.default\">\n\t\t\t\t<div class=\"elementor-widget-container\">\n\t\t\t\t\t<h1 class=\"elementor-heading-title elementor-size-default\">Dentisterie p\u00e9diatrique \u00e0 V\u00e9lez-M\u00e1laga et Torre del Mar<\/h1>\t\t\t\t<\/div>\n\t\t\t\t<\/div>\n\t\t\t\t\t<\/div>\n\t\t\t\t<\/div>\n\t\t<div class=\"elementor-element elementor-element-0c2413e e-grid e-con-boxed e-con e-parent\" data-id=\"0c2413e\" data-element_type=\"container\" data-e-type=\"container\" data-settings=\"{&quot;background_background&quot;:&quot;classic&quot;}\">\n\t\t\t\t\t<div class=\"e-con-inner\">\n\t\t<div class=\"elementor-element elementor-element-fd2b6df e-con-full e-flex e-con e-child\" data-id=\"fd2b6df\" data-element_type=\"container\" data-e-type=\"container\">\n\t\t\t\t<div class=\"elementor-element elementor-element-ca99387 elementor-widget-tablet_extra__width-initial elementor-widget-tablet__width-inherit elementor-widget-mobile__width-inherit elementor-widget elementor-widget-image\" data-id=\"ca99387\" data-element_type=\"widget\" data-e-type=\"widget\" data-widget_type=\"image.default\">\n\t\t\t\t<div class=\"elementor-widget-container\">\n\t\t\t\t\t\t\t\t\t\t\t\t\t\t\t<img fetchpriority=\"high\" decoding=\"async\" width=\"683\" height=\"1024\" src=\"https:\/\/antoniomartinezclinicadental.com\/wp-content\/uploads\/2025\/09\/DSC1081-Editar-683x1024.jpg\" class=\"attachment-large size-large wp-image-14072\" alt=\"Antonio Mart\u00ednez Cl\u00ednica Dental\" srcset=\"https:\/\/antoniomartinezclinicadental.com\/wp-content\/uploads\/2025\/09\/DSC1081-Editar-683x1024.jpg 683w, https:\/\/antoniomartinezclinicadental.com\/wp-content\/uploads\/2025\/09\/DSC1081-Editar-200x300.jpg 200w, https:\/\/antoniomartinezclinicadental.com\/wp-content\/uploads\/2025\/09\/DSC1081-Editar-768x1152.jpg 768w, https:\/\/antoniomartinezclinicadental.com\/wp-content\/uploads\/2025\/09\/DSC1081-Editar.jpg 1000w\" sizes=\"(max-width: 683px) 100vw, 683px\" \/>\t\t\t\t\t\t\t\t\t\t\t\t\t\t\t<\/div>\n\t\t\t\t<\/div>\n\t\t\t\t<div class=\"elementor-element elementor-element-65c706a elementor-widget elementor-widget-text-editor\" data-id=\"65c706a\" data-element_type=\"widget\" data-e-type=\"widget\" data-widget_type=\"text-editor.default\">\n\t\t\t\t<div class=\"elementor-widget-container\">\n\t\t\t\t\t\t\t\t\t<h5 style=\"font-family: Raleway, sans-serif; font-weight: 500; color: #1a3d4d;\">Dr. Celia Marfil <\/h5><p class=\"has-text-align-left\" style=\"font-family: Raleway, sans-serif; text-align: left;\"><span style=\"color: #1a3d4d;\">Expert en th\u00e9rapeutique dentaire<\/span><\/p>\t\t\t\t\t\t\t\t<\/div>\n\t\t\t\t<\/div>\n\t\t\t\t<\/div>\n\t\t<div class=\"elementor-element elementor-element-cd93a6c e-con-full e-flex e-con e-child\" data-id=\"cd93a6c\" data-element_type=\"container\" data-e-type=\"container\">\n\t\t\t\t<div class=\"elementor-element elementor-element-400c99d elementor-widget elementor-widget-text-editor\" data-id=\"400c99d\" data-element_type=\"widget\" data-e-type=\"widget\" data-widget_type=\"text-editor.default\">\n\t\t\t\t<div class=\"elementor-widget-container\">\n\t\t\t\t\t\t\t\t\t<div><h2 style=\"font-family: Raleway, sans-serif; font-weight: 300; color: #1a3d4d; text-align: center;\">Prenez rendez-vous avec nous<\/h2><\/div>\t\t\t\t\t\t\t\t<\/div>\n\t\t\t\t<\/div>\n\t\t<div class=\"elementor-element elementor-element-a32d7a5 e-con-full e-flex e-con e-child\" data-id=\"a32d7a5\" data-element_type=\"container\" data-e-type=\"container\">\n\t\t\t\t<div class=\"elementor-element elementor-element-f9585e3 elementor-align-center elementor-widget__width-initial elementor-widget elementor-widget-button\" data-id=\"f9585e3\" data-element_type=\"widget\" data-e-type=\"widget\" data-widget_type=\"button.default\">\n\t\t\t\t<div class=\"elementor-widget-container\">\n\t\t\t\t\t\t\t\t\t<div class=\"elementor-button-wrapper\">\n\t\t\t\t\t<a class=\"elementor-button elementor-button-link elementor-size-sm\" href=\"https:\/\/antoniomartinezclinicadental.com\/fr\/contact\/\">\n\t\t\t\t\t\t<span class=\"elementor-button-content-wrapper\">\n\t\t\t\t\t\t<span class=\"elementor-button-icon\">\n\t\t\t\t<svg aria-hidden=\"true\" class=\"e-font-icon-svg e-far-address-book\" viewBox=\"0 0 448 512\" xmlns=\"http:\/\/www.w3.org\/2000\/svg\"><path d=\"M436 160c6.6 0 12-5.4 12-12v-40c0-6.6-5.4-12-12-12h-20V48c0-26.5-21.5-48-48-48H48C21.5 0 0 21.5 0 48v416c0 26.5 21.5 48 48 48h320c26.5 0 48-21.5 48-48v-48h20c6.6 0 12-5.4 12-12v-40c0-6.6-5.4-12-12-12h-20v-64h20c6.6 0 12-5.4 12-12v-40c0-6.6-5.4-12-12-12h-20v-64h20zm-68 304H48V48h320v416zM208 256c35.3 0 64-28.7 64-64s-28.7-64-64-64-64 28.7-64 64 28.7 64 64 64zm-89.6 128h179.2c12.4 0 22.4-8.6 22.4-19.2v-19.2c0-31.8-30.1-57.6-67.2-57.6-10.8 0-18.7 8-44.8 8-26.9 0-33.4-8-44.8-8-37.1 0-67.2 25.8-67.2 57.6v19.2c0 10.6 10 19.2 22.4 19.2z\"><\/path><\/svg>\t\t\t<\/span>\n\t\t\t\t\t\t\t\t\t<span class=\"elementor-button-text\">Contact<\/span>\n\t\t\t\t\t<\/span>\n\t\t\t\t\t<\/a>\n\t\t\t\t<\/div>\n\t\t\t\t\t\t\t\t<\/div>\n\t\t\t\t<\/div>\n\t\t\t\t<div class=\"elementor-element elementor-element-6c55966 elementor-align-center elementor-widget__width-initial elementor-widget elementor-widget-button\" data-id=\"6c55966\" data-element_type=\"widget\" data-e-type=\"widget\" data-widget_type=\"button.default\">\n\t\t\t\t<div class=\"elementor-widget-container\">\n\t\t\t\t\t\t\t\t\t<div class=\"elementor-button-wrapper\">\n\t\t\t\t\t<a class=\"elementor-button elementor-button-link elementor-size-sm\" href=\"tel:+34692978801\">\n\t\t\t\t\t\t<span class=\"elementor-button-content-wrapper\">\n\t\t\t\t\t\t<span class=\"elementor-button-icon\">\n\t\t\t\t<svg aria-hidden=\"true\" class=\"e-font-icon-svg e-fas-phone-volume\" viewBox=\"0 0 384 512\" xmlns=\"http:\/\/www.w3.org\/2000\/svg\"><path d=\"M97.333 506.966c-129.874-129.874-129.681-340.252 0-469.933 5.698-5.698 14.527-6.632 21.263-2.422l64.817 40.513a17.187 17.187 0 0 1 6.849 20.958l-32.408 81.021a17.188 17.188 0 0 1-17.669 10.719l-55.81-5.58c-21.051 58.261-20.612 122.471 0 179.515l55.811-5.581a17.188 17.188 0 0 1 17.669 10.719l32.408 81.022a17.188 17.188 0 0 1-6.849 20.958l-64.817 40.513a17.19 17.19 0 0 1-21.264-2.422zM247.126 95.473c11.832 20.047 11.832 45.008 0 65.055-3.95 6.693-13.108 7.959-18.718 2.581l-5.975-5.726c-3.911-3.748-4.793-9.622-2.261-14.41a32.063 32.063 0 0 0 0-29.945c-2.533-4.788-1.65-10.662 2.261-14.41l5.975-5.726c5.61-5.378 14.768-4.112 18.718 2.581zm91.787-91.187c60.14 71.604 60.092 175.882 0 247.428-4.474 5.327-12.53 5.746-17.552.933l-5.798-5.557c-4.56-4.371-4.977-11.529-.93-16.379 49.687-59.538 49.646-145.933 0-205.422-4.047-4.85-3.631-12.008.93-16.379l5.798-5.557c5.022-4.813 13.078-4.394 17.552.933zm-45.972 44.941c36.05 46.322 36.108 111.149 0 157.546-4.39 5.641-12.697 6.251-17.856 1.304l-5.818-5.579c-4.4-4.219-4.998-11.095-1.285-15.931 26.536-34.564 26.534-82.572 0-117.134-3.713-4.836-3.115-11.711 1.285-15.931l5.818-5.579c5.159-4.947 13.466-4.337 17.856 1.304z\"><\/path><\/svg>\t\t\t<\/span>\n\t\t\t\t\t\t\t\t\t<span class=\"elementor-button-text\">Appeler<\/span>\n\t\t\t\t\t<\/span>\n\t\t\t\t\t<\/a>\n\t\t\t\t<\/div>\n\t\t\t\t\t\t\t\t<\/div>\n\t\t\t\t<\/div>\n\t\t\t\t<\/div>\n\t\t\t\t<\/div>\n\t\t\t\t\t<\/div>\n\t\t\t\t<\/div>\n\t\t<div class=\"elementor-element elementor-element-316e38f e-flex e-con-boxed e-con e-parent\" data-id=\"316e38f\" data-element_type=\"container\" data-e-type=\"container\" data-settings=\"{&quot;background_background&quot;:&quot;classic&quot;}\">\n\t\t\t\t\t<div class=\"e-con-inner\">\n\t\t<div class=\"elementor-element elementor-element-fa51ff9 e-con-full e-flex e-con e-child\" data-id=\"fa51ff9\" data-element_type=\"container\" data-e-type=\"container\">\n\t\t\t\t<div class=\"elementor-element elementor-element-9c311cc elementor-widget elementor-widget-image\" data-id=\"9c311cc\" data-element_type=\"widget\" data-e-type=\"widget\" data-widget_type=\"image.default\">\n\t\t\t\t<div class=\"elementor-widget-container\">\n\t\t\t\t\t\t\t\t\t\t\t\t\t\t\t<img decoding=\"async\" width=\"800\" height=\"534\" src=\"https:\/\/antoniomartinezclinicadental.com\/wp-content\/uploads\/2025\/09\/DSC1280-Editar-1024x683.jpg\" class=\"attachment-large size-large wp-image-14300\" alt=\"Odontopediatr\u00eda V\u00e9lez-M\u00e1lagaOdontopediatr\u00eda V\u00e9lez-M\u00e1laga\" srcset=\"https:\/\/antoniomartinezclinicadental.com\/wp-content\/uploads\/2025\/09\/DSC1280-Editar-1024x683.jpg 1024w, https:\/\/antoniomartinezclinicadental.com\/wp-content\/uploads\/2025\/09\/DSC1280-Editar-300x200.jpg 300w, https:\/\/antoniomartinezclinicadental.com\/wp-content\/uploads\/2025\/09\/DSC1280-Editar-768x512.jpg 768w, https:\/\/antoniomartinezclinicadental.com\/wp-content\/uploads\/2025\/09\/DSC1280-Editar-1536x1024.jpg 1536w, https:\/\/antoniomartinezclinicadental.com\/wp-content\/uploads\/2025\/09\/DSC1280-Editar-2048x1365.jpg 2048w\" sizes=\"(max-width: 800px) 100vw, 800px\" \/>\t\t\t\t\t\t\t\t\t\t\t\t\t\t\t<\/div>\n\t\t\t\t<\/div>\n\t\t\t\t<div class=\"elementor-element elementor-element-005a154 elementor-hidden-mobile elementor-widget elementor-widget-image\" data-id=\"005a154\" data-element_type=\"widget\" data-e-type=\"widget\" data-widget_type=\"image.default\">\n\t\t\t\t<div class=\"elementor-widget-container\">\n\t\t\t\t\t\t\t\t\t\t\t\t\t\t\t<img decoding=\"async\" width=\"800\" height=\"534\" src=\"https:\/\/antoniomartinezclinicadental.com\/wp-content\/uploads\/2025\/09\/DSC1398-Editar-1-1024x683.jpg\" class=\"attachment-large size-large wp-image-14307\" alt=\"Odontopediatr\u00eda V\u00e9lez-M\u00e1laga\" srcset=\"https:\/\/antoniomartinezclinicadental.com\/wp-content\/uploads\/2025\/09\/DSC1398-Editar-1-1024x683.jpg 1024w, https:\/\/antoniomartinezclinicadental.com\/wp-content\/uploads\/2025\/09\/DSC1398-Editar-1-300x200.jpg 300w, https:\/\/antoniomartinezclinicadental.com\/wp-content\/uploads\/2025\/09\/DSC1398-Editar-1-768x512.jpg 768w, https:\/\/antoniomartinezclinicadental.com\/wp-content\/uploads\/2025\/09\/DSC1398-Editar-1-1536x1024.jpg 1536w, https:\/\/antoniomartinezclinicadental.com\/wp-content\/uploads\/2025\/09\/DSC1398-Editar-1-2048x1365.jpg 2048w\" sizes=\"(max-width: 800px) 100vw, 800px\" \/>\t\t\t\t\t\t\t\t\t\t\t\t\t\t\t<\/div>\n\t\t\t\t<\/div>\n\t\t\t\t<\/div>\n\t\t\t\t\t<\/div>\n\t\t\t\t<\/div>\n\t\t<div class=\"elementor-element elementor-element-67b9f81 e-flex e-con-boxed e-con e-parent\" data-id=\"67b9f81\" data-element_type=\"container\" data-e-type=\"container\" data-settings=\"{&quot;background_background&quot;:&quot;classic&quot;}\">\n\t\t\t\t\t<div class=\"e-con-inner\">\n\t\t\t\t<div class=\"elementor-element elementor-element-6f46a38 elementor-widget__width-initial elementor-widget-tablet__width-inherit elementor-widget elementor-widget-text-editor\" data-id=\"6f46a38\" data-element_type=\"widget\" data-e-type=\"widget\" data-widget_type=\"text-editor.default\">\n\t\t\t\t<div class=\"elementor-widget-container\">\n\t\t\t\t\t\t\t\t\t<div><h2 style=\"font-family: Raleway, sans-serif; font-weight: bold; color: #1a3d4d; font-size: 45x; text-align: left;\"><span style=\"font-family: Raleway, sans-serif; font-weight: 300; color: #1a3d4d;\">Qu&rsquo;est-ce que l&rsquo;odontologie p\u00e9diatrique ?<\/span><\/h2><\/div>\t\t\t\t\t\t\t\t<\/div>\n\t\t\t\t<\/div>\n\t\t\t\t\t<\/div>\n\t\t\t\t<\/div>\n\t\t<div class=\"elementor-element elementor-element-39a5580 e-flex e-con-boxed e-con e-parent\" data-id=\"39a5580\" data-element_type=\"container\" data-e-type=\"container\" data-settings=\"{&quot;background_background&quot;:&quot;classic&quot;}\">\n\t\t\t\t\t<div class=\"e-con-inner\">\n\t\t\t\t<div class=\"elementor-element elementor-element-859ec1d elementor-widget__width-initial elementor-widget-tablet__width-initial elementor-widget-tablet_extra__width-inherit elementor-widget elementor-widget-text-editor\" data-id=\"859ec1d\" data-element_type=\"widget\" data-e-type=\"widget\" data-widget_type=\"text-editor.default\">\n\t\t\t\t<div class=\"elementor-widget-container\">\n\t\t\t\t\t\t\t\t\t<div><p style=\"text-align: left; font-family: Raleway, sans-serif; color: #1a3d4d;\">L&rsquo;<strong>odontologie p\u00e9diatrique <\/strong> est la sp\u00e9cialit\u00e9 dentaire qui se concentre sur les soins bucco-dentaires des enfants de la naissance \u00e0 l&rsquo;adolescence. Son principal objectif est de pr\u00e9venir, diagnostiquer et traiter les probl\u00e8mes dentaires courants chez les enfants, tels que les caries, et de leur apprendre l&rsquo;importance de prendre soin de leurs dents d\u00e8s leur plus jeune \u00e2ge. <\/p><p style=\"text-align: left; font-family: Raleway, sans-serif; color: #1a3d4d;\">Les dentistes p\u00e9diatriques sont form\u00e9s pour traiter les dents de lait, les premi\u00e8res dents d\u00e9finitives et tout autre aspect de la sant\u00e9 bucco-dentaire des enfants. Ils sensibilisent \u00e9galement les parents et les enfants aux bonnes habitudes d&rsquo;hygi\u00e8ne dentaire et aux moyens d&rsquo;\u00e9viter les probl\u00e8mes futurs. Cette sp\u00e9cialit\u00e9 vise \u00e0 mettre les enfants \u00e0 l&rsquo;<strong> aise <\/strong>lors de leurs visites chez le dentiste, en les aidant \u00e0 d\u00e9velopper une relation positive avec leur sant\u00e9 dentaire tout au long de leur vie<span style=\"color: #1a3d4d;\">.<\/span>  <\/p><\/div><p style=\"text-align: center;\"><\/p>\t\t\t\t\t\t\t\t<\/div>\n\t\t\t\t<\/div>\n\t\t\t\t\t<\/div>\n\t\t\t\t<\/div>\n\t\t<div class=\"elementor-element elementor-element-222540b e-con-full elementor-hidden-tablet elementor-hidden-mobile e-flex e-con e-parent\" data-id=\"222540b\" data-element_type=\"container\" data-e-type=\"container\" data-settings=\"{&quot;background_background&quot;:&quot;classic&quot;}\">\n\t\t\t\t<\/div>\n\t\t<div class=\"elementor-element elementor-element-0eb1883 e-flex e-con-boxed e-con e-parent\" data-id=\"0eb1883\" data-element_type=\"container\" data-e-type=\"container\" data-settings=\"{&quot;background_background&quot;:&quot;classic&quot;}\">\n\t\t\t\t\t<div class=\"e-con-inner\">\n\t\t<div class=\"elementor-element elementor-element-7306c02 e-con-full e-grid elementor-invisible e-con e-child\" data-id=\"7306c02\" data-element_type=\"container\" data-e-type=\"container\" data-settings=\"{&quot;animation&quot;:&quot;zoomIn&quot;,&quot;background_background&quot;:&quot;classic&quot;}\">\n\t\t<div class=\"elementor-element elementor-element-eabba2a e-con-full e-flex e-con e-child\" data-id=\"eabba2a\" data-element_type=\"container\" data-e-type=\"container\" data-settings=\"{&quot;background_background&quot;:&quot;classic&quot;}\">\n\t\t\t\t<div class=\"elementor-element elementor-element-7bced5f elementor-widget__width-initial animated-fast elementor-invisible elementor-widget elementor-widget-image\" data-id=\"7bced5f\" data-element_type=\"widget\" data-e-type=\"widget\" data-settings=\"{&quot;motion_fx_motion_fx_mouse&quot;:&quot;yes&quot;,&quot;_animation&quot;:&quot;zoomIn&quot;}\" data-widget_type=\"image.default\">\n\t\t\t\t<div class=\"elementor-widget-container\">\n\t\t\t\t\t\t\t\t\t\t\t\t\t\t\t<img loading=\"lazy\" decoding=\"async\" width=\"800\" height=\"800\" src=\"https:\/\/antoniomartinezclinicadental.com\/wp-content\/uploads\/2025\/09\/DIENTE-ODONTOPEDIATRIA-1.png\" class=\"attachment-large size-large wp-image-14302\" alt=\"Odontopediatr\u00eda V\u00e9lez-M\u00e1laga\" srcset=\"https:\/\/antoniomartinezclinicadental.com\/wp-content\/uploads\/2025\/09\/DIENTE-ODONTOPEDIATRIA-1.png 1024w, https:\/\/antoniomartinezclinicadental.com\/wp-content\/uploads\/2025\/09\/DIENTE-ODONTOPEDIATRIA-1-300x300.png 300w, https:\/\/antoniomartinezclinicadental.com\/wp-content\/uploads\/2025\/09\/DIENTE-ODONTOPEDIATRIA-1-150x150.png 150w, https:\/\/antoniomartinezclinicadental.com\/wp-content\/uploads\/2025\/09\/DIENTE-ODONTOPEDIATRIA-1-768x768.png 768w\" sizes=\"(max-width: 800px) 100vw, 800px\" \/>\t\t\t\t\t\t\t\t\t\t\t\t\t\t\t<\/div>\n\t\t\t\t<\/div>\n\t\t\t\t<div class=\"elementor-element elementor-element-7dcc581 elementor-widget elementor-widget-text-editor\" data-id=\"7dcc581\" data-element_type=\"widget\" data-e-type=\"widget\" data-widget_type=\"text-editor.default\">\n\t\t\t\t<div class=\"elementor-widget-container\">\n\t\t\t\t\t\t\t\t\t<h2 style=\"font-family: Raleway, sans-serif; font-weight: 300; text-align: center;\"><span style=\"color: #ffffff;\">Produits d&rsquo;\u00e9tanch\u00e9it\u00e9<\/span><\/h2><div><p style=\"font-family: Raleway, sans-serif; font-weight: 300; text-align: center;\"><span style=\"color: #ffffff;\">Rev\u00eatements protecteurs pour pr\u00e9venir les caries dans les zones les plus vuln\u00e9rables.<\/span><\/p><\/div>\t\t\t\t\t\t\t\t<\/div>\n\t\t\t\t<\/div>\n\t\t\t\t<\/div>\n\t\t<div class=\"elementor-element elementor-element-fdfe5cb e-con-full e-flex e-con e-child\" data-id=\"fdfe5cb\" data-element_type=\"container\" data-e-type=\"container\" data-settings=\"{&quot;background_background&quot;:&quot;classic&quot;}\">\n\t\t\t\t<div class=\"elementor-element elementor-element-671acd1 elementor-widget__width-initial animated-fast elementor-invisible elementor-widget elementor-widget-image\" data-id=\"671acd1\" data-element_type=\"widget\" data-e-type=\"widget\" data-settings=\"{&quot;motion_fx_motion_fx_mouse&quot;:&quot;yes&quot;,&quot;_animation&quot;:&quot;zoomIn&quot;}\" data-widget_type=\"image.default\">\n\t\t\t\t<div class=\"elementor-widget-container\">\n\t\t\t\t\t\t\t\t\t\t\t\t\t\t\t<img loading=\"lazy\" decoding=\"async\" width=\"800\" height=\"800\" src=\"https:\/\/antoniomartinezclinicadental.com\/wp-content\/uploads\/2025\/09\/DIENTE-ODONTOPEDIATRIA-2.png\" class=\"attachment-large size-large wp-image-14303\" alt=\"Odontopediatr\u00eda V\u00e9lez-M\u00e1laga\" srcset=\"https:\/\/antoniomartinezclinicadental.com\/wp-content\/uploads\/2025\/09\/DIENTE-ODONTOPEDIATRIA-2.png 1024w, https:\/\/antoniomartinezclinicadental.com\/wp-content\/uploads\/2025\/09\/DIENTE-ODONTOPEDIATRIA-2-300x300.png 300w, https:\/\/antoniomartinezclinicadental.com\/wp-content\/uploads\/2025\/09\/DIENTE-ODONTOPEDIATRIA-2-150x150.png 150w, https:\/\/antoniomartinezclinicadental.com\/wp-content\/uploads\/2025\/09\/DIENTE-ODONTOPEDIATRIA-2-768x768.png 768w\" sizes=\"(max-width: 800px) 100vw, 800px\" \/>\t\t\t\t\t\t\t\t\t\t\t\t\t\t\t<\/div>\n\t\t\t\t<\/div>\n\t\t\t\t<div class=\"elementor-element elementor-element-2cb7239 elementor-widget elementor-widget-text-editor\" data-id=\"2cb7239\" data-element_type=\"widget\" data-e-type=\"widget\" data-widget_type=\"text-editor.default\">\n\t\t\t\t<div class=\"elementor-widget-container\">\n\t\t\t\t\t\t\t\t\t<h2 style=\"font-family: Raleway, sans-serif; font-weight: 200; text-align: center;\"><span style=\"color: #ffffff;\">Fluoration<\/span><\/h2><div><p style=\"font-family: Raleway, sans-serif; font-weight: 300; text-align: center;\"><span style=\"color: #ffffff;\">  Application de fluor pour renforcer l&rsquo;\u00e9mail des dents et les prot\u00e9ger contre les caries.<\/span><\/p><\/div>\t\t\t\t\t\t\t\t<\/div>\n\t\t\t\t<\/div>\n\t\t\t\t<\/div>\n\t\t<div class=\"elementor-element elementor-element-5e682c9 e-con-full e-flex e-con e-child\" data-id=\"5e682c9\" data-element_type=\"container\" data-e-type=\"container\" data-settings=\"{&quot;background_background&quot;:&quot;classic&quot;}\">\n\t\t\t\t<div class=\"elementor-element elementor-element-e7481e9 elementor-widget__width-initial animated-fast elementor-invisible elementor-widget elementor-widget-image\" data-id=\"e7481e9\" data-element_type=\"widget\" data-e-type=\"widget\" data-settings=\"{&quot;motion_fx_motion_fx_mouse&quot;:&quot;yes&quot;,&quot;_animation&quot;:&quot;zoomIn&quot;}\" data-widget_type=\"image.default\">\n\t\t\t\t<div class=\"elementor-widget-container\">\n\t\t\t\t\t\t\t\t\t\t\t\t\t\t\t<img loading=\"lazy\" decoding=\"async\" width=\"800\" height=\"800\" src=\"https:\/\/antoniomartinezclinicadental.com\/wp-content\/uploads\/2025\/09\/DIENTE-ODONTOPEDIATRIA-5.png\" class=\"attachment-large size-large wp-image-14304\" alt=\"Odontopediatr\u00eda V\u00e9lez-M\u00e1laga\" srcset=\"https:\/\/antoniomartinezclinicadental.com\/wp-content\/uploads\/2025\/09\/DIENTE-ODONTOPEDIATRIA-5.png 1024w, https:\/\/antoniomartinezclinicadental.com\/wp-content\/uploads\/2025\/09\/DIENTE-ODONTOPEDIATRIA-5-300x300.png 300w, https:\/\/antoniomartinezclinicadental.com\/wp-content\/uploads\/2025\/09\/DIENTE-ODONTOPEDIATRIA-5-150x150.png 150w, https:\/\/antoniomartinezclinicadental.com\/wp-content\/uploads\/2025\/09\/DIENTE-ODONTOPEDIATRIA-5-768x768.png 768w\" sizes=\"(max-width: 800px) 100vw, 800px\" \/>\t\t\t\t\t\t\t\t\t\t\t\t\t\t\t<\/div>\n\t\t\t\t<\/div>\n\t\t\t\t<div class=\"elementor-element elementor-element-a4cad63 elementor-widget elementor-widget-text-editor\" data-id=\"a4cad63\" data-element_type=\"widget\" data-e-type=\"widget\" data-widget_type=\"text-editor.default\">\n\t\t\t\t<div class=\"elementor-widget-container\">\n\t\t\t\t\t\t\t\t\t<h2 style=\"font-family: Raleway, sans-serif; font-weight: 200; text-align: center;\"><span style=\"color: #ffffff;\">Pulpotomie<\/span><\/h2><div><p style=\"font-family: Raleway, sans-serif; font-weight: 300; text-align: center;\"><span style=\"color: #ffffff;\">Traitement de la pulpe dentaire en cas d&rsquo;infection ou de carie pour \u00e9viter l&rsquo;extraction.<\/span><\/p><\/div>\t\t\t\t\t\t\t\t<\/div>\n\t\t\t\t<\/div>\n\t\t\t\t<\/div>\n\t\t<div class=\"elementor-element elementor-element-8ec351c e-con-full e-flex e-con e-child\" data-id=\"8ec351c\" data-element_type=\"container\" data-e-type=\"container\" data-settings=\"{&quot;background_background&quot;:&quot;classic&quot;}\">\n\t\t\t\t<div class=\"elementor-element elementor-element-f73f6be elementor-widget__width-initial animated-fast elementor-invisible elementor-widget elementor-widget-image\" data-id=\"f73f6be\" data-element_type=\"widget\" data-e-type=\"widget\" data-settings=\"{&quot;motion_fx_motion_fx_mouse&quot;:&quot;yes&quot;,&quot;_animation&quot;:&quot;zoomIn&quot;}\" data-widget_type=\"image.default\">\n\t\t\t\t<div class=\"elementor-widget-container\">\n\t\t\t\t\t\t\t\t\t\t\t\t\t\t\t<img loading=\"lazy\" decoding=\"async\" width=\"800\" height=\"800\" src=\"https:\/\/antoniomartinezclinicadental.com\/wp-content\/uploads\/2025\/09\/DIENTE-ODONTOPEDIATRIA-3.png\" class=\"attachment-large size-large wp-image-14306\" alt=\"Odontopediatr\u00eda V\u00e9lez-M\u00e1laga\" srcset=\"https:\/\/antoniomartinezclinicadental.com\/wp-content\/uploads\/2025\/09\/DIENTE-ODONTOPEDIATRIA-3.png 1024w, https:\/\/antoniomartinezclinicadental.com\/wp-content\/uploads\/2025\/09\/DIENTE-ODONTOPEDIATRIA-3-300x300.png 300w, https:\/\/antoniomartinezclinicadental.com\/wp-content\/uploads\/2025\/09\/DIENTE-ODONTOPEDIATRIA-3-150x150.png 150w, https:\/\/antoniomartinezclinicadental.com\/wp-content\/uploads\/2025\/09\/DIENTE-ODONTOPEDIATRIA-3-768x768.png 768w\" sizes=\"(max-width: 800px) 100vw, 800px\" \/>\t\t\t\t\t\t\t\t\t\t\t\t\t\t\t<\/div>\n\t\t\t\t<\/div>\n\t\t\t\t<div class=\"elementor-element elementor-element-44abf47 elementor-widget elementor-widget-text-editor\" data-id=\"44abf47\" data-element_type=\"widget\" data-e-type=\"widget\" data-widget_type=\"text-editor.default\">\n\t\t\t\t<div class=\"elementor-widget-container\">\n\t\t\t\t\t\t\t\t\t<h2 style=\"font-family: Raleway, sans-serif; font-weight: 200; text-align: center;\"><span style=\"color: #ffffff;\">Scellement<\/span><\/h2><div><p style=\"font-family: Raleway, sans-serif; font-weight: 300; text-align: center;\"><span style=\"color: #ffffff;\">Obturation pour traiter les caries et pr\u00e9server la structure des dents chez les jeunes enfants<\/span><\/p><\/div>\t\t\t\t\t\t\t\t<\/div>\n\t\t\t\t<\/div>\n\t\t\t\t<\/div>\n\t\t\t\t<\/div>\n\t\t\t\t\t<\/div>\n\t\t\t\t<\/div>\n\t\t<div class=\"elementor-element elementor-element-98df541 e-con-full e-flex e-con e-parent\" data-id=\"98df541\" data-element_type=\"container\" data-e-type=\"container\" data-settings=\"{&quot;background_background&quot;:&quot;classic&quot;}\">\n\t\t<div class=\"elementor-element elementor-element-dd4f5ee e-con-full e-flex e-con e-child\" data-id=\"dd4f5ee\" data-element_type=\"container\" data-e-type=\"container\">\n\t\t\t\t<div class=\"elementor-element elementor-element-e68ff96 elementor-widget__width-initial elementor-widget-tablet__width-initial elementor-widget-mobile__width-initial elementor-widget elementor-widget-text-editor\" data-id=\"e68ff96\" data-element_type=\"widget\" data-e-type=\"widget\" data-widget_type=\"text-editor.default\">\n\t\t\t\t<div class=\"elementor-widget-container\">\n\t\t\t\t\t\t\t\t\t<p style=\"font-family: Raleway, sans-serif; text-align: center; color: #1a3d4d;\">Nous recommandons la premi\u00e8re visite chez le dentiste vers l&rsquo;\u00e2ge de 3 ans, stade auquel nous pouvons d\u00e9tecter d&rsquo;\u00e9ventuels probl\u00e8mes de d\u00e9veloppement et commencer \u00e0 \u00e9tablir une relation de confiance avec le jeune patient.<\/p><p>En outre, il est conseill\u00e9 d&rsquo;effectuer le premier contr\u00f4le orthodontique entre 5 et 6 ans, car \u00e0 ce stade, il est plus facile de corriger les anomalies du d\u00e9veloppement dentaire et osseux.<\/p><p>L&rsquo;instauration d&rsquo;une routine de brossage et des visites r\u00e9guli\u00e8res chez le dentiste p\u00e9diatrique sont essentielles pour que les enfants grandissent avec une bouche saine et sans avoir peur du dentiste.<\/p><p>\u00c0 la clinique dentaire Antonio Mart\u00ednez, nous nous effor\u00e7ons de cr\u00e9er un <strong>environnement convivial et confortable <\/strong> pour que les enfants se sentent en confiance et prennent plaisir \u00e0 prendre soin de leur sourire.<\/p>\t\t\t\t\t\t\t\t<\/div>\n\t\t\t\t<\/div>\n\t\t\t\t<div class=\"elementor-element elementor-element-6387f84 elementor-widget__width-initial elementor-widget-tablet__width-initial elementor-hidden-tablet elementor-hidden-mobile elementor-widget elementor-widget-image\" data-id=\"6387f84\" data-element_type=\"widget\" data-e-type=\"widget\" data-widget_type=\"image.default\">\n\t\t\t\t<div class=\"elementor-widget-container\">\n\t\t\t\t\t\t\t\t\t\t\t\t\t\t\t<img loading=\"lazy\" decoding=\"async\" width=\"500\" height=\"500\" src=\"https:\/\/antoniomartinezclinicadental.com\/wp-content\/uploads\/2025\/03\/dientes-ninos.webp\" class=\"attachment-large size-large wp-image-14298\" alt=\"\" srcset=\"https:\/\/antoniomartinezclinicadental.com\/wp-content\/uploads\/2025\/03\/dientes-ninos.webp 500w, https:\/\/antoniomartinezclinicadental.com\/wp-content\/uploads\/2025\/03\/dientes-ninos-300x300.webp 300w, https:\/\/antoniomartinezclinicadental.com\/wp-content\/uploads\/2025\/03\/dientes-ninos-150x150.webp 150w\" sizes=\"(max-width: 500px) 100vw, 500px\" \/>\t\t\t\t\t\t\t\t\t\t\t\t\t\t\t<\/div>\n\t\t\t\t<\/div>\n\t\t\t\t<\/div>\n\t\t\t\t<\/div>\n\t\t<div class=\"elementor-element elementor-element-b6133cf e-flex e-con-boxed e-con e-parent\" data-id=\"b6133cf\" data-element_type=\"container\" data-e-type=\"container\" data-settings=\"{&quot;background_background&quot;:&quot;classic&quot;}\">\n\t\t\t\t\t<div class=\"e-con-inner\">\n\t\t<div class=\"elementor-element elementor-element-f165cd5 e-con-full e-flex e-con e-child\" data-id=\"f165cd5\" data-element_type=\"container\" data-e-type=\"container\">\n\t\t\t\t<div class=\"elementor-element elementor-element-48cb4e1 elementor-widget__width-initial elementor-widget-tablet__width-initial elementor-widget elementor-widget-text-editor\" data-id=\"48cb4e1\" data-element_type=\"widget\" data-e-type=\"widget\" data-widget_type=\"text-editor.default\">\n\t\t\t\t<div class=\"elementor-widget-container\">\n\t\t\t\t\t\t\t\t\t<h5 style=\"font-family: Raleway, sans-serif; font-weight: 500; color: #1a3d4d;\"><span style=\"text-decoration: underline; color: #3366ff;\"><a style=\"color: #3366ff; text-decoration: underline;\" href=\"https:\/\/antoniomartinezclinicadental.com\/tratamientos\/\">\u00ab\u00a0Voir d&rsquo;autres traitements<\/a><\/span><\/h5>\t\t\t\t\t\t\t\t<\/div>\n\t\t\t\t<\/div>\n\t\t\t\t<\/div>\n\t\t\t\t\t<\/div>\n\t\t\t\t<\/div>\n\t\t<div class=\"elementor-element elementor-element-e288f11 e-flex e-con-boxed e-con e-parent\" data-id=\"e288f11\" data-element_type=\"container\" data-e-type=\"container\" data-settings=\"{&quot;background_background&quot;:&quot;classic&quot;}\">\n\t\t\t\t\t<div class=\"e-con-inner\">\n\t\t\t\t<div class=\"elementor-element elementor-element-9237687 elementor-widget elementor-widget-heading\" data-id=\"9237687\" data-element_type=\"widget\" data-e-type=\"widget\" data-widget_type=\"heading.default\">\n\t\t\t\t<div class=\"elementor-widget-container\">\n\t\t\t\t\t<h2 class=\"elementor-heading-title elementor-size-default\">Questions fr\u00e9quemment pos\u00e9es sur l'odontologie p\u00e9diatrique<\/h2>\t\t\t\t<\/div>\n\t\t\t\t<\/div>\n\t\t<div class=\"elementor-element elementor-element-2164f4a e-con-full e-flex e-con e-child\" data-id=\"2164f4a\" data-element_type=\"container\" data-e-type=\"container\">\n\t\t\t\t<div class=\"elementor-element elementor-element-11fa9f4 elementor-widget__width-initial elementor-widget-tablet__width-inherit elementor-widget elementor-widget-toggle\" data-id=\"11fa9f4\" data-element_type=\"widget\" data-e-type=\"widget\" data-widget_type=\"toggle.default\">\n\t\t\t\t<div class=\"elementor-widget-container\">\n\t\t\t\t\t\t\t<div class=\"elementor-toggle\">\n\t\t\t\t\t\t\t<div class=\"elementor-toggle-item\">\n\t\t\t\t\t<h3 id=\"elementor-tab-title-1881\" class=\"elementor-tab-title\" data-tab=\"1\" role=\"button\" aria-controls=\"elementor-tab-content-1881\" aria-expanded=\"false\">\n\t\t\t\t\t\t\t\t\t\t\t\t<span class=\"elementor-toggle-icon elementor-toggle-icon-right\" aria-hidden=\"true\">\n\t\t\t\t\t\t\t\t\t\t\t\t\t\t\t<span class=\"elementor-toggle-icon-closed\"><svg class=\"e-font-icon-svg e-fas-angle-down\" viewBox=\"0 0 320 512\" xmlns=\"http:\/\/www.w3.org\/2000\/svg\"><path d=\"M143 352.3L7 216.3c-9.4-9.4-9.4-24.6 0-33.9l22.6-22.6c9.4-9.4 24.6-9.4 33.9 0l96.4 96.4 96.4-96.4c9.4-9.4 24.6-9.4 33.9 0l22.6 22.6c9.4 9.4 9.4 24.6 0 33.9l-136 136c-9.2 9.4-24.4 9.4-33.8 0z\"><\/path><\/svg><\/span>\n\t\t\t\t\t\t\t\t<span class=\"elementor-toggle-icon-opened\"><svg class=\"elementor-toggle-icon-opened e-font-icon-svg e-fas-angle-up\" viewBox=\"0 0 320 512\" xmlns=\"http:\/\/www.w3.org\/2000\/svg\"><path d=\"M177 159.7l136 136c9.4 9.4 9.4 24.6 0 33.9l-22.6 22.6c-9.4 9.4-24.6 9.4-33.9 0L160 255.9l-96.4 96.4c-9.4 9.4-24.6 9.4-33.9 0L7 329.7c-9.4-9.4-9.4-24.6 0-33.9l136-136c9.4-9.5 24.6-9.5 34-.1z\"><\/path><\/svg><\/span>\n\t\t\t\t\t\t\t\t\t\t\t\t\t<\/span>\n\t\t\t\t\t\t\t\t\t\t\t\t<a class=\"elementor-toggle-title\" tabindex=\"0\">Un mannequin est-il mauvais ?<\/a>\n\t\t\t\t\t<\/h3>\n\n\t\t\t\t\t<div id=\"elementor-tab-content-1881\" class=\"elementor-tab-content elementor-clearfix\" data-tab=\"1\" role=\"region\" aria-labelledby=\"elementor-tab-title-1881\"><p>Si elle est utilis\u00e9e, la t\u00e9tine doit \u00eatre limit\u00e9e \u00e0 18-24 mois, car il existe un lien \u00e9troit entre cette habitude et la modification de la position de la langue, qui peut entra\u00eener une malocclusion.<\/p>\n<\/div>\n\t\t\t\t<\/div>\n\t\t\t\t\t\t\t<div class=\"elementor-toggle-item\">\n\t\t\t\t\t<h3 id=\"elementor-tab-title-1882\" class=\"elementor-tab-title\" data-tab=\"2\" role=\"button\" aria-controls=\"elementor-tab-content-1882\" aria-expanded=\"false\">\n\t\t\t\t\t\t\t\t\t\t\t\t<span class=\"elementor-toggle-icon elementor-toggle-icon-right\" aria-hidden=\"true\">\n\t\t\t\t\t\t\t\t\t\t\t\t\t\t\t<span class=\"elementor-toggle-icon-closed\"><svg class=\"e-font-icon-svg e-fas-angle-down\" viewBox=\"0 0 320 512\" xmlns=\"http:\/\/www.w3.org\/2000\/svg\"><path d=\"M143 352.3L7 216.3c-9.4-9.4-9.4-24.6 0-33.9l22.6-22.6c9.4-9.4 24.6-9.4 33.9 0l96.4 96.4 96.4-96.4c9.4-9.4 24.6-9.4 33.9 0l22.6 22.6c9.4 9.4 9.4 24.6 0 33.9l-136 136c-9.2 9.4-24.4 9.4-33.8 0z\"><\/path><\/svg><\/span>\n\t\t\t\t\t\t\t\t<span class=\"elementor-toggle-icon-opened\"><svg class=\"elementor-toggle-icon-opened e-font-icon-svg e-fas-angle-up\" viewBox=\"0 0 320 512\" xmlns=\"http:\/\/www.w3.org\/2000\/svg\"><path d=\"M177 159.7l136 136c9.4 9.4 9.4 24.6 0 33.9l-22.6 22.6c-9.4 9.4-24.6 9.4-33.9 0L160 255.9l-96.4 96.4c-9.4 9.4-24.6 9.4-33.9 0L7 329.7c-9.4-9.4-9.4-24.6 0-33.9l136-136c9.4-9.5 24.6-9.5 34-.1z\"><\/path><\/svg><\/span>\n\t\t\t\t\t\t\t\t\t\t\t\t\t<\/span>\n\t\t\t\t\t\t\t\t\t\t\t\t<a class=\"elementor-toggle-title\" tabindex=\"0\">Est-il mauvais pour mon enfant de sucer son pouce ?<\/a>\n\t\t\t\t\t<\/h3>\n\n\t\t\t\t\t<div id=\"elementor-tab-content-1882\" class=\"elementor-tab-content elementor-clearfix\" data-tab=\"2\" role=\"region\" aria-labelledby=\"elementor-tab-title-1882\"><p>Si votre enfant a plus de 3 ans et qu&rsquo;il suce toujours son pouce, consultez un dentiste p\u00e9diatrique pour obtenir des conseils.<\/p>\n<\/div>\n\t\t\t\t<\/div>\n\t\t\t\t\t\t\t<div class=\"elementor-toggle-item\">\n\t\t\t\t\t<h3 id=\"elementor-tab-title-1883\" class=\"elementor-tab-title\" data-tab=\"3\" role=\"button\" aria-controls=\"elementor-tab-content-1883\" aria-expanded=\"false\">\n\t\t\t\t\t\t\t\t\t\t\t\t<span class=\"elementor-toggle-icon elementor-toggle-icon-right\" aria-hidden=\"true\">\n\t\t\t\t\t\t\t\t\t\t\t\t\t\t\t<span class=\"elementor-toggle-icon-closed\"><svg class=\"e-font-icon-svg e-fas-angle-down\" viewBox=\"0 0 320 512\" xmlns=\"http:\/\/www.w3.org\/2000\/svg\"><path d=\"M143 352.3L7 216.3c-9.4-9.4-9.4-24.6 0-33.9l22.6-22.6c9.4-9.4 24.6-9.4 33.9 0l96.4 96.4 96.4-96.4c9.4-9.4 24.6-9.4 33.9 0l22.6 22.6c9.4 9.4 9.4 24.6 0 33.9l-136 136c-9.2 9.4-24.4 9.4-33.8 0z\"><\/path><\/svg><\/span>\n\t\t\t\t\t\t\t\t<span class=\"elementor-toggle-icon-opened\"><svg class=\"elementor-toggle-icon-opened e-font-icon-svg e-fas-angle-up\" viewBox=\"0 0 320 512\" xmlns=\"http:\/\/www.w3.org\/2000\/svg\"><path d=\"M177 159.7l136 136c9.4 9.4 9.4 24.6 0 33.9l-22.6 22.6c-9.4 9.4-24.6 9.4-33.9 0L160 255.9l-96.4 96.4c-9.4 9.4-24.6 9.4-33.9 0L7 329.7c-9.4-9.4-9.4-24.6 0-33.9l136-136c9.4-9.5 24.6-9.5 34-.1z\"><\/path><\/svg><\/span>\n\t\t\t\t\t\t\t\t\t\t\t\t\t<\/span>\n\t\t\t\t\t\t\t\t\t\t\t\t<a class=\"elementor-toggle-title\" tabindex=\"0\">Pourquoi est-il important de garder les dents de lait en bonne sant\u00e9 si elles sont appel\u00e9es \u00e0 tomber ?<\/a>\n\t\t\t\t\t<\/h3>\n\n\t\t\t\t\t<div id=\"elementor-tab-content-1883\" class=\"elementor-tab-content elementor-clearfix\" data-tab=\"3\" role=\"region\" aria-labelledby=\"elementor-tab-title-1883\"><p>Bien que les dents de lait tombent, elles sont essentielles au d\u00e9veloppement de la bouche de l&rsquo;enfant. Elles aident \u00e0 guider l&rsquo;\u00e9ruption des dents permanentes dans la bonne position et \u00e0 maintenir l&rsquo;espace n\u00e9cessaire pour les accueillir. <\/p>\n<p>En cas d&rsquo;infection des dents de lait, les dents d\u00e9finitives, situ\u00e9es juste en dessous, peuvent \u00eatre affect\u00e9es. En les gardant en bonne sant\u00e9, vous obtiendrez une bouche adulte saine et bien align\u00e9e. <\/p>\n<\/div>\n\t\t\t\t<\/div>\n\t\t\t\t\t\t\t<div class=\"elementor-toggle-item\">\n\t\t\t\t\t<h3 id=\"elementor-tab-title-1884\" class=\"elementor-tab-title\" data-tab=\"4\" role=\"button\" aria-controls=\"elementor-tab-content-1884\" aria-expanded=\"false\">\n\t\t\t\t\t\t\t\t\t\t\t\t<span class=\"elementor-toggle-icon elementor-toggle-icon-right\" aria-hidden=\"true\">\n\t\t\t\t\t\t\t\t\t\t\t\t\t\t\t<span class=\"elementor-toggle-icon-closed\"><svg class=\"e-font-icon-svg e-fas-angle-down\" viewBox=\"0 0 320 512\" xmlns=\"http:\/\/www.w3.org\/2000\/svg\"><path d=\"M143 352.3L7 216.3c-9.4-9.4-9.4-24.6 0-33.9l22.6-22.6c9.4-9.4 24.6-9.4 33.9 0l96.4 96.4 96.4-96.4c9.4-9.4 24.6-9.4 33.9 0l22.6 22.6c9.4 9.4 9.4 24.6 0 33.9l-136 136c-9.2 9.4-24.4 9.4-33.8 0z\"><\/path><\/svg><\/span>\n\t\t\t\t\t\t\t\t<span class=\"elementor-toggle-icon-opened\"><svg class=\"elementor-toggle-icon-opened e-font-icon-svg e-fas-angle-up\" viewBox=\"0 0 320 512\" xmlns=\"http:\/\/www.w3.org\/2000\/svg\"><path d=\"M177 159.7l136 136c9.4 9.4 9.4 24.6 0 33.9l-22.6 22.6c-9.4 9.4-24.6 9.4-33.9 0L160 255.9l-96.4 96.4c-9.4 9.4-24.6 9.4-33.9 0L7 329.7c-9.4-9.4-9.4-24.6 0-33.9l136-136c9.4-9.5 24.6-9.5 34-.1z\"><\/path><\/svg><\/span>\n\t\t\t\t\t\t\t\t\t\t\t\t\t<\/span>\n\t\t\t\t\t\t\t\t\t\t\t\t<a class=\"elementor-toggle-title\" tabindex=\"0\">Quelles sont les cons\u00e9quences des caries sur les dents de lait ?<\/a>\n\t\t\t\t\t<\/h3>\n\n\t\t\t\t\t<div id=\"elementor-tab-content-1884\" class=\"elementor-tab-content elementor-clearfix\" data-tab=\"4\" role=\"region\" aria-labelledby=\"elementor-tab-title-1884\"><p>Une carie dans les dents de lait peut provoquer une douleur intense et, si elle n&rsquo;est pas trait\u00e9e, peut entra\u00eener des infections qui n\u00e9cessitent des visites d&rsquo;urgence. Elle peut \u00e9galement affecter le d\u00e9veloppement physique de l&rsquo;enfant en rendant difficile la mastication et une alimentation correcte. <\/p>\n<p>\u00c0 long terme, elle augmente le risque de caries sur les dents permanentes, en affectant \u00e9galement l&rsquo;\u00e9mail et en modifiant sa position sur l&rsquo;arcade dentaire, ce qui peut n\u00e9cessiter un traitement orthodontique \u00e0 l&rsquo;avenir.<\/p>\n<\/div>\n\t\t\t\t<\/div>\n\t\t\t\t\t\t\t<div class=\"elementor-toggle-item\">\n\t\t\t\t\t<h3 id=\"elementor-tab-title-1885\" class=\"elementor-tab-title\" data-tab=\"5\" role=\"button\" aria-controls=\"elementor-tab-content-1885\" aria-expanded=\"false\">\n\t\t\t\t\t\t\t\t\t\t\t\t<span class=\"elementor-toggle-icon elementor-toggle-icon-right\" aria-hidden=\"true\">\n\t\t\t\t\t\t\t\t\t\t\t\t\t\t\t<span class=\"elementor-toggle-icon-closed\"><svg class=\"e-font-icon-svg e-fas-angle-down\" viewBox=\"0 0 320 512\" xmlns=\"http:\/\/www.w3.org\/2000\/svg\"><path d=\"M143 352.3L7 216.3c-9.4-9.4-9.4-24.6 0-33.9l22.6-22.6c9.4-9.4 24.6-9.4 33.9 0l96.4 96.4 96.4-96.4c9.4-9.4 24.6-9.4 33.9 0l22.6 22.6c9.4 9.4 9.4 24.6 0 33.9l-136 136c-9.2 9.4-24.4 9.4-33.8 0z\"><\/path><\/svg><\/span>\n\t\t\t\t\t\t\t\t<span class=\"elementor-toggle-icon-opened\"><svg class=\"elementor-toggle-icon-opened e-font-icon-svg e-fas-angle-up\" viewBox=\"0 0 320 512\" xmlns=\"http:\/\/www.w3.org\/2000\/svg\"><path d=\"M177 159.7l136 136c9.4 9.4 9.4 24.6 0 33.9l-22.6 22.6c-9.4 9.4-24.6 9.4-33.9 0L160 255.9l-96.4 96.4c-9.4 9.4-24.6 9.4-33.9 0L7 329.7c-9.4-9.4-9.4-24.6 0-33.9l136-136c9.4-9.5 24.6-9.5 34-.1z\"><\/path><\/svg><\/span>\n\t\t\t\t\t\t\t\t\t\t\t\t\t<\/span>\n\t\t\t\t\t\t\t\t\t\t\t\t<a class=\"elementor-toggle-title\" tabindex=\"0\">Quel dentifrice mes enfants doivent-ils utiliser ?<\/a>\n\t\t\t\t\t<\/h3>\n\n\t\t\t\t\t<div id=\"elementor-tab-content-1885\" class=\"elementor-tab-content elementor-clearfix\" data-tab=\"5\" role=\"region\" aria-labelledby=\"elementor-tab-title-1885\"><p>Chez les enfants de 6 mois \u00e0 3 ans, il est recommand\u00e9 d&rsquo;utiliser un dentifrice contenant 1 000 parties par million (ppm) de fluor, avec une brosse \u00e0 dents de la taille d&rsquo;un grain de riz.<\/p>\n<p>Entre 3 et 6 ans, il est recommand\u00e9 d&rsquo;utiliser un dentifrice contenant 1000 parties par million (ppm) de fluor, en d\u00e9posant une quantit\u00e9 de la taille d&rsquo;un petit pois sur la brosse \u00e0 dents.<\/p>\n<p>\u00c0 partir de l&rsquo;\u00e2ge de 6 ans, il est recommand\u00e9 d&rsquo;utiliser un dentifrice contenant 1 450 parties par million (ppm) de fluor, avec une brosse \u00e0 dents de la taille d&rsquo;un petit pois.<\/p>\n<\/div>\n\t\t\t\t<\/div>\n\t\t\t\t\t\t\t<div class=\"elementor-toggle-item\">\n\t\t\t\t\t<h3 id=\"elementor-tab-title-1886\" class=\"elementor-tab-title\" data-tab=\"6\" role=\"button\" aria-controls=\"elementor-tab-content-1886\" aria-expanded=\"false\">\n\t\t\t\t\t\t\t\t\t\t\t\t<span class=\"elementor-toggle-icon elementor-toggle-icon-right\" aria-hidden=\"true\">\n\t\t\t\t\t\t\t\t\t\t\t\t\t\t\t<span class=\"elementor-toggle-icon-closed\"><svg class=\"e-font-icon-svg e-fas-angle-down\" viewBox=\"0 0 320 512\" xmlns=\"http:\/\/www.w3.org\/2000\/svg\"><path d=\"M143 352.3L7 216.3c-9.4-9.4-9.4-24.6 0-33.9l22.6-22.6c9.4-9.4 24.6-9.4 33.9 0l96.4 96.4 96.4-96.4c9.4-9.4 24.6-9.4 33.9 0l22.6 22.6c9.4 9.4 9.4 24.6 0 33.9l-136 136c-9.2 9.4-24.4 9.4-33.8 0z\"><\/path><\/svg><\/span>\n\t\t\t\t\t\t\t\t<span class=\"elementor-toggle-icon-opened\"><svg class=\"elementor-toggle-icon-opened e-font-icon-svg e-fas-angle-up\" viewBox=\"0 0 320 512\" xmlns=\"http:\/\/www.w3.org\/2000\/svg\"><path d=\"M177 159.7l136 136c9.4 9.4 9.4 24.6 0 33.9l-22.6 22.6c-9.4 9.4-24.6 9.4-33.9 0L160 255.9l-96.4 96.4c-9.4 9.4-24.6 9.4-33.9 0L7 329.7c-9.4-9.4-9.4-24.6 0-33.9l136-136c9.4-9.5 24.6-9.5 34-.1z\"><\/path><\/svg><\/span>\n\t\t\t\t\t\t\t\t\t\t\t\t\t<\/span>\n\t\t\t\t\t\t\t\t\t\t\t\t<a class=\"elementor-toggle-title\" tabindex=\"0\">Que puis-je faire si mon enfant refuse de se brosser les dents ?<\/a>\n\t\t\t\t\t<\/h3>\n\n\t\t\t\t\t<div id=\"elementor-tab-content-1886\" class=\"elementor-tab-content elementor-clearfix\" data-tab=\"6\" role=\"region\" aria-labelledby=\"elementor-tab-title-1886\"><p>Faites du brossage des dents une routine amusante, en utilisant des brosses \u00e0 dents avec des images qu&rsquo;il aime et un dentifrice au go\u00fbt agr\u00e9able. Vous pouvez \u00e9galement brosser les dents de votre enfant avec lui pour qu&rsquo;il voie que c&rsquo;est normal et amusant. <\/p>\n<\/div>\n\t\t\t\t<\/div>\n\t\t\t\t\t\t\t<div class=\"elementor-toggle-item\">\n\t\t\t\t\t<h3 id=\"elementor-tab-title-1887\" class=\"elementor-tab-title\" data-tab=\"7\" role=\"button\" aria-controls=\"elementor-tab-content-1887\" aria-expanded=\"false\">\n\t\t\t\t\t\t\t\t\t\t\t\t<span class=\"elementor-toggle-icon elementor-toggle-icon-right\" aria-hidden=\"true\">\n\t\t\t\t\t\t\t\t\t\t\t\t\t\t\t<span class=\"elementor-toggle-icon-closed\"><svg class=\"e-font-icon-svg e-fas-angle-down\" viewBox=\"0 0 320 512\" xmlns=\"http:\/\/www.w3.org\/2000\/svg\"><path d=\"M143 352.3L7 216.3c-9.4-9.4-9.4-24.6 0-33.9l22.6-22.6c9.4-9.4 24.6-9.4 33.9 0l96.4 96.4 96.4-96.4c9.4-9.4 24.6-9.4 33.9 0l22.6 22.6c9.4 9.4 9.4 24.6 0 33.9l-136 136c-9.2 9.4-24.4 9.4-33.8 0z\"><\/path><\/svg><\/span>\n\t\t\t\t\t\t\t\t<span class=\"elementor-toggle-icon-opened\"><svg class=\"elementor-toggle-icon-opened e-font-icon-svg e-fas-angle-up\" viewBox=\"0 0 320 512\" xmlns=\"http:\/\/www.w3.org\/2000\/svg\"><path d=\"M177 159.7l136 136c9.4 9.4 9.4 24.6 0 33.9l-22.6 22.6c-9.4 9.4-24.6 9.4-33.9 0L160 255.9l-96.4 96.4c-9.4 9.4-24.6 9.4-33.9 0L7 329.7c-9.4-9.4-9.4-24.6 0-33.9l136-136c9.4-9.5 24.6-9.5 34-.1z\"><\/path><\/svg><\/span>\n\t\t\t\t\t\t\t\t\t\t\t\t\t<\/span>\n\t\t\t\t\t\t\t\t\t\t\t\t<a class=\"elementor-toggle-title\" tabindex=\"0\">Combien de fois par jour mon enfant doit-il se brosser les dents et pendant combien de temps ?<\/a>\n\t\t\t\t\t<\/h3>\n\n\t\t\t\t\t<div id=\"elementor-tab-content-1887\" class=\"elementor-tab-content elementor-clearfix\" data-tab=\"7\" role=\"region\" aria-labelledby=\"elementor-tab-title-1887\"><p>Les enfants doivent se brosser les dents apr\u00e8s chaque repas pendant au moins deux minutes. Il est important d&rsquo;utiliser une brosse \u00e0 dents \u00e0 poils souples et une quantit\u00e9 suffisante de dentifrice au fluor. <\/p>\n<\/div>\n\t\t\t\t<\/div>\n\t\t\t\t\t\t\t\t<\/div>\n\t\t\t\t\t\t<\/div>\n\t\t\t\t<\/div>\n\t\t\t\t<div class=\"elementor-element elementor-element-662504a elementor-widget__width-initial elementor-widget-tablet__width-inherit elementor-widget elementor-widget-toggle\" data-id=\"662504a\" data-element_type=\"widget\" data-e-type=\"widget\" data-widget_type=\"toggle.default\">\n\t\t\t\t<div class=\"elementor-widget-container\">\n\t\t\t\t\t\t\t<div class=\"elementor-toggle\">\n\t\t\t\t\t\t\t<div class=\"elementor-toggle-item\">\n\t\t\t\t\t<h3 id=\"elementor-tab-title-1071\" class=\"elementor-tab-title\" data-tab=\"1\" role=\"button\" aria-controls=\"elementor-tab-content-1071\" aria-expanded=\"false\">\n\t\t\t\t\t\t\t\t\t\t\t\t<span class=\"elementor-toggle-icon elementor-toggle-icon-right\" aria-hidden=\"true\">\n\t\t\t\t\t\t\t\t\t\t\t\t\t\t\t<span class=\"elementor-toggle-icon-closed\"><svg class=\"e-font-icon-svg e-fas-angle-down\" viewBox=\"0 0 320 512\" xmlns=\"http:\/\/www.w3.org\/2000\/svg\"><path d=\"M143 352.3L7 216.3c-9.4-9.4-9.4-24.6 0-33.9l22.6-22.6c9.4-9.4 24.6-9.4 33.9 0l96.4 96.4 96.4-96.4c9.4-9.4 24.6-9.4 33.9 0l22.6 22.6c9.4 9.4 9.4 24.6 0 33.9l-136 136c-9.2 9.4-24.4 9.4-33.8 0z\"><\/path><\/svg><\/span>\n\t\t\t\t\t\t\t\t<span class=\"elementor-toggle-icon-opened\"><svg class=\"elementor-toggle-icon-opened e-font-icon-svg e-fas-angle-up\" viewBox=\"0 0 320 512\" xmlns=\"http:\/\/www.w3.org\/2000\/svg\"><path d=\"M177 159.7l136 136c9.4 9.4 9.4 24.6 0 33.9l-22.6 22.6c-9.4 9.4-24.6 9.4-33.9 0L160 255.9l-96.4 96.4c-9.4 9.4-24.6 9.4-33.9 0L7 329.7c-9.4-9.4-9.4-24.6 0-33.9l136-136c9.4-9.5 24.6-9.5 34-.1z\"><\/path><\/svg><\/span>\n\t\t\t\t\t\t\t\t\t\t\t\t\t<\/span>\n\t\t\t\t\t\t\t\t\t\t\t\t<a class=\"elementor-toggle-title\" tabindex=\"0\">Quand dois-je commencer \u00e0 brosser les dents de mon enfant ?<\/a>\n\t\t\t\t\t<\/h3>\n\n\t\t\t\t\t<div id=\"elementor-tab-content-1071\" class=\"elementor-tab-content elementor-clearfix\" data-tab=\"1\" role=\"region\" aria-labelledby=\"elementor-tab-title-1071\"><p><span style=\"color: #ff0000;\">Commencez d\u00e8s maintenant !<\/span><\/p>\n<p>N&rsquo;oubliez pas que les enfants de moins de 7 ans ne sont pas en mesure d&rsquo;assurer une hygi\u00e8ne bucco-dentaire efficace et que c&rsquo;est donc \u00e0 leurs parents de s&rsquo;en charger.<\/p>\n<\/div>\n\t\t\t\t<\/div>\n\t\t\t\t\t\t\t<div class=\"elementor-toggle-item\">\n\t\t\t\t\t<h3 id=\"elementor-tab-title-1072\" class=\"elementor-tab-title\" data-tab=\"2\" role=\"button\" aria-controls=\"elementor-tab-content-1072\" aria-expanded=\"false\">\n\t\t\t\t\t\t\t\t\t\t\t\t<span class=\"elementor-toggle-icon elementor-toggle-icon-right\" aria-hidden=\"true\">\n\t\t\t\t\t\t\t\t\t\t\t\t\t\t\t<span class=\"elementor-toggle-icon-closed\"><svg class=\"e-font-icon-svg e-fas-angle-down\" viewBox=\"0 0 320 512\" xmlns=\"http:\/\/www.w3.org\/2000\/svg\"><path d=\"M143 352.3L7 216.3c-9.4-9.4-9.4-24.6 0-33.9l22.6-22.6c9.4-9.4 24.6-9.4 33.9 0l96.4 96.4 96.4-96.4c9.4-9.4 24.6-9.4 33.9 0l22.6 22.6c9.4 9.4 9.4 24.6 0 33.9l-136 136c-9.2 9.4-24.4 9.4-33.8 0z\"><\/path><\/svg><\/span>\n\t\t\t\t\t\t\t\t<span class=\"elementor-toggle-icon-opened\"><svg class=\"elementor-toggle-icon-opened e-font-icon-svg e-fas-angle-up\" viewBox=\"0 0 320 512\" xmlns=\"http:\/\/www.w3.org\/2000\/svg\"><path d=\"M177 159.7l136 136c9.4 9.4 9.4 24.6 0 33.9l-22.6 22.6c-9.4 9.4-24.6 9.4-33.9 0L160 255.9l-96.4 96.4c-9.4 9.4-24.6 9.4-33.9 0L7 329.7c-9.4-9.4-9.4-24.6 0-33.9l136-136c9.4-9.5 24.6-9.5 34-.1z\"><\/path><\/svg><\/span>\n\t\t\t\t\t\t\t\t\t\t\t\t\t<\/span>\n\t\t\t\t\t\t\t\t\t\t\t\t<a class=\"elementor-toggle-title\" tabindex=\"0\">Le fluor est-il bon ?<\/a>\n\t\t\t\t\t<\/h3>\n\n\t\t\t\t\t<div id=\"elementor-tab-content-1072\" class=\"elementor-tab-content elementor-clearfix\" data-tab=\"2\" role=\"region\" aria-labelledby=\"elementor-tab-title-1072\"><p>Le fluor topique est un excellent outil pour prot\u00e9ger l&rsquo;\u00e9mail des attaques bact\u00e9riennes et r\u00e9duire le risque de caries chez les enfants.<\/p>\n<\/div>\n\t\t\t\t<\/div>\n\t\t\t\t\t\t\t<div class=\"elementor-toggle-item\">\n\t\t\t\t\t<h3 id=\"elementor-tab-title-1073\" class=\"elementor-tab-title\" data-tab=\"3\" role=\"button\" aria-controls=\"elementor-tab-content-1073\" aria-expanded=\"false\">\n\t\t\t\t\t\t\t\t\t\t\t\t<span class=\"elementor-toggle-icon elementor-toggle-icon-right\" aria-hidden=\"true\">\n\t\t\t\t\t\t\t\t\t\t\t\t\t\t\t<span class=\"elementor-toggle-icon-closed\"><svg class=\"e-font-icon-svg e-fas-angle-down\" viewBox=\"0 0 320 512\" xmlns=\"http:\/\/www.w3.org\/2000\/svg\"><path d=\"M143 352.3L7 216.3c-9.4-9.4-9.4-24.6 0-33.9l22.6-22.6c9.4-9.4 24.6-9.4 33.9 0l96.4 96.4 96.4-96.4c9.4-9.4 24.6-9.4 33.9 0l22.6 22.6c9.4 9.4 9.4 24.6 0 33.9l-136 136c-9.2 9.4-24.4 9.4-33.8 0z\"><\/path><\/svg><\/span>\n\t\t\t\t\t\t\t\t<span class=\"elementor-toggle-icon-opened\"><svg class=\"elementor-toggle-icon-opened e-font-icon-svg e-fas-angle-up\" viewBox=\"0 0 320 512\" xmlns=\"http:\/\/www.w3.org\/2000\/svg\"><path d=\"M177 159.7l136 136c9.4 9.4 9.4 24.6 0 33.9l-22.6 22.6c-9.4 9.4-24.6 9.4-33.9 0L160 255.9l-96.4 96.4c-9.4 9.4-24.6 9.4-33.9 0L7 329.7c-9.4-9.4-9.4-24.6 0-33.9l136-136c9.4-9.5 24.6-9.5 34-.1z\"><\/path><\/svg><\/span>\n\t\t\t\t\t\t\t\t\t\t\t\t\t<\/span>\n\t\t\t\t\t\t\t\t\t\t\t\t<a class=\"elementor-toggle-title\" tabindex=\"0\">La carie dentaire est-elle g\u00e9n\u00e9tique ?<\/a>\n\t\t\t\t\t<\/h3>\n\n\t\t\t\t\t<div id=\"elementor-tab-content-1073\" class=\"elementor-tab-content elementor-clearfix\" data-tab=\"3\" role=\"region\" aria-labelledby=\"elementor-tab-title-1073\"><p>Non, la carie dentaire est une maladie microbienne et n&rsquo;est pas h\u00e9r\u00e9ditaire. Elle d\u00e9pend de facteurs tels qu&rsquo;une mauvaise hygi\u00e8ne bucco-dentaire, une alimentation riche en sucres, une alimentation nocturne, des visites tardives chez le dentiste p\u00e9diatrique, etc.<\/p>\n<p>Pour \u00e9viter de transmettre des bact\u00e9ries de votre bouche, \u00e9vitez de partager des ustensiles tels que des cuill\u00e8res avec votre b\u00e9b\u00e9, d&#8217;embrasser votre b\u00e9b\u00e9 sur la bouche et de souffler sur la nourriture de votre b\u00e9b\u00e9 pour la refroidir.<\/p>\n<\/div>\n\t\t\t\t<\/div>\n\t\t\t\t\t\t\t<div class=\"elementor-toggle-item\">\n\t\t\t\t\t<h3 id=\"elementor-tab-title-1074\" class=\"elementor-tab-title\" data-tab=\"4\" role=\"button\" aria-controls=\"elementor-tab-content-1074\" aria-expanded=\"false\">\n\t\t\t\t\t\t\t\t\t\t\t\t<span class=\"elementor-toggle-icon elementor-toggle-icon-right\" aria-hidden=\"true\">\n\t\t\t\t\t\t\t\t\t\t\t\t\t\t\t<span class=\"elementor-toggle-icon-closed\"><svg class=\"e-font-icon-svg e-fas-angle-down\" viewBox=\"0 0 320 512\" xmlns=\"http:\/\/www.w3.org\/2000\/svg\"><path d=\"M143 352.3L7 216.3c-9.4-9.4-9.4-24.6 0-33.9l22.6-22.6c9.4-9.4 24.6-9.4 33.9 0l96.4 96.4 96.4-96.4c9.4-9.4 24.6-9.4 33.9 0l22.6 22.6c9.4 9.4 9.4 24.6 0 33.9l-136 136c-9.2 9.4-24.4 9.4-33.8 0z\"><\/path><\/svg><\/span>\n\t\t\t\t\t\t\t\t<span class=\"elementor-toggle-icon-opened\"><svg class=\"elementor-toggle-icon-opened e-font-icon-svg e-fas-angle-up\" viewBox=\"0 0 320 512\" xmlns=\"http:\/\/www.w3.org\/2000\/svg\"><path d=\"M177 159.7l136 136c9.4 9.4 9.4 24.6 0 33.9l-22.6 22.6c-9.4 9.4-24.6 9.4-33.9 0L160 255.9l-96.4 96.4c-9.4 9.4-24.6 9.4-33.9 0L7 329.7c-9.4-9.4-9.4-24.6 0-33.9l136-136c9.4-9.5 24.6-9.5 34-.1z\"><\/path><\/svg><\/span>\n\t\t\t\t\t\t\t\t\t\t\t\t\t<\/span>\n\t\t\t\t\t\t\t\t\t\t\t\t<a class=\"elementor-toggle-title\" tabindex=\"0\">Comment puis-je pr\u00e9venir les caries sur les dents de mon enfant ?<\/a>\n\t\t\t\t\t<\/h3>\n\n\t\t\t\t\t<div id=\"elementor-tab-content-1074\" class=\"elementor-tab-content elementor-clearfix\" data-tab=\"4\" role=\"region\" aria-labelledby=\"elementor-tab-title-1074\"><p>Veillez \u00e0 ce que votre enfant se brosse les dents apr\u00e8s chaque repas avec un dentifrice au fluor, qu&rsquo;il \u00e9vite de consommer trop de sucre et qu&rsquo;il se rende r\u00e9guli\u00e8rement chez le dentiste.  <\/p>\n<\/div>\n\t\t\t\t<\/div>\n\t\t\t\t\t\t\t<div class=\"elementor-toggle-item\">\n\t\t\t\t\t<h3 id=\"elementor-tab-title-1075\" class=\"elementor-tab-title\" data-tab=\"5\" role=\"button\" aria-controls=\"elementor-tab-content-1075\" aria-expanded=\"false\">\n\t\t\t\t\t\t\t\t\t\t\t\t<span class=\"elementor-toggle-icon elementor-toggle-icon-right\" aria-hidden=\"true\">\n\t\t\t\t\t\t\t\t\t\t\t\t\t\t\t<span class=\"elementor-toggle-icon-closed\"><svg class=\"e-font-icon-svg e-fas-angle-down\" viewBox=\"0 0 320 512\" xmlns=\"http:\/\/www.w3.org\/2000\/svg\"><path d=\"M143 352.3L7 216.3c-9.4-9.4-9.4-24.6 0-33.9l22.6-22.6c9.4-9.4 24.6-9.4 33.9 0l96.4 96.4 96.4-96.4c9.4-9.4 24.6-9.4 33.9 0l22.6 22.6c9.4 9.4 9.4 24.6 0 33.9l-136 136c-9.2 9.4-24.4 9.4-33.8 0z\"><\/path><\/svg><\/span>\n\t\t\t\t\t\t\t\t<span class=\"elementor-toggle-icon-opened\"><svg class=\"elementor-toggle-icon-opened e-font-icon-svg e-fas-angle-up\" viewBox=\"0 0 320 512\" xmlns=\"http:\/\/www.w3.org\/2000\/svg\"><path d=\"M177 159.7l136 136c9.4 9.4 9.4 24.6 0 33.9l-22.6 22.6c-9.4 9.4-24.6 9.4-33.9 0L160 255.9l-96.4 96.4c-9.4 9.4-24.6 9.4-33.9 0L7 329.7c-9.4-9.4-9.4-24.6 0-33.9l136-136c9.4-9.5 24.6-9.5 34-.1z\"><\/path><\/svg><\/span>\n\t\t\t\t\t\t\t\t\t\t\t\t\t<\/span>\n\t\t\t\t\t\t\t\t\t\t\t\t<a class=\"elementor-toggle-title\" tabindex=\"0\">\u00c0 quel \u00e2ge mon enfant doit-il commencer sa premi\u00e8re visite chez le dentiste ?<\/a>\n\t\t\t\t\t<\/h3>\n\n\t\t\t\t\t<div id=\"elementor-tab-content-1075\" class=\"elementor-tab-content elementor-clearfix\" data-tab=\"5\" role=\"region\" aria-labelledby=\"elementor-tab-title-1075\"><p><span style=\"color: #1a3d4d;\">Nous recommandons la premi\u00e8re visite chez le dentiste vers l&rsquo;\u00e2ge de 3 ans, stade auquel nous pouvons d\u00e9tecter d&rsquo;\u00e9ventuels probl\u00e8mes de d\u00e9veloppement et commencer \u00e0 \u00e9tablir une relation de confiance avec le jeune patient.<\/span><\/p>\n<\/div>\n\t\t\t\t<\/div>\n\t\t\t\t\t\t\t<div class=\"elementor-toggle-item\">\n\t\t\t\t\t<h3 id=\"elementor-tab-title-1076\" class=\"elementor-tab-title\" data-tab=\"6\" role=\"button\" aria-controls=\"elementor-tab-content-1076\" aria-expanded=\"false\">\n\t\t\t\t\t\t\t\t\t\t\t\t<span class=\"elementor-toggle-icon elementor-toggle-icon-right\" aria-hidden=\"true\">\n\t\t\t\t\t\t\t\t\t\t\t\t\t\t\t<span class=\"elementor-toggle-icon-closed\"><svg class=\"e-font-icon-svg e-fas-angle-down\" viewBox=\"0 0 320 512\" xmlns=\"http:\/\/www.w3.org\/2000\/svg\"><path d=\"M143 352.3L7 216.3c-9.4-9.4-9.4-24.6 0-33.9l22.6-22.6c9.4-9.4 24.6-9.4 33.9 0l96.4 96.4 96.4-96.4c9.4-9.4 24.6-9.4 33.9 0l22.6 22.6c9.4 9.4 9.4 24.6 0 33.9l-136 136c-9.2 9.4-24.4 9.4-33.8 0z\"><\/path><\/svg><\/span>\n\t\t\t\t\t\t\t\t<span class=\"elementor-toggle-icon-opened\"><svg class=\"elementor-toggle-icon-opened e-font-icon-svg e-fas-angle-up\" viewBox=\"0 0 320 512\" xmlns=\"http:\/\/www.w3.org\/2000\/svg\"><path d=\"M177 159.7l136 136c9.4 9.4 9.4 24.6 0 33.9l-22.6 22.6c-9.4 9.4-24.6 9.4-33.9 0L160 255.9l-96.4 96.4c-9.4 9.4-24.6 9.4-33.9 0L7 329.7c-9.4-9.4-9.4-24.6 0-33.9l136-136c9.4-9.5 24.6-9.5 34-.1z\"><\/path><\/svg><\/span>\n\t\t\t\t\t\t\t\t\t\t\t\t\t<\/span>\n\t\t\t\t\t\t\t\t\t\t\t\t<a class=\"elementor-toggle-title\" tabindex=\"0\">Est-il normal que les dents de lait tombent \u00e0 des \u00e2ges diff\u00e9rents ?<\/a>\n\t\t\t\t\t<\/h3>\n\n\t\t\t\t\t<div id=\"elementor-tab-content-1076\" class=\"elementor-tab-content elementor-clearfix\" data-tab=\"6\" role=\"region\" aria-labelledby=\"elementor-tab-title-1076\"><p>Oui, il est normal que les dents de lait tombent \u00e0 des moments diff\u00e9rents. En g\u00e9n\u00e9ral, les premi\u00e8res dents tombent entre 6 et 7 ans, mais cela peut varier en fonction de chaque enfant. <\/p>\n<\/div>\n\t\t\t\t<\/div>\n\t\t\t\t\t\t\t<div class=\"elementor-toggle-item\">\n\t\t\t\t\t<h3 id=\"elementor-tab-title-1077\" class=\"elementor-tab-title\" data-tab=\"7\" role=\"button\" aria-controls=\"elementor-tab-content-1077\" aria-expanded=\"false\">\n\t\t\t\t\t\t\t\t\t\t\t\t<span class=\"elementor-toggle-icon elementor-toggle-icon-right\" aria-hidden=\"true\">\n\t\t\t\t\t\t\t\t\t\t\t\t\t\t\t<span class=\"elementor-toggle-icon-closed\"><svg class=\"e-font-icon-svg e-fas-angle-down\" viewBox=\"0 0 320 512\" xmlns=\"http:\/\/www.w3.org\/2000\/svg\"><path d=\"M143 352.3L7 216.3c-9.4-9.4-9.4-24.6 0-33.9l22.6-22.6c9.4-9.4 24.6-9.4 33.9 0l96.4 96.4 96.4-96.4c9.4-9.4 24.6-9.4 33.9 0l22.6 22.6c9.4 9.4 9.4 24.6 0 33.9l-136 136c-9.2 9.4-24.4 9.4-33.8 0z\"><\/path><\/svg><\/span>\n\t\t\t\t\t\t\t\t<span class=\"elementor-toggle-icon-opened\"><svg class=\"elementor-toggle-icon-opened e-font-icon-svg e-fas-angle-up\" viewBox=\"0 0 320 512\" xmlns=\"http:\/\/www.w3.org\/2000\/svg\"><path d=\"M177 159.7l136 136c9.4 9.4 9.4 24.6 0 33.9l-22.6 22.6c-9.4 9.4-24.6 9.4-33.9 0L160 255.9l-96.4 96.4c-9.4 9.4-24.6 9.4-33.9 0L7 329.7c-9.4-9.4-9.4-24.6 0-33.9l136-136c9.4-9.5 24.6-9.5 34-.1z\"><\/path><\/svg><\/span>\n\t\t\t\t\t\t\t\t\t\t\t\t\t<\/span>\n\t\t\t\t\t\t\t\t\t\t\t\t<a class=\"elementor-toggle-title\" tabindex=\"0\">\u00c0 quel \u00e2ge mon enfant doit-il commencer \u00e0 utiliser du fil dentaire ?<\/a>\n\t\t\t\t\t<\/h3>\n\n\t\t\t\t\t<div id=\"elementor-tab-content-1077\" class=\"elementor-tab-content elementor-clearfix\" data-tab=\"7\" role=\"region\" aria-labelledby=\"elementor-tab-title-1077\"><p>Il est recommand\u00e9 de commencer \u00e0 utiliser le fil dentaire lorsque les dents de votre enfant sont suffisamment proches pour que le fil passe entre elles.<\/p>\n<\/div>\n\t\t\t\t<\/div>\n\t\t\t\t\t\t\t\t<\/div>\n\t\t\t\t\t\t<\/div>\n\t\t\t\t<\/div>\n\t\t\t\t<\/div>\n\t\t\t\t\t<\/div>\n\t\t\t\t<\/div>\n\t\t<div class=\"elementor-element elementor-element-2b7821c e-con-full elementor-hidden-mobile elementor-hidden-tablet e-flex e-con e-parent\" data-id=\"2b7821c\" data-element_type=\"container\" data-e-type=\"container\" data-settings=\"{&quot;background_background&quot;:&quot;classic&quot;}\">\n\t\t\t\t<\/div>\n\t\t<div class=\"elementor-element elementor-element-7d1e1cb e-flex e-con-boxed e-con e-parent\" data-id=\"7d1e1cb\" data-element_type=\"container\" data-e-type=\"container\" data-settings=\"{&quot;background_background&quot;:&quot;classic&quot;}\">\n\t\t\t\t\t<div class=\"e-con-inner\">\n\t\t<div class=\"elementor-element elementor-element-6b02a1d e-con-full e-flex e-con e-child\" data-id=\"6b02a1d\" data-element_type=\"container\" data-e-type=\"container\">\n\t\t\t\t<div class=\"elementor-element elementor-element-cfb84db elementor-position-left elementor-position-left elementor-position-top elementor-vertical-align-middle elementor-vertical-align-middle elementor-widget elementor-widget-image-box\" data-id=\"cfb84db\" data-element_type=\"widget\" data-e-type=\"widget\" data-widget_type=\"image-box.default\">\n\t\t\t\t<div class=\"elementor-widget-container\">\n\t\t\t\t\t<div class=\"elementor-image-box-wrapper\"><figure class=\"elementor-image-box-img\"><img loading=\"lazy\" decoding=\"async\" width=\"512\" height=\"512\" src=\"https:\/\/antoniomartinezclinicadental.com\/wp-content\/uploads\/2024\/11\/4100325.webp\" class=\"attachment-full size-full wp-image-13618\" alt=\"\" srcset=\"https:\/\/antoniomartinezclinicadental.com\/wp-content\/uploads\/2024\/11\/4100325.webp 512w, https:\/\/antoniomartinezclinicadental.com\/wp-content\/uploads\/2024\/11\/4100325-300x300.webp 300w, https:\/\/antoniomartinezclinicadental.com\/wp-content\/uploads\/2024\/11\/4100325-150x150.webp 150w\" sizes=\"(max-width: 512px) 100vw, 512px\" \/><\/figure><div class=\"elementor-image-box-content\"><h5 class=\"elementor-image-box-title\">EXP\u00c9RIENCE<\/h5><p class=\"elementor-image-box-description\">Nous proposons des traitements de dentisterie p\u00e9diatrique faisant appel \u00e0 une technologie de pointe, offrant des solutions s\u00fbres, fonctionnelles et esth\u00e9tiques pour restaurer votre sourire.<\/p><\/div><\/div>\t\t\t\t<\/div>\n\t\t\t\t<\/div>\n\t\t\t\t<div class=\"elementor-element elementor-element-be68943 elementor-position-left elementor-position-left elementor-position-top elementor-vertical-align-middle elementor-vertical-align-middle elementor-widget elementor-widget-image-box\" data-id=\"be68943\" data-element_type=\"widget\" data-e-type=\"widget\" data-widget_type=\"image-box.default\">\n\t\t\t\t<div class=\"elementor-widget-container\">\n\t\t\t\t\t<div class=\"elementor-image-box-wrapper\"><figure class=\"elementor-image-box-img\"><img loading=\"lazy\" decoding=\"async\" width=\"225\" height=\"225\" src=\"https:\/\/antoniomartinezclinicadental.com\/wp-content\/uploads\/2024\/11\/descarga-removebg-preview.webp\" class=\"attachment-full size-full wp-image-13619\" alt=\"\" srcset=\"https:\/\/antoniomartinezclinicadental.com\/wp-content\/uploads\/2024\/11\/descarga-removebg-preview.webp 225w, https:\/\/antoniomartinezclinicadental.com\/wp-content\/uploads\/2024\/11\/descarga-removebg-preview-150x150.webp 150w\" sizes=\"(max-width: 225px) 100vw, 225px\" \/><\/figure><div class=\"elementor-image-box-content\"><h5 class=\"elementor-image-box-title\">M\u00c9DECINS QUALIFI\u00c9S<\/h5><p class=\"elementor-image-box-description\">Nous disposons d'une \u00e9quipe de sp\u00e9cialistes en dentisterie p\u00e9diatrique qui s'engagent \u00e0 fournir des traitements s\u00fbrs, pr\u00e9cis et de haute qualit\u00e9 pour restaurer votre sourire.<\/p><\/div><\/div>\t\t\t\t<\/div>\n\t\t\t\t<\/div>\n\t\t\t\t<div class=\"elementor-element elementor-element-4db5f27 elementor-position-left elementor-position-left elementor-position-top elementor-vertical-align-middle elementor-vertical-align-middle elementor-widget elementor-widget-image-box\" data-id=\"4db5f27\" data-element_type=\"widget\" data-e-type=\"widget\" data-widget_type=\"image-box.default\">\n\t\t\t\t<div class=\"elementor-widget-container\">\n\t\t\t\t\t<div class=\"elementor-image-box-wrapper\"><figure class=\"elementor-image-box-img\"><img loading=\"lazy\" decoding=\"async\" width=\"556\" height=\"449\" src=\"https:\/\/antoniomartinezclinicadental.com\/wp-content\/uploads\/2024\/11\/png-clipart-dentistry-computer-icons-fluoride-technology-angle-electronics-removebg-preview.webp\" class=\"attachment-full size-full wp-image-13620\" alt=\"\" srcset=\"https:\/\/antoniomartinezclinicadental.com\/wp-content\/uploads\/2024\/11\/png-clipart-dentistry-computer-icons-fluoride-technology-angle-electronics-removebg-preview.webp 556w, https:\/\/antoniomartinezclinicadental.com\/wp-content\/uploads\/2024\/11\/png-clipart-dentistry-computer-icons-fluoride-technology-angle-electronics-removebg-preview-300x242.webp 300w\" sizes=\"(max-width: 556px) 100vw, 556px\" \/><\/figure><div class=\"elementor-image-box-content\"><h5 class=\"elementor-image-box-title\">LES DERNI\u00c8RES TECHNOLOGIES DENTAIRES<\/h5><p class=\"elementor-image-box-description\">Nous disposons des derni\u00e8res technologies et techniques avanc\u00e9es qui nous permettent d'am\u00e9liorer les r\u00e9sultats et de raccourcir les traitements.<\/p><\/div><\/div>\t\t\t\t<\/div>\n\t\t\t\t<\/div>\n\t\t\t\t<div class=\"elementor-element elementor-element-9e50b4d elementor-position-left elementor-position-left elementor-position-top elementor-vertical-align-middle elementor-vertical-align-middle elementor-widget elementor-widget-image-box\" data-id=\"9e50b4d\" data-element_type=\"widget\" data-e-type=\"widget\" data-widget_type=\"image-box.default\">\n\t\t\t\t<div class=\"elementor-widget-container\">\n\t\t\t\t\t<div class=\"elementor-image-box-wrapper\"><figure class=\"elementor-image-box-img\"><img loading=\"lazy\" decoding=\"async\" width=\"500\" height=\"500\" src=\"https:\/\/antoniomartinezclinicadental.com\/wp-content\/uploads\/2024\/11\/icono-del-reloj-133485155-removebg-preview.webp\" class=\"attachment-full size-full wp-image-13621\" alt=\"\" srcset=\"https:\/\/antoniomartinezclinicadental.com\/wp-content\/uploads\/2024\/11\/icono-del-reloj-133485155-removebg-preview.webp 500w, https:\/\/antoniomartinezclinicadental.com\/wp-content\/uploads\/2024\/11\/icono-del-reloj-133485155-removebg-preview-300x300.webp 300w, https:\/\/antoniomartinezclinicadental.com\/wp-content\/uploads\/2024\/11\/icono-del-reloj-133485155-removebg-preview-150x150.webp 150w\" sizes=\"(max-width: 500px) 100vw, 500px\" \/><\/figure><div class=\"elementor-image-box-content\"><h5 class=\"elementor-image-box-title\">HORAIRES<\/h5><p class=\"elementor-image-box-description\">La Cl\u00ednica Dental Antonio Mart\u00ednez est ouverte du <b>lundi au vendredi de 9h00 \u00e0 13h00 et de 16h00 \u00e0 20h00<\/b>.<\/p><\/div><\/div>\t\t\t\t<\/div>\n\t\t\t\t<\/div>\n\t\t\t\t<\/div>\n\t\t<div class=\"elementor-element elementor-element-d64c5c0 e-con-full elementor-hidden-tablet elementor-hidden-mobile e-flex e-con e-child\" data-id=\"d64c5c0\" data-element_type=\"container\" data-e-type=\"container\" data-settings=\"{&quot;background_background&quot;:&quot;classic&quot;}\">\n\t\t\t\t<div class=\"elementor-element elementor-element-81e6259 elementor-widget elementor-widget-spacer\" data-id=\"81e6259\" data-element_type=\"widget\" data-e-type=\"widget\" data-widget_type=\"spacer.default\">\n\t\t\t\t<div class=\"elementor-widget-container\">\n\t\t\t\t\t\t\t<div class=\"elementor-spacer\">\n\t\t\t<div class=\"elementor-spacer-inner\"><\/div>\n\t\t<\/div>\n\t\t\t\t\t\t<\/div>\n\t\t\t\t<\/div>\n\t\t\t\t<\/div>\n\t\t\t\t\t<\/div>\n\t\t\t\t<\/div>\n\t\t<div class=\"elementor-element elementor-element-2e4834e e-con-full e-flex e-con e-parent\" data-id=\"2e4834e\" data-element_type=\"container\" data-e-type=\"container\" data-settings=\"{&quot;background_background&quot;:&quot;classic&quot;}\">\n\t\t<div class=\"elementor-element elementor-element-e55eab3 e-con-full e-flex e-con e-child\" data-id=\"e55eab3\" data-element_type=\"container\" data-e-type=\"container\">\n\t\t\t\t<div class=\"elementor-element elementor-element-381a6fe elementor-widget-tablet_extra__width-inherit elementor-widget__width-inherit elementor-widget elementor-widget-text-editor\" data-id=\"381a6fe\" data-element_type=\"widget\" data-e-type=\"widget\" data-widget_type=\"text-editor.default\">\n\t\t\t\t<div class=\"elementor-widget-container\">\n\t\t\t\t\t\t\t\t\t<div><h2 style=\"font-family: Raleway, sans-serif; font-weight: 300; color: #1a3d4d;\">Prenez rendez-vous avec nous<\/h2><\/div>\t\t\t\t\t\t\t\t<\/div>\n\t\t\t\t<\/div>\n\t\t<div class=\"elementor-element elementor-element-9cee908 e-con-full e-grid e-con e-child\" data-id=\"9cee908\" data-element_type=\"container\" data-e-type=\"container\">\n\t\t\t\t<div class=\"elementor-element elementor-element-893bde5 elementor-align-right elementor-widget__width-initial elementor-mobile-align-center elementor-widget-tablet_extra__width-inherit elementor-tablet-align-right elementor-widget elementor-widget-button\" data-id=\"893bde5\" data-element_type=\"widget\" data-e-type=\"widget\" data-widget_type=\"button.default\">\n\t\t\t\t<div class=\"elementor-widget-container\">\n\t\t\t\t\t\t\t\t\t<div class=\"elementor-button-wrapper\">\n\t\t\t\t\t<a class=\"elementor-button elementor-button-link elementor-size-sm\" href=\"https:\/\/antoniomartinezclinicadental.com\/fr\/contact\/\">\n\t\t\t\t\t\t<span class=\"elementor-button-content-wrapper\">\n\t\t\t\t\t\t<span class=\"elementor-button-icon\">\n\t\t\t\t<svg aria-hidden=\"true\" class=\"e-font-icon-svg e-far-address-book\" viewBox=\"0 0 448 512\" xmlns=\"http:\/\/www.w3.org\/2000\/svg\"><path d=\"M436 160c6.6 0 12-5.4 12-12v-40c0-6.6-5.4-12-12-12h-20V48c0-26.5-21.5-48-48-48H48C21.5 0 0 21.5 0 48v416c0 26.5 21.5 48 48 48h320c26.5 0 48-21.5 48-48v-48h20c6.6 0 12-5.4 12-12v-40c0-6.6-5.4-12-12-12h-20v-64h20c6.6 0 12-5.4 12-12v-40c0-6.6-5.4-12-12-12h-20v-64h20zm-68 304H48V48h320v416zM208 256c35.3 0 64-28.7 64-64s-28.7-64-64-64-64 28.7-64 64 28.7 64 64 64zm-89.6 128h179.2c12.4 0 22.4-8.6 22.4-19.2v-19.2c0-31.8-30.1-57.6-67.2-57.6-10.8 0-18.7 8-44.8 8-26.9 0-33.4-8-44.8-8-37.1 0-67.2 25.8-67.2 57.6v19.2c0 10.6 10 19.2 22.4 19.2z\"><\/path><\/svg>\t\t\t<\/span>\n\t\t\t\t\t\t\t\t\t<span class=\"elementor-button-text\">Contact<\/span>\n\t\t\t\t\t<\/span>\n\t\t\t\t\t<\/a>\n\t\t\t\t<\/div>\n\t\t\t\t\t\t\t\t<\/div>\n\t\t\t\t<\/div>\n\t\t\t\t<div class=\"elementor-element elementor-element-361bf24 elementor-align-left elementor-widget__width-initial elementor-tablet_extra-align-left elementor-mobile-align-center elementor-widget-tablet_extra__width-inherit elementor-tablet-align-left elementor-widget elementor-widget-button\" data-id=\"361bf24\" data-element_type=\"widget\" data-e-type=\"widget\" data-widget_type=\"button.default\">\n\t\t\t\t<div class=\"elementor-widget-container\">\n\t\t\t\t\t\t\t\t\t<div class=\"elementor-button-wrapper\">\n\t\t\t\t\t<a class=\"elementor-button elementor-button-link elementor-size-sm\" href=\"tel:+34692978801\">\n\t\t\t\t\t\t<span class=\"elementor-button-content-wrapper\">\n\t\t\t\t\t\t<span class=\"elementor-button-icon\">\n\t\t\t\t<svg aria-hidden=\"true\" class=\"e-font-icon-svg e-fas-phone-volume\" viewBox=\"0 0 384 512\" xmlns=\"http:\/\/www.w3.org\/2000\/svg\"><path d=\"M97.333 506.966c-129.874-129.874-129.681-340.252 0-469.933 5.698-5.698 14.527-6.632 21.263-2.422l64.817 40.513a17.187 17.187 0 0 1 6.849 20.958l-32.408 81.021a17.188 17.188 0 0 1-17.669 10.719l-55.81-5.58c-21.051 58.261-20.612 122.471 0 179.515l55.811-5.581a17.188 17.188 0 0 1 17.669 10.719l32.408 81.022a17.188 17.188 0 0 1-6.849 20.958l-64.817 40.513a17.19 17.19 0 0 1-21.264-2.422zM247.126 95.473c11.832 20.047 11.832 45.008 0 65.055-3.95 6.693-13.108 7.959-18.718 2.581l-5.975-5.726c-3.911-3.748-4.793-9.622-2.261-14.41a32.063 32.063 0 0 0 0-29.945c-2.533-4.788-1.65-10.662 2.261-14.41l5.975-5.726c5.61-5.378 14.768-4.112 18.718 2.581zm91.787-91.187c60.14 71.604 60.092 175.882 0 247.428-4.474 5.327-12.53 5.746-17.552.933l-5.798-5.557c-4.56-4.371-4.977-11.529-.93-16.379 49.687-59.538 49.646-145.933 0-205.422-4.047-4.85-3.631-12.008.93-16.379l5.798-5.557c5.022-4.813 13.078-4.394 17.552.933zm-45.972 44.941c36.05 46.322 36.108 111.149 0 157.546-4.39 5.641-12.697 6.251-17.856 1.304l-5.818-5.579c-4.4-4.219-4.998-11.095-1.285-15.931 26.536-34.564 26.534-82.572 0-117.134-3.713-4.836-3.115-11.711 1.285-15.931l5.818-5.579c5.159-4.947 13.466-4.337 17.856 1.304z\"><\/path><\/svg>\t\t\t<\/span>\n\t\t\t\t\t\t\t\t\t<span class=\"elementor-button-text\">Appeler<\/span>\n\t\t\t\t\t<\/span>\n\t\t\t\t\t<\/a>\n\t\t\t\t<\/div>\n\t\t\t\t\t\t\t\t<\/div>\n\t\t\t\t<\/div>\n\t\t\t\t<\/div>\n\t\t\t\t<\/div>\n\t\t\t\t<\/div>\n\t\t<div class=\"elementor-element elementor-element-49ef565 e-grid e-con-boxed e-con e-parent\" data-id=\"49ef565\" data-element_type=\"container\" data-e-type=\"container\" data-settings=\"{&quot;background_background&quot;:&quot;classic&quot;}\">\n\t\t\t\t\t<div class=\"e-con-inner\">\n\t\t\t\t<div class=\"elementor-element elementor-element-4a43d97 elementor-align-center elementor-widget__width-initial elementor-mobile-align-center elementor-hidden-desktop elementor-widget-tablet__width-initial elementor-widget-tablet_extra__width-inherit elementor-widget elementor-widget-button\" data-id=\"4a43d97\" data-element_type=\"widget\" data-e-type=\"widget\" data-widget_type=\"button.default\">\n\t\t\t\t<div class=\"elementor-widget-container\">\n\t\t\t\t\t\t\t\t\t<div class=\"elementor-button-wrapper\">\n\t\t\t\t\t<a class=\"elementor-button elementor-button-link elementor-size-sm\" href=\"https:\/\/maps.app.goo.gl\/DxnKhzUbq5vmMX4Z8\" target=\"_blank\">\n\t\t\t\t\t\t<span class=\"elementor-button-content-wrapper\">\n\t\t\t\t\t\t<span class=\"elementor-button-icon\">\n\t\t\t\t<svg aria-hidden=\"true\" class=\"e-font-icon-svg e-fas-map-marker-alt\" viewBox=\"0 0 384 512\" xmlns=\"http:\/\/www.w3.org\/2000\/svg\"><path d=\"M172.268 501.67C26.97 291.031 0 269.413 0 192 0 85.961 85.961 0 192 0s192 85.961 192 192c0 77.413-26.97 99.031-172.268 309.67-9.535 13.774-29.93 13.773-39.464 0zM192 272c44.183 0 80-35.817 80-80s-35.817-80-80-80-80 35.817-80 80 35.817 80 80 80z\"><\/path><\/svg>\t\t\t<\/span>\n\t\t\t\t\t\t\t\t\t<span class=\"elementor-button-text\">Comment s'y rendre<\/span>\n\t\t\t\t\t<\/span>\n\t\t\t\t\t<\/a>\n\t\t\t\t<\/div>\n\t\t\t\t\t\t\t\t<\/div>\n\t\t\t\t<\/div>\n\t\t\t\t<div class=\"elementor-element elementor-element-586346b elementor-widget elementor-widget-google_maps\" data-id=\"586346b\" data-element_type=\"widget\" data-e-type=\"widget\" data-widget_type=\"google_maps.default\">\n\t\t\t\t<div class=\"elementor-widget-container\">\n\t\t\t\t\t\t\t<div class=\"elementor-custom-embed\">\n\t\t\t<iframe loading=\"lazy\"\n\t\t\t\t\tsrc=\"https:\/\/maps.google.com\/maps?q=Clinica%20Dental%20Antonio%20Martinez%2C%20C.%20Cam.%20de%20M%C3%A1laga%2C%209%2C%2029700%20V%C3%A9lez-M%C3%A1laga%2C%20M%C3%A1laga&#038;t=m&#038;z=10&#038;output=embed&#038;iwloc=near\"\n\t\t\t\t\ttitle=\"Clinica Dental Antonio Martinez, C. Cam. de M\u00e1laga, 9, 29700 V\u00e9lez-M\u00e1laga, M\u00e1laga\"\n\t\t\t\t\taria-label=\"Clinica Dental Antonio Martinez, C. Cam. de M\u00e1laga, 9, 29700 V\u00e9lez-M\u00e1laga, M\u00e1laga\"\n\t\t\t><\/iframe>\n\t\t<\/div>\n\t\t\t\t\t\t<\/div>\n\t\t\t\t<\/div>\n\t\t\t\t\t<\/div>\n\t\t\t\t<\/div>\n\t\t<div class=\"elementor-element elementor-element-7076003 e-flex e-con-boxed e-con e-parent\" data-id=\"7076003\" data-element_type=\"container\" data-e-type=\"container\" data-settings=\"{&quot;background_background&quot;:&quot;classic&quot;}\">\n\t\t\t\t\t<div class=\"e-con-inner\">\n\t\t\t\t<div class=\"elementor-element elementor-element-061553e elementor-widget-tablet__width-inherit elementor-widget elementor-widget-text-editor\" data-id=\"061553e\" data-element_type=\"widget\" data-e-type=\"widget\" data-widget_type=\"text-editor.default\">\n\t\t\t\t<div class=\"elementor-widget-container\">\n\t\t\t\t\t\t\t\t\t<div style=\"color: #1a3d4d; font-family: Raleway, sans-serif;\"><div class=\"flex-shrink-0 flex flex-col relative items-end\"><div><div class=\"pt-0\"><h2 class=\"gizmo-bot-avatar flex h-8 w-8 items-center justify-center overflow-hidden rounded-full\"><strong>Dentisterie p\u00e9diatrique \u00e0 Velez-Malaga : Des solutions de qualit\u00e9 avec les meilleures marques<\/strong><\/h2><\/div><\/div><\/div><p>Dans notre clinique dentaire, experte en <strong>dentisterie p\u00e9diatrique \u00e0 Velez-Malaga<\/strong>, nous vous proposons des solutions durables et de qualit\u00e9 pour restaurer votre sourire. Nous travaillons avec les meilleures marques, garantissant s\u00e9curit\u00e9, efficacit\u00e9 et r\u00e9sultats naturels. Notre \u00e9quipe vous conseillera avec un plan personnalis\u00e9 adapt\u00e9 \u00e0 vos besoins. Rendez-nous visite pour une \u00e9valuation gratuite !   <\/p><\/div>\t\t\t\t\t\t\t\t<\/div>\n\t\t\t\t<\/div>\n\t\t\t\t\t<\/div>\n\t\t\t\t<\/div>\n\t\t<div class=\"elementor-element elementor-element-60f696f e-grid e-con-boxed e-con e-parent\" data-id=\"60f696f\" data-element_type=\"container\" data-e-type=\"container\" data-settings=\"{&quot;background_background&quot;:&quot;classic&quot;}\">\n\t\t\t\t\t<div class=\"e-con-inner\">\n\t\t\t\t<div class=\"elementor-element elementor-element-465f4fa elementor-widget elementor-widget-image\" data-id=\"465f4fa\" data-element_type=\"widget\" data-e-type=\"widget\" data-widget_type=\"image.default\">\n\t\t\t\t<div class=\"elementor-widget-container\">\n\t\t\t\t\t\t\t\t\t\t\t\t\t\t\t\t<a href=\"https:\/\/www.ivoclar.com\/es_es\" target=\"_blank\">\n\t\t\t\t\t\t\t<img loading=\"lazy\" decoding=\"async\" width=\"611\" height=\"408\" src=\"https:\/\/antoniomartinezclinicadental.com\/wp-content\/uploads\/2025\/01\/ivoclar.webp\" class=\"attachment-large size-large wp-image-14089\" alt=\"\" srcset=\"https:\/\/antoniomartinezclinicadental.com\/wp-content\/uploads\/2025\/01\/ivoclar.webp 611w, https:\/\/antoniomartinezclinicadental.com\/wp-content\/uploads\/2025\/01\/ivoclar-300x200.webp 300w\" sizes=\"(max-width: 611px) 100vw, 611px\" \/>\t\t\t\t\t\t\t\t<\/a>\n\t\t\t\t\t\t\t\t\t\t\t\t\t\t\t<\/div>\n\t\t\t\t<\/div>\n\t\t\t\t<div class=\"elementor-element elementor-element-00080d4 elementor-widget elementor-widget-image\" data-id=\"00080d4\" data-element_type=\"widget\" data-e-type=\"widget\" data-widget_type=\"image.default\">\n\t\t\t\t<div class=\"elementor-widget-container\">\n\t\t\t\t\t\t\t\t\t\t\t\t\t\t\t\t<a href=\"https:\/\/ratonperez.com\/\" target=\"_blank\">\n\t\t\t\t\t\t\t<img loading=\"lazy\" decoding=\"async\" width=\"458\" height=\"545\" src=\"https:\/\/antoniomartinezclinicadental.com\/wp-content\/uploads\/2025\/01\/ratonperez.webp\" class=\"attachment-large size-large wp-image-14288\" alt=\"\" srcset=\"https:\/\/antoniomartinezclinicadental.com\/wp-content\/uploads\/2025\/01\/ratonperez.webp 458w, https:\/\/antoniomartinezclinicadental.com\/wp-content\/uploads\/2025\/01\/ratonperez-252x300.webp 252w\" sizes=\"(max-width: 458px) 100vw, 458px\" \/>\t\t\t\t\t\t\t\t<\/a>\n\t\t\t\t\t\t\t\t\t\t\t\t\t\t\t<\/div>\n\t\t\t\t<\/div>\n\t\t\t\t<div class=\"elementor-element elementor-element-e0776f8 elementor-widget elementor-widget-image\" data-id=\"e0776f8\" data-element_type=\"widget\" data-e-type=\"widget\" data-widget_type=\"image.default\">\n\t\t\t\t<div class=\"elementor-widget-container\">\n\t\t\t\t\t\t\t\t\t\t\t\t\t\t\t\t<a href=\"https:\/\/www.americanortho.com\/\" target=\"_blank\">\n\t\t\t\t\t\t\t<img loading=\"lazy\" decoding=\"async\" width=\"500\" height=\"500\" src=\"https:\/\/antoniomartinezclinicadental.com\/wp-content\/uploads\/2025\/01\/american-orthodontics.webp\" class=\"attachment-large size-large wp-image-14055\" alt=\"\" srcset=\"https:\/\/antoniomartinezclinicadental.com\/wp-content\/uploads\/2025\/01\/american-orthodontics.webp 500w, https:\/\/antoniomartinezclinicadental.com\/wp-content\/uploads\/2025\/01\/american-orthodontics-300x300.webp 300w, https:\/\/antoniomartinezclinicadental.com\/wp-content\/uploads\/2025\/01\/american-orthodontics-150x150.webp 150w\" sizes=\"(max-width: 500px) 100vw, 500px\" \/>\t\t\t\t\t\t\t\t<\/a>\n\t\t\t\t\t\t\t\t\t\t\t\t\t\t\t<\/div>\n\t\t\t\t<\/div>\n\t\t\t\t\t<\/div>\n\t\t\t\t<\/div>\n\t\t\t\t<\/div>\n\t\t","protected":false},"excerpt":{"rendered":"<p>Clinique dentaire experte en dentisterie p\u00e9diatrique \u00e0 Velez-Malaga et Torre del Mar. Nous prenons soin de la sant\u00e9 bucco-dentaire des plus petits. Dentisterie p\u00e9diatrique \u00e0 V\u00e9lez-M\u00e1laga et Torre del Mar Dr. Celia Marfil Expert en th\u00e9rapeutique dentaire Prenez rendez-vous avec nous Contact Appeler Qu&rsquo;est-ce que l&rsquo;odontologie p\u00e9diatrique ? L&rsquo;odontologie p\u00e9diatrique est la sp\u00e9cialit\u00e9 dentaire qui [&hellip;]<\/p>\n","protected":false},"author":1,"featured_media":14312,"parent":0,"menu_order":0,"comment_status":"closed","ping_status":"closed","template":"","meta":{"footnotes":""},"class_list":["post-14287","page","type-page","status-publish","has-post-thumbnail","hentry"],"yoast_head":"<!-- This site is optimized with the Yoast SEO plugin v27.4 - https:\/\/yoast.com\/product\/yoast-seo-wordpress\/ -->\n<title>Dentisterie p\u00e9diatrique \u00e0 V\u00e9lez-M\u00e1laga || Cl\u00ednica Antonio Mart\u00ednez \ud83e\uddb7<\/title>\n<meta name=\"description\" content=\"Dentiste expert en dentisterie p\u00e9diatrique \u00e0 Velez-Malaga et Torre del Mar. Demandez votre \u00e9valuation personnalis\u00e9e gratuite et prenez rendez-vous d\u00e8s aujourd&#039;hui !\" \/>\n<meta name=\"robots\" content=\"index, follow, max-snippet:-1, max-image-preview:large, max-video-preview:-1\" \/>\n<link rel=\"canonical\" href=\"https:\/\/antoniomartinezclinicadental.com\/fr\/dentisterie-pediatrique\/\" \/>\n<meta property=\"og:locale\" content=\"fr_FR\" \/>\n<meta property=\"og:type\" content=\"article\" \/>\n<meta property=\"og:title\" content=\"Dentisterie p\u00e9diatrique \u00e0 V\u00e9lez-M\u00e1laga || Cl\u00ednica Antonio Mart\u00ednez \ud83e\uddb7\" \/>\n<meta property=\"og:description\" content=\"Dentiste expert en dentisterie p\u00e9diatrique \u00e0 Velez-Malaga et Torre del Mar. Demandez votre \u00e9valuation personnalis\u00e9e gratuite et prenez rendez-vous d\u00e8s aujourd&#039;hui !\" \/>\n<meta property=\"og:url\" content=\"https:\/\/antoniomartinezclinicadental.com\/fr\/dentisterie-pediatrique\/\" \/>\n<meta property=\"og:site_name\" content=\"Antonio Martinez Cl\u00ednica Dental\" \/>\n<meta property=\"article:publisher\" content=\"https:\/\/www.facebook.com\/p\/Clinica-Dental-Antonio-Martinez-100066372022427\/?locale=es_ES\" \/>\n<meta property=\"article:modified_time\" content=\"2025-11-24T10:01:18+00:00\" \/>\n<meta property=\"og:image\" content=\"https:\/\/antoniomartinezclinicadental.com\/wp-content\/uploads\/2025\/09\/DSC1303-Editar.jpg\" \/>\n\t<meta property=\"og:image:width\" content=\"1500\" \/>\n\t<meta property=\"og:image:height\" content=\"1000\" \/>\n\t<meta property=\"og:image:type\" content=\"image\/jpeg\" \/>\n<meta name=\"twitter:card\" content=\"summary_large_image\" \/>\n<meta name=\"twitter:label1\" content=\"Dur\u00e9e de lecture estim\u00e9e\" \/>\n\t<meta name=\"twitter:data1\" content=\"7 minutes\" \/>\n<script type=\"application\/ld+json\" class=\"yoast-schema-graph\">{\"@context\":\"https:\\\/\\\/schema.org\",\"@graph\":[{\"@type\":\"WebPage\",\"@id\":\"https:\\\/\\\/antoniomartinezclinicadental.com\\\/fr\\\/dentisterie-pediatrique\\\/\",\"url\":\"https:\\\/\\\/antoniomartinezclinicadental.com\\\/fr\\\/dentisterie-pediatrique\\\/\",\"name\":\"Dentisterie p\u00e9diatrique \u00e0 V\u00e9lez-M\u00e1laga || Cl\u00ednica Antonio Mart\u00ednez \ud83e\uddb7\",\"isPartOf\":{\"@id\":\"https:\\\/\\\/antoniomartinezclinicadental.com\\\/fr\\\/#website\"},\"primaryImageOfPage\":{\"@id\":\"https:\\\/\\\/antoniomartinezclinicadental.com\\\/fr\\\/dentisterie-pediatrique\\\/#primaryimage\"},\"image\":{\"@id\":\"https:\\\/\\\/antoniomartinezclinicadental.com\\\/fr\\\/dentisterie-pediatrique\\\/#primaryimage\"},\"thumbnailUrl\":\"https:\\\/\\\/antoniomartinezclinicadental.com\\\/wp-content\\\/uploads\\\/2025\\\/09\\\/DSC1303-Editar.jpg\",\"datePublished\":\"2024-11-22T11:39:38+00:00\",\"dateModified\":\"2025-11-24T10:01:18+00:00\",\"description\":\"Dentiste expert en dentisterie p\u00e9diatrique \u00e0 Velez-Malaga et Torre del Mar. Demandez votre \u00e9valuation personnalis\u00e9e gratuite et prenez rendez-vous d\u00e8s aujourd'hui !\",\"breadcrumb\":{\"@id\":\"https:\\\/\\\/antoniomartinezclinicadental.com\\\/fr\\\/dentisterie-pediatrique\\\/#breadcrumb\"},\"inLanguage\":\"fr-FR\",\"potentialAction\":[{\"@type\":\"ReadAction\",\"target\":[\"https:\\\/\\\/antoniomartinezclinicadental.com\\\/fr\\\/dentisterie-pediatrique\\\/\"]}]},{\"@type\":\"ImageObject\",\"inLanguage\":\"fr-FR\",\"@id\":\"https:\\\/\\\/antoniomartinezclinicadental.com\\\/fr\\\/dentisterie-pediatrique\\\/#primaryimage\",\"url\":\"https:\\\/\\\/antoniomartinezclinicadental.com\\\/wp-content\\\/uploads\\\/2025\\\/09\\\/DSC1303-Editar.jpg\",\"contentUrl\":\"https:\\\/\\\/antoniomartinezclinicadental.com\\\/wp-content\\\/uploads\\\/2025\\\/09\\\/DSC1303-Editar.jpg\",\"width\":1500,\"height\":1000,\"caption\":\"Clinica Dental Antonio Mart\u00ednez V\u00e9lez-M\u00e1laga\"},{\"@type\":\"BreadcrumbList\",\"@id\":\"https:\\\/\\\/antoniomartinezclinicadental.com\\\/fr\\\/dentisterie-pediatrique\\\/#breadcrumb\",\"itemListElement\":[{\"@type\":\"ListItem\",\"position\":1,\"name\":\"Home\",\"item\":\"https:\\\/\\\/antoniomartinezclinicadental.com\\\/fr\\\/\"},{\"@type\":\"ListItem\",\"position\":2,\"name\":\"Dentisterie p\u00e9diatrique\"}]},{\"@type\":\"WebSite\",\"@id\":\"https:\\\/\\\/antoniomartinezclinicadental.com\\\/fr\\\/#website\",\"url\":\"https:\\\/\\\/antoniomartinezclinicadental.com\\\/fr\\\/\",\"name\":\"Antonio Martinez Cl\u00ednica Dental\",\"description\":\"Dentista en V\u00e9lez-M\u00e1laga\",\"publisher\":{\"@id\":\"https:\\\/\\\/antoniomartinezclinicadental.com\\\/fr\\\/#organization\"},\"potentialAction\":[{\"@type\":\"SearchAction\",\"target\":{\"@type\":\"EntryPoint\",\"urlTemplate\":\"https:\\\/\\\/antoniomartinezclinicadental.com\\\/fr\\\/?s={search_term_string}\"},\"query-input\":{\"@type\":\"PropertyValueSpecification\",\"valueRequired\":true,\"valueName\":\"search_term_string\"}}],\"inLanguage\":\"fr-FR\"},{\"@type\":\"Organization\",\"@id\":\"https:\\\/\\\/antoniomartinezclinicadental.com\\\/fr\\\/#organization\",\"name\":\"Antonio Martinez Cl\u00ednica Dental\",\"url\":\"https:\\\/\\\/antoniomartinezclinicadental.com\\\/fr\\\/\",\"logo\":{\"@type\":\"ImageObject\",\"inLanguage\":\"fr-FR\",\"@id\":\"https:\\\/\\\/antoniomartinezclinicadental.com\\\/fr\\\/#\\\/schema\\\/logo\\\/image\\\/\",\"url\":\"https:\\\/\\\/antoniomartinezclinicadental.com\\\/wp-content\\\/uploads\\\/2025\\\/02\\\/logosinfondo.webp\",\"contentUrl\":\"https:\\\/\\\/antoniomartinezclinicadental.com\\\/wp-content\\\/uploads\\\/2025\\\/02\\\/logosinfondo.webp\",\"width\":533,\"height\":69,\"caption\":\"Antonio Martinez Cl\u00ednica Dental\"},\"image\":{\"@id\":\"https:\\\/\\\/antoniomartinezclinicadental.com\\\/fr\\\/#\\\/schema\\\/logo\\\/image\\\/\"},\"sameAs\":[\"https:\\\/\\\/www.facebook.com\\\/p\\\/Clinica-Dental-Antonio-Martinez-100066372022427\\\/?locale=es_ES\",\"https:\\\/\\\/www.instagram.com\\\/antoniomartinezclinicadental\\\/?igsh=MTI2OGtxaDhweHJnbA#\"]}]}<\/script>\n<!-- \/ Yoast SEO plugin. -->","yoast_head_json":{"title":"Dentisterie p\u00e9diatrique \u00e0 V\u00e9lez-M\u00e1laga || Cl\u00ednica Antonio Mart\u00ednez \ud83e\uddb7","description":"Dentiste expert en dentisterie p\u00e9diatrique \u00e0 Velez-Malaga et Torre del Mar. Demandez votre \u00e9valuation personnalis\u00e9e gratuite et prenez rendez-vous d\u00e8s aujourd'hui !","robots":{"index":"index","follow":"follow","max-snippet":"max-snippet:-1","max-image-preview":"max-image-preview:large","max-video-preview":"max-video-preview:-1"},"canonical":"https:\/\/antoniomartinezclinicadental.com\/fr\/dentisterie-pediatrique\/","og_locale":"fr_FR","og_type":"article","og_title":"Dentisterie p\u00e9diatrique \u00e0 V\u00e9lez-M\u00e1laga || Cl\u00ednica Antonio Mart\u00ednez \ud83e\uddb7","og_description":"Dentiste expert en dentisterie p\u00e9diatrique \u00e0 Velez-Malaga et Torre del Mar. Demandez votre \u00e9valuation personnalis\u00e9e gratuite et prenez rendez-vous d\u00e8s aujourd'hui !","og_url":"https:\/\/antoniomartinezclinicadental.com\/fr\/dentisterie-pediatrique\/","og_site_name":"Antonio Martinez Cl\u00ednica Dental","article_publisher":"https:\/\/www.facebook.com\/p\/Clinica-Dental-Antonio-Martinez-100066372022427\/?locale=es_ES","article_modified_time":"2025-11-24T10:01:18+00:00","og_image":[{"width":1500,"height":1000,"url":"https:\/\/antoniomartinezclinicadental.com\/wp-content\/uploads\/2025\/09\/DSC1303-Editar.jpg","type":"image\/jpeg"}],"twitter_card":"summary_large_image","twitter_misc":{"Dur\u00e9e de lecture estim\u00e9e":"7 minutes"},"schema":{"@context":"https:\/\/schema.org","@graph":[{"@type":"WebPage","@id":"https:\/\/antoniomartinezclinicadental.com\/fr\/dentisterie-pediatrique\/","url":"https:\/\/antoniomartinezclinicadental.com\/fr\/dentisterie-pediatrique\/","name":"Dentisterie p\u00e9diatrique \u00e0 V\u00e9lez-M\u00e1laga || Cl\u00ednica Antonio Mart\u00ednez \ud83e\uddb7","isPartOf":{"@id":"https:\/\/antoniomartinezclinicadental.com\/fr\/#website"},"primaryImageOfPage":{"@id":"https:\/\/antoniomartinezclinicadental.com\/fr\/dentisterie-pediatrique\/#primaryimage"},"image":{"@id":"https:\/\/antoniomartinezclinicadental.com\/fr\/dentisterie-pediatrique\/#primaryimage"},"thumbnailUrl":"https:\/\/antoniomartinezclinicadental.com\/wp-content\/uploads\/2025\/09\/DSC1303-Editar.jpg","datePublished":"2024-11-22T11:39:38+00:00","dateModified":"2025-11-24T10:01:18+00:00","description":"Dentiste expert en dentisterie p\u00e9diatrique \u00e0 Velez-Malaga et Torre del Mar. Demandez votre \u00e9valuation personnalis\u00e9e gratuite et prenez rendez-vous d\u00e8s aujourd'hui !","breadcrumb":{"@id":"https:\/\/antoniomartinezclinicadental.com\/fr\/dentisterie-pediatrique\/#breadcrumb"},"inLanguage":"fr-FR","potentialAction":[{"@type":"ReadAction","target":["https:\/\/antoniomartinezclinicadental.com\/fr\/dentisterie-pediatrique\/"]}]},{"@type":"ImageObject","inLanguage":"fr-FR","@id":"https:\/\/antoniomartinezclinicadental.com\/fr\/dentisterie-pediatrique\/#primaryimage","url":"https:\/\/antoniomartinezclinicadental.com\/wp-content\/uploads\/2025\/09\/DSC1303-Editar.jpg","contentUrl":"https:\/\/antoniomartinezclinicadental.com\/wp-content\/uploads\/2025\/09\/DSC1303-Editar.jpg","width":1500,"height":1000,"caption":"Clinica Dental Antonio Mart\u00ednez V\u00e9lez-M\u00e1laga"},{"@type":"BreadcrumbList","@id":"https:\/\/antoniomartinezclinicadental.com\/fr\/dentisterie-pediatrique\/#breadcrumb","itemListElement":[{"@type":"ListItem","position":1,"name":"Home","item":"https:\/\/antoniomartinezclinicadental.com\/fr\/"},{"@type":"ListItem","position":2,"name":"Dentisterie p\u00e9diatrique"}]},{"@type":"WebSite","@id":"https:\/\/antoniomartinezclinicadental.com\/fr\/#website","url":"https:\/\/antoniomartinezclinicadental.com\/fr\/","name":"Antonio Martinez Cl\u00ednica Dental","description":"Dentista en V\u00e9lez-M\u00e1laga","publisher":{"@id":"https:\/\/antoniomartinezclinicadental.com\/fr\/#organization"},"potentialAction":[{"@type":"SearchAction","target":{"@type":"EntryPoint","urlTemplate":"https:\/\/antoniomartinezclinicadental.com\/fr\/?s={search_term_string}"},"query-input":{"@type":"PropertyValueSpecification","valueRequired":true,"valueName":"search_term_string"}}],"inLanguage":"fr-FR"},{"@type":"Organization","@id":"https:\/\/antoniomartinezclinicadental.com\/fr\/#organization","name":"Antonio Martinez Cl\u00ednica Dental","url":"https:\/\/antoniomartinezclinicadental.com\/fr\/","logo":{"@type":"ImageObject","inLanguage":"fr-FR","@id":"https:\/\/antoniomartinezclinicadental.com\/fr\/#\/schema\/logo\/image\/","url":"https:\/\/antoniomartinezclinicadental.com\/wp-content\/uploads\/2025\/02\/logosinfondo.webp","contentUrl":"https:\/\/antoniomartinezclinicadental.com\/wp-content\/uploads\/2025\/02\/logosinfondo.webp","width":533,"height":69,"caption":"Antonio Martinez Cl\u00ednica Dental"},"image":{"@id":"https:\/\/antoniomartinezclinicadental.com\/fr\/#\/schema\/logo\/image\/"},"sameAs":["https:\/\/www.facebook.com\/p\/Clinica-Dental-Antonio-Martinez-100066372022427\/?locale=es_ES","https:\/\/www.instagram.com\/antoniomartinezclinicadental\/?igsh=MTI2OGtxaDhweHJnbA#"]}]}},"_links":{"self":[{"href":"https:\/\/antoniomartinezclinicadental.com\/fr\/wp-json\/wp\/v2\/pages\/14287","targetHints":{"allow":["GET"]}}],"collection":[{"href":"https:\/\/antoniomartinezclinicadental.com\/fr\/wp-json\/wp\/v2\/pages"}],"about":[{"href":"https:\/\/antoniomartinezclinicadental.com\/fr\/wp-json\/wp\/v2\/types\/page"}],"author":[{"embeddable":true,"href":"https:\/\/antoniomartinezclinicadental.com\/fr\/wp-json\/wp\/v2\/users\/1"}],"replies":[{"embeddable":true,"href":"https:\/\/antoniomartinezclinicadental.com\/fr\/wp-json\/wp\/v2\/comments?post=14287"}],"version-history":[{"count":3,"href":"https:\/\/antoniomartinezclinicadental.com\/fr\/wp-json\/wp\/v2\/pages\/14287\/revisions"}],"predecessor-version":[{"id":14635,"href":"https:\/\/antoniomartinezclinicadental.com\/fr\/wp-json\/wp\/v2\/pages\/14287\/revisions\/14635"}],"wp:featuredmedia":[{"embeddable":true,"href":"https:\/\/antoniomartinezclinicadental.com\/fr\/wp-json\/wp\/v2\/media\/14312"}],"wp:attachment":[{"href":"https:\/\/antoniomartinezclinicadental.com\/fr\/wp-json\/wp\/v2\/media?parent=14287"}],"curies":[{"name":"wp","href":"https:\/\/api.w.org\/{rel}","templated":true}]}}