{"id":14188,"date":"2024-11-22T11:39:24","date_gmt":"2024-11-22T11:39:24","guid":{"rendered":"https:\/\/antoniomartinezclinicadental.com\/trouble-temporo-mandibulaire\/"},"modified":"2025-11-24T10:01:22","modified_gmt":"2025-11-24T10:01:22","slug":"trouble-temporo-mandibulaire","status":"publish","type":"page","link":"https:\/\/antoniomartinezclinicadental.com\/fr\/trouble-temporo-mandibulaire\/","title":{"rendered":"Trouble temporo-mandibulaire"},"content":{"rendered":"\t\t<div data-elementor-type=\"wp-page\" data-elementor-id=\"14188\" class=\"elementor elementor-14188 elementor-83\" data-elementor-post-type=\"page\">\n\t\t\t\t<div class=\"elementor-element elementor-element-78a4b10 e-flex e-con-boxed e-con e-parent\" data-id=\"78a4b10\" data-element_type=\"container\" data-e-type=\"container\" data-settings=\"{&quot;background_background&quot;:&quot;classic&quot;}\">\n\t\t\t\t\t<div class=\"e-con-inner\">\n\t\t\t\t<div class=\"elementor-element elementor-element-2a9d40e elementor-widget__width-initial elementor-widget-mobile__width-initial elementor-widget-tablet__width-initial elementor-widget elementor-widget-text-editor\" data-id=\"2a9d40e\" data-element_type=\"widget\" data-e-type=\"widget\" data-widget_type=\"text-editor.default\">\n\t\t\t\t<div class=\"elementor-widget-container\">\n\t\t\t\t\t\t\t\t\t<div><div><p class=\"has-text-align-center\" style=\"font-family: Raleway, sans-serif; text-align: center;\"><span style=\"color: #1a3d4d;\">Clinique dentaire experte en <strong>troubles temporo-mandibulaires \u00e0 Velez-Malaga et Torre del Mar<\/strong>. Retrouvez votre sourire, votre fonction dentaire et am\u00e9liorez votre qualit\u00e9 de vie. <\/span><\/p><\/div><\/div>\t\t\t\t\t\t\t\t<\/div>\n\t\t\t\t<\/div>\n\t\t\t\t<div class=\"elementor-element elementor-element-9e8fe06 elementor-widget__width-initial elementor-widget-mobile__width-inherit elementor-widget elementor-widget-heading\" data-id=\"9e8fe06\" data-element_type=\"widget\" data-e-type=\"widget\" data-widget_type=\"heading.default\">\n\t\t\t\t<div class=\"elementor-widget-container\">\n\t\t\t\t\t<h1 class=\"elementor-heading-title elementor-size-default\">Troubles temporo-mandibulaires \u00e0 V\u00e9lez-M\u00e1laga et Torre del Mar<\/h1>\t\t\t\t<\/div>\n\t\t\t\t<\/div>\n\t\t\t\t\t<\/div>\n\t\t\t\t<\/div>\n\t\t<div class=\"elementor-element elementor-element-ea6dd86 e-grid e-con-boxed e-con e-parent\" data-id=\"ea6dd86\" data-element_type=\"container\" data-e-type=\"container\" data-settings=\"{&quot;background_background&quot;:&quot;classic&quot;}\">\n\t\t\t\t\t<div class=\"e-con-inner\">\n\t\t<div class=\"elementor-element elementor-element-8a6d0b0 e-con-full e-flex e-con e-child\" data-id=\"8a6d0b0\" data-element_type=\"container\" data-e-type=\"container\">\n\t\t\t\t<div class=\"elementor-element elementor-element-9a282df elementor-widget-tablet_extra__width-initial elementor-widget-tablet__width-inherit elementor-widget-mobile__width-inherit elementor-widget elementor-widget-image\" data-id=\"9a282df\" data-element_type=\"widget\" data-e-type=\"widget\" data-widget_type=\"image.default\">\n\t\t\t\t<div class=\"elementor-widget-container\">\n\t\t\t\t\t\t\t\t\t\t\t\t\t\t\t<img fetchpriority=\"high\" decoding=\"async\" width=\"683\" height=\"1024\" src=\"https:\/\/antoniomartinezclinicadental.com\/wp-content\/uploads\/2025\/09\/DSC1589-Editar-683x1024.jpg\" class=\"attachment-large size-large wp-image-13802\" alt=\"Antonio Mart\u00ednez Cl\u00ednica Dental\" srcset=\"https:\/\/antoniomartinezclinicadental.com\/wp-content\/uploads\/2025\/09\/DSC1589-Editar-683x1024.jpg 683w, https:\/\/antoniomartinezclinicadental.com\/wp-content\/uploads\/2025\/09\/DSC1589-Editar-200x300.jpg 200w, https:\/\/antoniomartinezclinicadental.com\/wp-content\/uploads\/2025\/09\/DSC1589-Editar-768x1152.jpg 768w, https:\/\/antoniomartinezclinicadental.com\/wp-content\/uploads\/2025\/09\/DSC1589-Editar.jpg 1000w\" sizes=\"(max-width: 683px) 100vw, 683px\" \/>\t\t\t\t\t\t\t\t\t\t\t\t\t\t\t<\/div>\n\t\t\t\t<\/div>\n\t\t\t\t<div class=\"elementor-element elementor-element-e4d6c7e elementor-widget elementor-widget-text-editor\" data-id=\"e4d6c7e\" data-element_type=\"widget\" data-e-type=\"widget\" data-widget_type=\"text-editor.default\">\n\t\t\t\t<div class=\"elementor-widget-container\">\n\t\t\t\t\t\t\t\t\t<div><h5 style=\"font-family: Raleway, sans-serif; font-weight: 500; color: #1a3d4d;\">Dr. Antonio Mart\u00ednez<\/h5><p class=\"has-text-align-left\" style=\"font-family: Raleway, sans-serif; text-align: left;\"><span style=\"color: #1a3d4d;\">Expert en troubles temporo-mandibulaires<\/span><\/p><\/div>\t\t\t\t\t\t\t\t<\/div>\n\t\t\t\t<\/div>\n\t\t\t\t<\/div>\n\t\t<div class=\"elementor-element elementor-element-1a2cfcc e-con-full e-flex e-con e-child\" data-id=\"1a2cfcc\" data-element_type=\"container\" data-e-type=\"container\">\n\t\t\t\t<div class=\"elementor-element elementor-element-3e3f8d8 elementor-widget elementor-widget-text-editor\" data-id=\"3e3f8d8\" data-element_type=\"widget\" data-e-type=\"widget\" data-widget_type=\"text-editor.default\">\n\t\t\t\t<div class=\"elementor-widget-container\">\n\t\t\t\t\t\t\t\t\t<div><h2 style=\"font-family: Raleway, sans-serif; font-weight: 300; color: #1a3d4d; text-align: center;\">Prenez rendez-vous avec nous<\/h2><\/div>\t\t\t\t\t\t\t\t<\/div>\n\t\t\t\t<\/div>\n\t\t<div class=\"elementor-element elementor-element-bd25a13 e-con-full e-flex e-con e-child\" data-id=\"bd25a13\" data-element_type=\"container\" data-e-type=\"container\">\n\t\t\t\t<div class=\"elementor-element elementor-element-f8a016f elementor-align-center elementor-widget__width-initial elementor-widget elementor-widget-button\" data-id=\"f8a016f\" data-element_type=\"widget\" data-e-type=\"widget\" data-widget_type=\"button.default\">\n\t\t\t\t<div class=\"elementor-widget-container\">\n\t\t\t\t\t\t\t\t\t<div class=\"elementor-button-wrapper\">\n\t\t\t\t\t<a class=\"elementor-button elementor-button-link elementor-size-sm\" href=\"https:\/\/antoniomartinezclinicadental.com\/fr\/contact\/\">\n\t\t\t\t\t\t<span class=\"elementor-button-content-wrapper\">\n\t\t\t\t\t\t<span class=\"elementor-button-icon\">\n\t\t\t\t<svg aria-hidden=\"true\" class=\"e-font-icon-svg e-far-address-book\" viewBox=\"0 0 448 512\" xmlns=\"http:\/\/www.w3.org\/2000\/svg\"><path d=\"M436 160c6.6 0 12-5.4 12-12v-40c0-6.6-5.4-12-12-12h-20V48c0-26.5-21.5-48-48-48H48C21.5 0 0 21.5 0 48v416c0 26.5 21.5 48 48 48h320c26.5 0 48-21.5 48-48v-48h20c6.6 0 12-5.4 12-12v-40c0-6.6-5.4-12-12-12h-20v-64h20c6.6 0 12-5.4 12-12v-40c0-6.6-5.4-12-12-12h-20v-64h20zm-68 304H48V48h320v416zM208 256c35.3 0 64-28.7 64-64s-28.7-64-64-64-64 28.7-64 64 28.7 64 64 64zm-89.6 128h179.2c12.4 0 22.4-8.6 22.4-19.2v-19.2c0-31.8-30.1-57.6-67.2-57.6-10.8 0-18.7 8-44.8 8-26.9 0-33.4-8-44.8-8-37.1 0-67.2 25.8-67.2 57.6v19.2c0 10.6 10 19.2 22.4 19.2z\"><\/path><\/svg>\t\t\t<\/span>\n\t\t\t\t\t\t\t\t\t<span class=\"elementor-button-text\">Contact<\/span>\n\t\t\t\t\t<\/span>\n\t\t\t\t\t<\/a>\n\t\t\t\t<\/div>\n\t\t\t\t\t\t\t\t<\/div>\n\t\t\t\t<\/div>\n\t\t\t\t<div class=\"elementor-element elementor-element-443ae00 elementor-align-center elementor-widget__width-initial elementor-widget elementor-widget-button\" data-id=\"443ae00\" data-element_type=\"widget\" data-e-type=\"widget\" data-widget_type=\"button.default\">\n\t\t\t\t<div class=\"elementor-widget-container\">\n\t\t\t\t\t\t\t\t\t<div class=\"elementor-button-wrapper\">\n\t\t\t\t\t<a class=\"elementor-button elementor-button-link elementor-size-sm\" href=\"tel:+34692978801\">\n\t\t\t\t\t\t<span class=\"elementor-button-content-wrapper\">\n\t\t\t\t\t\t<span class=\"elementor-button-icon\">\n\t\t\t\t<svg aria-hidden=\"true\" class=\"e-font-icon-svg e-fas-phone-volume\" viewBox=\"0 0 384 512\" xmlns=\"http:\/\/www.w3.org\/2000\/svg\"><path d=\"M97.333 506.966c-129.874-129.874-129.681-340.252 0-469.933 5.698-5.698 14.527-6.632 21.263-2.422l64.817 40.513a17.187 17.187 0 0 1 6.849 20.958l-32.408 81.021a17.188 17.188 0 0 1-17.669 10.719l-55.81-5.58c-21.051 58.261-20.612 122.471 0 179.515l55.811-5.581a17.188 17.188 0 0 1 17.669 10.719l32.408 81.022a17.188 17.188 0 0 1-6.849 20.958l-64.817 40.513a17.19 17.19 0 0 1-21.264-2.422zM247.126 95.473c11.832 20.047 11.832 45.008 0 65.055-3.95 6.693-13.108 7.959-18.718 2.581l-5.975-5.726c-3.911-3.748-4.793-9.622-2.261-14.41a32.063 32.063 0 0 0 0-29.945c-2.533-4.788-1.65-10.662 2.261-14.41l5.975-5.726c5.61-5.378 14.768-4.112 18.718 2.581zm91.787-91.187c60.14 71.604 60.092 175.882 0 247.428-4.474 5.327-12.53 5.746-17.552.933l-5.798-5.557c-4.56-4.371-4.977-11.529-.93-16.379 49.687-59.538 49.646-145.933 0-205.422-4.047-4.85-3.631-12.008.93-16.379l5.798-5.557c5.022-4.813 13.078-4.394 17.552.933zm-45.972 44.941c36.05 46.322 36.108 111.149 0 157.546-4.39 5.641-12.697 6.251-17.856 1.304l-5.818-5.579c-4.4-4.219-4.998-11.095-1.285-15.931 26.536-34.564 26.534-82.572 0-117.134-3.713-4.836-3.115-11.711 1.285-15.931l5.818-5.579c5.159-4.947 13.466-4.337 17.856 1.304z\"><\/path><\/svg>\t\t\t<\/span>\n\t\t\t\t\t\t\t\t\t<span class=\"elementor-button-text\">Appeler<\/span>\n\t\t\t\t\t<\/span>\n\t\t\t\t\t<\/a>\n\t\t\t\t<\/div>\n\t\t\t\t\t\t\t\t<\/div>\n\t\t\t\t<\/div>\n\t\t\t\t<\/div>\n\t\t\t\t<\/div>\n\t\t\t\t\t<\/div>\n\t\t\t\t<\/div>\n\t\t<div class=\"elementor-element elementor-element-d84f1a6 e-flex e-con-boxed e-con e-parent\" data-id=\"d84f1a6\" data-element_type=\"container\" data-e-type=\"container\" data-settings=\"{&quot;background_background&quot;:&quot;classic&quot;}\">\n\t\t\t\t\t<div class=\"e-con-inner\">\n\t\t\t\t<div class=\"elementor-element elementor-element-211770e elementor-widget__width-initial elementor-widget-tablet_extra__width-initial elementor-widget-tablet__width-inherit elementor-widget elementor-widget-text-editor\" data-id=\"211770e\" data-element_type=\"widget\" data-e-type=\"widget\" data-widget_type=\"text-editor.default\">\n\t\t\t\t<div class=\"elementor-widget-container\">\n\t\t\t\t\t\t\t\t\t<div><h2 style=\"font-family: Raleway, sans-serif; font-weight: bold; color: #1a3d4d; font-size: 45x; text-align: left;\"><span style=\"font-family: Raleway, sans-serif; font-weight: 300; color: #1a3d4d;\">Qu&rsquo;est-ce que le trouble temporo-mandibulaire ?<\/span><\/h2><\/div>\t\t\t\t\t\t\t\t<\/div>\n\t\t\t\t<\/div>\n\t\t\t\t\t<\/div>\n\t\t\t\t<\/div>\n\t\t<div class=\"elementor-element elementor-element-3ac5bad e-flex e-con-boxed e-con e-parent\" data-id=\"3ac5bad\" data-element_type=\"container\" data-e-type=\"container\" data-settings=\"{&quot;background_background&quot;:&quot;classic&quot;}\">\n\t\t\t\t\t<div class=\"e-con-inner\">\n\t\t\t\t<div class=\"elementor-element elementor-element-0f16288 elementor-widget__width-initial elementor-widget-tablet__width-inherit elementor-widget elementor-widget-text-editor\" data-id=\"0f16288\" data-element_type=\"widget\" data-e-type=\"widget\" data-widget_type=\"text-editor.default\">\n\t\t\t\t<div class=\"elementor-widget-container\">\n\t\t\t\t\t\t\t\t\t<p style=\"color: #1a3d4d; font-family: Raleway, sans-serif; text-align: left;\"><span style=\"color: #1a3d4d;\">Les <strong> troubles temporo-mandibulaires <\/strong> (TMD) affectent l&rsquo;articulation qui relie la m\u00e2choire au cr\u00e2ne, provoquant des douleurs, des difficult\u00e9s \u00e0 m\u00e2cher, des claquements et, dans certains cas, des maux de t\u00eate ou des tensions dans le cou et les \u00e9paules. Ce trouble peut r\u00e9sulter d&rsquo;habitudes telles que le <strong>bruxisme (grincement des dents)<\/strong>, de probl\u00e8mes d&rsquo;<b>alignement dentaire ou du stress<\/b>. <\/span><\/p><p style=\"color: #1a3d4d; font-family: Raleway, sans-serif; text-align: left;\">Un <b>diagnostic personnalis\u00e9<\/b> permet d&rsquo;identifier la cause du trouble temporo-mandibulaire et de concevoir un traitement appropri\u00e9. Les options peuvent inclure l&rsquo;utilisation d&rsquo;attelles, de th\u00e9rapies de relaxation musculaire, d&rsquo;exercices sp\u00e9cifiques et, dans certains cas, d&rsquo;ajustements occlusaux pour soulager les sympt\u00f4mes et am\u00e9liorer le fonctionnement de la m\u00e2choire. <\/p><p style=\"color: #1a3d4d; font-family: Raleway, sans-serif; text-align: left;\">Notre objectif est de vous aider \u00e0 <b>retrouver le confort et la mobilit\u00e9 de votre m\u00e2choire, afin d&rsquo;am\u00e9liorer votre qualit\u00e9 de vie.<\/b><\/p>\t\t\t\t\t\t\t\t<\/div>\n\t\t\t\t<\/div>\n\t\t\t\t<div class=\"elementor-element elementor-element-ed8df5b elementor-widget-mobile__width-inherit elementor-widget__width-initial elementor-widget-tablet__width-inherit elementor-widget elementor-widget-image\" data-id=\"ed8df5b\" data-element_type=\"widget\" data-e-type=\"widget\" data-widget_type=\"image.default\">\n\t\t\t\t<div class=\"elementor-widget-container\">\n\t\t\t\t\t\t\t\t\t\t\t\t\t\t\t<img decoding=\"async\" width=\"800\" height=\"800\" src=\"https:\/\/antoniomartinezclinicadental.com\/wp-content\/uploads\/2025\/01\/prueba27.webp\" class=\"attachment-large size-large wp-image-14193\" alt=\"\" srcset=\"https:\/\/antoniomartinezclinicadental.com\/wp-content\/uploads\/2025\/01\/prueba27.webp 1024w, https:\/\/antoniomartinezclinicadental.com\/wp-content\/uploads\/2025\/01\/prueba27-300x300.webp 300w, https:\/\/antoniomartinezclinicadental.com\/wp-content\/uploads\/2025\/01\/prueba27-150x150.webp 150w, https:\/\/antoniomartinezclinicadental.com\/wp-content\/uploads\/2025\/01\/prueba27-768x768.webp 768w\" sizes=\"(max-width: 800px) 100vw, 800px\" \/>\t\t\t\t\t\t\t\t\t\t\t\t\t\t\t<\/div>\n\t\t\t\t<\/div>\n\t\t\t\t\t<\/div>\n\t\t\t\t<\/div>\n\t\t<div class=\"elementor-element elementor-element-b93b04e e-con-full elementor-hidden-mobile elementor-hidden-tablet e-flex e-con e-parent\" data-id=\"b93b04e\" data-element_type=\"container\" data-e-type=\"container\" data-settings=\"{&quot;background_background&quot;:&quot;classic&quot;,&quot;background_motion_fx_motion_fx_scrolling&quot;:&quot;yes&quot;,&quot;background_motion_fx_devices&quot;:[&quot;desktop&quot;,&quot;tablet_extra&quot;,&quot;tablet&quot;,&quot;mobile&quot;]}\">\n\t\t\t\t<\/div>\n\t\t<div class=\"elementor-element elementor-element-0226a51 e-flex e-con-boxed e-con e-child\" data-id=\"0226a51\" data-element_type=\"container\" data-e-type=\"container\" data-settings=\"{&quot;background_background&quot;:&quot;classic&quot;}\">\n\t\t\t\t\t<div class=\"e-con-inner\">\n\t\t\t\t<div class=\"elementor-element elementor-element-6d8a4eb elementor-widget elementor-widget-image\" data-id=\"6d8a4eb\" data-element_type=\"widget\" data-e-type=\"widget\" data-widget_type=\"image.default\">\n\t\t\t\t<div class=\"elementor-widget-container\">\n\t\t\t\t\t\t\t\t\t\t\t\t\t\t\t<img decoding=\"async\" width=\"800\" height=\"534\" src=\"https:\/\/antoniomartinezclinicadental.com\/wp-content\/uploads\/2025\/09\/michigan3-1024x683.png\" class=\"attachment-large size-large wp-image-14199\" alt=\"Ferula Michigan V\u00e9lez-M\u00e1laga\" srcset=\"https:\/\/antoniomartinezclinicadental.com\/wp-content\/uploads\/2025\/09\/michigan3-1024x683.png 1024w, https:\/\/antoniomartinezclinicadental.com\/wp-content\/uploads\/2025\/09\/michigan3-300x200.png 300w, https:\/\/antoniomartinezclinicadental.com\/wp-content\/uploads\/2025\/09\/michigan3-768x512.png 768w, https:\/\/antoniomartinezclinicadental.com\/wp-content\/uploads\/2025\/09\/michigan3.png 1248w\" sizes=\"(max-width: 800px) 100vw, 800px\" \/>\t\t\t\t\t\t\t\t\t\t\t\t\t\t\t<\/div>\n\t\t\t\t<\/div>\n\t\t\t\t<div class=\"elementor-element elementor-element-e98fdb0 elementor-widget__width-initial elementor-widget-mobile__width-inherit elementor-widget-tablet__width-inherit elementor-widget elementor-widget-text-editor\" data-id=\"e98fdb0\" data-element_type=\"widget\" data-e-type=\"widget\" data-widget_type=\"text-editor.default\">\n\t\t\t\t<div class=\"elementor-widget-container\">\n\t\t\t\t\t\t\t\t\t<div><h2 style=\"font-family: Raleway, sans-serif; font-weight: 400; color: #1a3d4d; text-align: center;\">D\u00e9charge des goutti\u00e8res et ajustements occlusaux<\/h2><\/div><div style=\"color: #1a3d4d; font-family: Raleway, sans-serif;\"><p style=\"text-align: left;\">Les probl\u00e8mes li\u00e9s \u00e0 l&rsquo;articulation temporo-mandibulaire (ATM), tels que le <b>bruxisme<\/b> (serrement, grincement) et d&rsquo;autres troubles de l&rsquo;occlusion, sont trait\u00e9s \u00e0 l&rsquo;aide de <strong>goutti\u00e8res personnalis\u00e9es et d&rsquo;ajustements occlusaux.<\/strong><\/p><p style=\"text-align: left;\">Les <strong>attelles de d\u00e9charge<\/strong> sont des dispositifs sur mesure en mat\u00e9riau acrylique, con\u00e7us pour prot\u00e9ger les dents de l&rsquo;usure caus\u00e9e par le bruxisme et r\u00e9duire le stress sur l&rsquo;articulation temporo-mandibulaire. Elles sont g\u00e9n\u00e9ralement port\u00e9es la nuit et <b>soulagent<\/b> \u00e9galement <b>les maux de t\u00eate, les douleurs musculaires et les<\/b> douleurs de la <b>m\u00e2choire<\/b> li\u00e9s \u00e0 ces troubles. <\/p><p style=\"text-align: left;\">Les <strong>ajustements occlusaux<\/strong>, quant \u00e0 eux, sont effectu\u00e9s pour am\u00e9liorer la fa\u00e7on dont les dents sup\u00e9rieures et inf\u00e9rieures s&#8217;embo\u00eetent lors de la morsure. Cette proc\u00e9dure permet d&rsquo;\u00e9quilibrer l&rsquo;occlusion, d&rsquo;optimiser la fonction de mastication et de <b>r\u00e9duire la douleur<\/b> associ\u00e9e \u00e0 un mauvais alignement. <\/p><p style=\"text-align: left;\">Les deux traitements sont con\u00e7us pour prot\u00e9ger vos dents, soulager l&rsquo;inconfort et am\u00e9liorer votre qualit\u00e9 de vie.<\/p><\/div>\t\t\t\t\t\t\t\t<\/div>\n\t\t\t\t<\/div>\n\t\t\t\t\t<\/div>\n\t\t\t\t<\/div>\n\t\t<div class=\"elementor-element elementor-element-d4ef20f e-flex e-con-boxed e-con e-child\" data-id=\"d4ef20f\" data-element_type=\"container\" data-e-type=\"container\" data-settings=\"{&quot;background_background&quot;:&quot;classic&quot;}\">\n\t\t\t\t\t<div class=\"e-con-inner\">\n\t\t\t\t<div class=\"elementor-element elementor-element-048a992 elementor-widget elementor-widget-image\" data-id=\"048a992\" data-element_type=\"widget\" data-e-type=\"widget\" data-widget_type=\"image.default\">\n\t\t\t\t<div class=\"elementor-widget-container\">\n\t\t\t\t\t\t\t\t\t\t\t\t\t\t\t<img loading=\"lazy\" decoding=\"async\" width=\"665\" height=\"485\" src=\"https:\/\/antoniomartinezclinicadental.com\/wp-content\/uploads\/2025\/05\/ortoapnea.png\" class=\"attachment-large size-large wp-image-14198\" alt=\"\u00c1cido Hialur\u00f3nico CLINICA DENTAL ANTONIO MARTINEZ\" srcset=\"https:\/\/antoniomartinezclinicadental.com\/wp-content\/uploads\/2025\/05\/ortoapnea.png 665w, https:\/\/antoniomartinezclinicadental.com\/wp-content\/uploads\/2025\/05\/ortoapnea-300x219.png 300w\" sizes=\"(max-width: 665px) 100vw, 665px\" \/>\t\t\t\t\t\t\t\t\t\t\t\t\t\t\t<\/div>\n\t\t\t\t<\/div>\n\t\t\t\t<div class=\"elementor-element elementor-element-d493a40 elementor-widget__width-initial elementor-widget-mobile__width-inherit elementor-widget-tablet__width-inherit elementor-widget elementor-widget-text-editor\" data-id=\"d493a40\" data-element_type=\"widget\" data-e-type=\"widget\" data-widget_type=\"text-editor.default\">\n\t\t\t\t<div class=\"elementor-widget-container\">\n\t\t\t\t\t\t\t\t\t<div><h2 style=\"font-family: Raleway, sans-serif; font-weight: 400; color: #1a3d4d; text-align: center;\">Traitement de l&rsquo;apn\u00e9e du sommeil<\/h2><\/div><div style=\"color: #1a3d4d; font-family: Raleway, sans-serif;\"><p style=\"text-align: left;\">L&rsquo;<strong>apn\u00e9e obstructive du sommeil<\/strong> est un trouble dans lequel les voies respiratoires se bloquent pendant le sommeil, provoquant des pauses respiratoires. Si elle n&rsquo;est pas trait\u00e9e, elle entra\u00eene des <b>ronflements, une somnolence diurne et des probl\u00e8mes de sant\u00e9.<\/b>  <\/p><p style=\"text-align: left;\">Les <b>dispositifs intra-oraux<\/b>, tels que les attelles, constituent une solution efficace, en particulier dans les cas l\u00e9gers \u00e0 mod\u00e9r\u00e9s. Ils permettent d&rsquo;avancer la m\u00e2choire, de maintenir les voies respiratoires ouvertes et de r\u00e9duire les \u00e9pisodes d&rsquo;apn\u00e9e et de ronflement. Dans les cas graves, ils peuvent compl\u00e9ter l&rsquo;utilisation de la PPC, un appareil qui d\u00e9livre de l&rsquo;air en permanence pour \u00e9viter les blocages, ce qui rend le traitement plus confortable.  <\/p><p style=\"text-align: left;\">Ces dispositifs <b>am\u00e9liorent la qualit\u00e9 du sommeil<\/b> et favorisent la sant\u00e9 g\u00e9n\u00e9rale du patient.<\/p><\/div>\t\t\t\t\t\t\t\t<\/div>\n\t\t\t\t<\/div>\n\t\t\t\t\t<\/div>\n\t\t\t\t<\/div>\n\t\t<div class=\"elementor-element elementor-element-61cf58b e-flex e-con-boxed e-con e-parent\" data-id=\"61cf58b\" data-element_type=\"container\" data-e-type=\"container\" data-settings=\"{&quot;background_background&quot;:&quot;classic&quot;}\">\n\t\t\t\t\t<div class=\"e-con-inner\">\n\t\t<div class=\"elementor-element elementor-element-28d46e7 e-con-full e-flex e-con e-child\" data-id=\"28d46e7\" data-element_type=\"container\" data-e-type=\"container\">\n\t\t\t\t<div class=\"elementor-element elementor-element-c31def1 elementor-widget__width-initial elementor-widget-tablet__width-inherit elementor-widget elementor-widget-text-editor\" data-id=\"c31def1\" data-element_type=\"widget\" data-e-type=\"widget\" data-widget_type=\"text-editor.default\">\n\t\t\t\t<div class=\"elementor-widget-container\">\n\t\t\t\t\t\t\t\t\t<h5 style=\"font-family: Raleway, sans-serif; font-weight: 500; color: #1a3d4d;\"><span style=\"text-decoration: underline; color: #3366ff;\"><a style=\"color: #3366ff; text-decoration: underline;\" href=\"https:\/\/antoniomartinezclinicadental.com\/tratamientos\/\">\u00ab\u00a0Voir d&rsquo;autres traitements<\/a><\/span><\/h5>\t\t\t\t\t\t\t\t<\/div>\n\t\t\t\t<\/div>\n\t\t\t\t<\/div>\n\t\t\t\t\t<\/div>\n\t\t\t\t<\/div>\n\t\t<div class=\"elementor-element elementor-element-e8ac135 e-con-full e-flex e-con e-parent\" data-id=\"e8ac135\" data-element_type=\"container\" data-e-type=\"container\" data-settings=\"{&quot;background_background&quot;:&quot;classic&quot;}\">\n\t\t\t\t<div class=\"elementor-element elementor-element-52fb67c elementor-widget__width-inherit elementor-widget elementor-widget-heading\" data-id=\"52fb67c\" data-element_type=\"widget\" data-e-type=\"widget\" data-widget_type=\"heading.default\">\n\t\t\t\t<div class=\"elementor-widget-container\">\n\t\t\t\t\t<h2 class=\"elementor-heading-title elementor-size-default\">Questions fr\u00e9quemment pos\u00e9es sur les troubles temporo-mandibulaires<\/h2>\t\t\t\t<\/div>\n\t\t\t\t<\/div>\n\t\t<div class=\"elementor-element elementor-element-dc4112c e-con-full e-flex e-con e-child\" data-id=\"dc4112c\" data-element_type=\"container\" data-e-type=\"container\">\n\t\t\t\t<div class=\"elementor-element elementor-element-e5885cd elementor-widget__width-initial elementor-widget-tablet__width-inherit elementor-widget elementor-widget-toggle\" data-id=\"e5885cd\" data-element_type=\"widget\" data-e-type=\"widget\" data-widget_type=\"toggle.default\">\n\t\t\t\t<div class=\"elementor-widget-container\">\n\t\t\t\t\t\t\t<div class=\"elementor-toggle\">\n\t\t\t\t\t\t\t<div class=\"elementor-toggle-item\">\n\t\t\t\t\t<h3 id=\"elementor-tab-title-2401\" class=\"elementor-tab-title\" data-tab=\"1\" role=\"button\" aria-controls=\"elementor-tab-content-2401\" aria-expanded=\"false\">\n\t\t\t\t\t\t\t\t\t\t\t\t<span class=\"elementor-toggle-icon elementor-toggle-icon-right\" aria-hidden=\"true\">\n\t\t\t\t\t\t\t\t\t\t\t\t\t\t\t<span class=\"elementor-toggle-icon-closed\"><svg class=\"e-font-icon-svg e-fas-angle-down\" viewBox=\"0 0 320 512\" xmlns=\"http:\/\/www.w3.org\/2000\/svg\"><path d=\"M143 352.3L7 216.3c-9.4-9.4-9.4-24.6 0-33.9l22.6-22.6c9.4-9.4 24.6-9.4 33.9 0l96.4 96.4 96.4-96.4c9.4-9.4 24.6-9.4 33.9 0l22.6 22.6c9.4 9.4 9.4 24.6 0 33.9l-136 136c-9.2 9.4-24.4 9.4-33.8 0z\"><\/path><\/svg><\/span>\n\t\t\t\t\t\t\t\t<span class=\"elementor-toggle-icon-opened\"><svg class=\"elementor-toggle-icon-opened e-font-icon-svg e-fas-angle-up\" viewBox=\"0 0 320 512\" xmlns=\"http:\/\/www.w3.org\/2000\/svg\"><path d=\"M177 159.7l136 136c9.4 9.4 9.4 24.6 0 33.9l-22.6 22.6c-9.4 9.4-24.6 9.4-33.9 0L160 255.9l-96.4 96.4c-9.4 9.4-24.6 9.4-33.9 0L7 329.7c-9.4-9.4-9.4-24.6 0-33.9l136-136c9.4-9.5 24.6-9.5 34-.1z\"><\/path><\/svg><\/span>\n\t\t\t\t\t\t\t\t\t\t\t\t\t<\/span>\n\t\t\t\t\t\t\t\t\t\t\t\t<a class=\"elementor-toggle-title\" tabindex=\"0\">Pourquoi est-ce que je serre les dents la nuit ?<\/a>\n\t\t\t\t\t<\/h3>\n\n\t\t\t\t\t<div id=\"elementor-tab-content-2401\" class=\"elementor-tab-content elementor-clearfix\" data-tab=\"1\" role=\"region\" aria-labelledby=\"elementor-tab-title-2401\"><p>Le bruxisme nocturne, c&rsquo;est-\u00e0-dire le fait de serrer les dents pendant le sommeil, est souvent li\u00e9 au stress, \u00e0 l&rsquo;anxi\u00e9t\u00e9 ou \u00e0 des probl\u00e8mes d&rsquo;occlusion. La posture, les probl\u00e8mes d&rsquo;articulation temporo-mandibulaire (ATM) ou m\u00eame les troubles du sommeil peuvent \u00e9galement jouer un r\u00f4le. <\/p>\n<\/div>\n\t\t\t\t<\/div>\n\t\t\t\t\t\t\t<div class=\"elementor-toggle-item\">\n\t\t\t\t\t<h3 id=\"elementor-tab-title-2402\" class=\"elementor-tab-title\" data-tab=\"2\" role=\"button\" aria-controls=\"elementor-tab-content-2402\" aria-expanded=\"false\">\n\t\t\t\t\t\t\t\t\t\t\t\t<span class=\"elementor-toggle-icon elementor-toggle-icon-right\" aria-hidden=\"true\">\n\t\t\t\t\t\t\t\t\t\t\t\t\t\t\t<span class=\"elementor-toggle-icon-closed\"><svg class=\"e-font-icon-svg e-fas-angle-down\" viewBox=\"0 0 320 512\" xmlns=\"http:\/\/www.w3.org\/2000\/svg\"><path d=\"M143 352.3L7 216.3c-9.4-9.4-9.4-24.6 0-33.9l22.6-22.6c9.4-9.4 24.6-9.4 33.9 0l96.4 96.4 96.4-96.4c9.4-9.4 24.6-9.4 33.9 0l22.6 22.6c9.4 9.4 9.4 24.6 0 33.9l-136 136c-9.2 9.4-24.4 9.4-33.8 0z\"><\/path><\/svg><\/span>\n\t\t\t\t\t\t\t\t<span class=\"elementor-toggle-icon-opened\"><svg class=\"elementor-toggle-icon-opened e-font-icon-svg e-fas-angle-up\" viewBox=\"0 0 320 512\" xmlns=\"http:\/\/www.w3.org\/2000\/svg\"><path d=\"M177 159.7l136 136c9.4 9.4 9.4 24.6 0 33.9l-22.6 22.6c-9.4 9.4-24.6 9.4-33.9 0L160 255.9l-96.4 96.4c-9.4 9.4-24.6 9.4-33.9 0L7 329.7c-9.4-9.4-9.4-24.6 0-33.9l136-136c9.4-9.5 24.6-9.5 34-.1z\"><\/path><\/svg><\/span>\n\t\t\t\t\t\t\t\t\t\t\t\t\t<\/span>\n\t\t\t\t\t\t\t\t\t\t\t\t<a class=\"elementor-toggle-title\" tabindex=\"0\">Le trouble temporo-mandibulaire peut-il provoquer des maux de t\u00eate ou des douleurs cervicales ?<\/a>\n\t\t\t\t\t<\/h3>\n\n\t\t\t\t\t<div id=\"elementor-tab-content-2402\" class=\"elementor-tab-content elementor-clearfix\" data-tab=\"2\" role=\"region\" aria-labelledby=\"elementor-tab-title-2402\"><p>Oui, les troubles de l&rsquo;articulation temporo-mandibulaire peuvent provoquer des douleurs \u00e0 la t\u00eate, au cou et \u00e0 la m\u00e2choire en raison de tensions dans les muscles proches de l&rsquo;articulation temporo-mandibulaire.<\/p>\n<\/div>\n\t\t\t\t<\/div>\n\t\t\t\t\t\t\t<div class=\"elementor-toggle-item\">\n\t\t\t\t\t<h3 id=\"elementor-tab-title-2403\" class=\"elementor-tab-title\" data-tab=\"3\" role=\"button\" aria-controls=\"elementor-tab-content-2403\" aria-expanded=\"false\">\n\t\t\t\t\t\t\t\t\t\t\t\t<span class=\"elementor-toggle-icon elementor-toggle-icon-right\" aria-hidden=\"true\">\n\t\t\t\t\t\t\t\t\t\t\t\t\t\t\t<span class=\"elementor-toggle-icon-closed\"><svg class=\"e-font-icon-svg e-fas-angle-down\" viewBox=\"0 0 320 512\" xmlns=\"http:\/\/www.w3.org\/2000\/svg\"><path d=\"M143 352.3L7 216.3c-9.4-9.4-9.4-24.6 0-33.9l22.6-22.6c9.4-9.4 24.6-9.4 33.9 0l96.4 96.4 96.4-96.4c9.4-9.4 24.6-9.4 33.9 0l22.6 22.6c9.4 9.4 9.4 24.6 0 33.9l-136 136c-9.2 9.4-24.4 9.4-33.8 0z\"><\/path><\/svg><\/span>\n\t\t\t\t\t\t\t\t<span class=\"elementor-toggle-icon-opened\"><svg class=\"elementor-toggle-icon-opened e-font-icon-svg e-fas-angle-up\" viewBox=\"0 0 320 512\" xmlns=\"http:\/\/www.w3.org\/2000\/svg\"><path d=\"M177 159.7l136 136c9.4 9.4 9.4 24.6 0 33.9l-22.6 22.6c-9.4 9.4-24.6 9.4-33.9 0L160 255.9l-96.4 96.4c-9.4 9.4-24.6 9.4-33.9 0L7 329.7c-9.4-9.4-9.4-24.6 0-33.9l136-136c9.4-9.5 24.6-9.5 34-.1z\"><\/path><\/svg><\/span>\n\t\t\t\t\t\t\t\t\t\t\t\t\t<\/span>\n\t\t\t\t\t\t\t\t\t\t\t\t<a class=\"elementor-toggle-title\" tabindex=\"0\">Combien co\u00fbte le port d'une attelle ?<\/a>\n\t\t\t\t\t<\/h3>\n\n\t\t\t\t\t<div id=\"elementor-tab-content-2403\" class=\"elementor-tab-content elementor-clearfix\" data-tab=\"3\" role=\"region\" aria-labelledby=\"elementor-tab-title-2403\"><p>Comme il s&rsquo;agit d&rsquo;un traitement personnalis\u00e9, le co\u00fbt de l&rsquo;attelle varie en fonction du type d&rsquo;attelle et du mat\u00e9riau utilis\u00e9.<\/p>\n<p>Il est con\u00e7u sur mesure pour garantir son efficacit\u00e9 et son confort.<\/p>\n<\/div>\n\t\t\t\t<\/div>\n\t\t\t\t\t\t\t<div class=\"elementor-toggle-item\">\n\t\t\t\t\t<h3 id=\"elementor-tab-title-2404\" class=\"elementor-tab-title\" data-tab=\"4\" role=\"button\" aria-controls=\"elementor-tab-content-2404\" aria-expanded=\"false\">\n\t\t\t\t\t\t\t\t\t\t\t\t<span class=\"elementor-toggle-icon elementor-toggle-icon-right\" aria-hidden=\"true\">\n\t\t\t\t\t\t\t\t\t\t\t\t\t\t\t<span class=\"elementor-toggle-icon-closed\"><svg class=\"e-font-icon-svg e-fas-angle-down\" viewBox=\"0 0 320 512\" xmlns=\"http:\/\/www.w3.org\/2000\/svg\"><path d=\"M143 352.3L7 216.3c-9.4-9.4-9.4-24.6 0-33.9l22.6-22.6c9.4-9.4 24.6-9.4 33.9 0l96.4 96.4 96.4-96.4c9.4-9.4 24.6-9.4 33.9 0l22.6 22.6c9.4 9.4 9.4 24.6 0 33.9l-136 136c-9.2 9.4-24.4 9.4-33.8 0z\"><\/path><\/svg><\/span>\n\t\t\t\t\t\t\t\t<span class=\"elementor-toggle-icon-opened\"><svg class=\"elementor-toggle-icon-opened e-font-icon-svg e-fas-angle-up\" viewBox=\"0 0 320 512\" xmlns=\"http:\/\/www.w3.org\/2000\/svg\"><path d=\"M177 159.7l136 136c9.4 9.4 9.4 24.6 0 33.9l-22.6 22.6c-9.4 9.4-24.6 9.4-33.9 0L160 255.9l-96.4 96.4c-9.4 9.4-24.6 9.4-33.9 0L7 329.7c-9.4-9.4-9.4-24.6 0-33.9l136-136c9.4-9.5 24.6-9.5 34-.1z\"><\/path><\/svg><\/span>\n\t\t\t\t\t\t\t\t\t\t\t\t\t<\/span>\n\t\t\t\t\t\t\t\t\t\t\t\t<a class=\"elementor-toggle-title\" tabindex=\"0\">Comment savoir si je souffre d'apn\u00e9e du sommeil ou si je ronfle simplement ?<\/a>\n\t\t\t\t\t<\/h3>\n\n\t\t\t\t\t<div id=\"elementor-tab-content-2404\" class=\"elementor-tab-content elementor-clearfix\" data-tab=\"4\" role=\"region\" aria-labelledby=\"elementor-tab-title-2404\"><p>Le ronflement est un sympt\u00f4me courant de l&rsquo;apn\u00e9e du sommeil, mais il n&rsquo;indique pas toujours sa pr\u00e9sence. Parmi les autres signes, citons les pauses respiratoires, la somnolence diurne extr\u00eame, la fatigue chronique, les difficult\u00e9s de concentration et les maux de t\u00eate au r\u00e9veil. <\/p>\n<\/div>\n\t\t\t\t<\/div>\n\t\t\t\t\t\t\t<div class=\"elementor-toggle-item\">\n\t\t\t\t\t<h3 id=\"elementor-tab-title-2405\" class=\"elementor-tab-title\" data-tab=\"5\" role=\"button\" aria-controls=\"elementor-tab-content-2405\" aria-expanded=\"false\">\n\t\t\t\t\t\t\t\t\t\t\t\t<span class=\"elementor-toggle-icon elementor-toggle-icon-right\" aria-hidden=\"true\">\n\t\t\t\t\t\t\t\t\t\t\t\t\t\t\t<span class=\"elementor-toggle-icon-closed\"><svg class=\"e-font-icon-svg e-fas-angle-down\" viewBox=\"0 0 320 512\" xmlns=\"http:\/\/www.w3.org\/2000\/svg\"><path d=\"M143 352.3L7 216.3c-9.4-9.4-9.4-24.6 0-33.9l22.6-22.6c9.4-9.4 24.6-9.4 33.9 0l96.4 96.4 96.4-96.4c9.4-9.4 24.6-9.4 33.9 0l22.6 22.6c9.4 9.4 9.4 24.6 0 33.9l-136 136c-9.2 9.4-24.4 9.4-33.8 0z\"><\/path><\/svg><\/span>\n\t\t\t\t\t\t\t\t<span class=\"elementor-toggle-icon-opened\"><svg class=\"elementor-toggle-icon-opened e-font-icon-svg e-fas-angle-up\" viewBox=\"0 0 320 512\" xmlns=\"http:\/\/www.w3.org\/2000\/svg\"><path d=\"M177 159.7l136 136c9.4 9.4 9.4 24.6 0 33.9l-22.6 22.6c-9.4 9.4-24.6 9.4-33.9 0L160 255.9l-96.4 96.4c-9.4 9.4-24.6 9.4-33.9 0L7 329.7c-9.4-9.4-9.4-24.6 0-33.9l136-136c9.4-9.5 24.6-9.5 34-.1z\"><\/path><\/svg><\/span>\n\t\t\t\t\t\t\t\t\t\t\t\t\t<\/span>\n\t\t\t\t\t\t\t\t\t\t\t\t<a class=\"elementor-toggle-title\" tabindex=\"0\">L'apn\u00e9e du sommeil a-t-elle des cons\u00e9quences graves si elle n'est pas trait\u00e9e ?<\/a>\n\t\t\t\t\t<\/h3>\n\n\t\t\t\t\t<div id=\"elementor-tab-content-2405\" class=\"elementor-tab-content elementor-clearfix\" data-tab=\"5\" role=\"region\" aria-labelledby=\"elementor-tab-title-2405\"><p>Oui, si elle n&rsquo;est pas trait\u00e9e, l&rsquo;apn\u00e9e du sommeil peut entra\u00eener des probl\u00e8mes graves tels que l&rsquo;hypertension art\u00e9rielle, les maladies cardiovasculaires, le diab\u00e8te de type 2, les accidents vasculaires c\u00e9r\u00e9braux et un risque accru d&rsquo;accidents dus \u00e0 la somnolence.<\/p>\n<\/div>\n\t\t\t\t<\/div>\n\t\t\t\t\t\t\t<div class=\"elementor-toggle-item\">\n\t\t\t\t\t<h3 id=\"elementor-tab-title-2406\" class=\"elementor-tab-title\" data-tab=\"6\" role=\"button\" aria-controls=\"elementor-tab-content-2406\" aria-expanded=\"false\">\n\t\t\t\t\t\t\t\t\t\t\t\t<span class=\"elementor-toggle-icon elementor-toggle-icon-right\" aria-hidden=\"true\">\n\t\t\t\t\t\t\t\t\t\t\t\t\t\t\t<span class=\"elementor-toggle-icon-closed\"><svg class=\"e-font-icon-svg e-fas-angle-down\" viewBox=\"0 0 320 512\" xmlns=\"http:\/\/www.w3.org\/2000\/svg\"><path d=\"M143 352.3L7 216.3c-9.4-9.4-9.4-24.6 0-33.9l22.6-22.6c9.4-9.4 24.6-9.4 33.9 0l96.4 96.4 96.4-96.4c9.4-9.4 24.6-9.4 33.9 0l22.6 22.6c9.4 9.4 9.4 24.6 0 33.9l-136 136c-9.2 9.4-24.4 9.4-33.8 0z\"><\/path><\/svg><\/span>\n\t\t\t\t\t\t\t\t<span class=\"elementor-toggle-icon-opened\"><svg class=\"elementor-toggle-icon-opened e-font-icon-svg e-fas-angle-up\" viewBox=\"0 0 320 512\" xmlns=\"http:\/\/www.w3.org\/2000\/svg\"><path d=\"M177 159.7l136 136c9.4 9.4 9.4 24.6 0 33.9l-22.6 22.6c-9.4 9.4-24.6 9.4-33.9 0L160 255.9l-96.4 96.4c-9.4 9.4-24.6 9.4-33.9 0L7 329.7c-9.4-9.4-9.4-24.6 0-33.9l136-136c9.4-9.5 24.6-9.5 34-.1z\"><\/path><\/svg><\/span>\n\t\t\t\t\t\t\t\t\t\t\t\t\t<\/span>\n\t\t\t\t\t\t\t\t\t\t\t\t<a class=\"elementor-toggle-title\" tabindex=\"0\">Pourquoi me r\u00e9veille-t-on fatigu\u00e9 ?<\/a>\n\t\t\t\t\t<\/h3>\n\n\t\t\t\t\t<div id=\"elementor-tab-content-2406\" class=\"elementor-tab-content elementor-clearfix\" data-tab=\"6\" role=\"region\" aria-labelledby=\"elementor-tab-title-2406\"><p>Se r\u00e9veiller fatigu\u00e9 peut \u00eatre d\u00fb \u00e0 des troubles du sommeil tels que l&rsquo;apn\u00e9e du sommeil, le bruxisme nocturne ou l&rsquo;insomnie. Il peut \u00e9galement \u00eatre d\u00fb \u00e0 une mauvaise qualit\u00e9 du sommeil, au stress ou \u00e0 une routine irr\u00e9guli\u00e8re. <\/p>\n<\/div>\n\t\t\t\t<\/div>\n\t\t\t\t\t\t\t<div class=\"elementor-toggle-item\">\n\t\t\t\t\t<h3 id=\"elementor-tab-title-2407\" class=\"elementor-tab-title\" data-tab=\"7\" role=\"button\" aria-controls=\"elementor-tab-content-2407\" aria-expanded=\"false\">\n\t\t\t\t\t\t\t\t\t\t\t\t<span class=\"elementor-toggle-icon elementor-toggle-icon-right\" aria-hidden=\"true\">\n\t\t\t\t\t\t\t\t\t\t\t\t\t\t\t<span class=\"elementor-toggle-icon-closed\"><svg class=\"e-font-icon-svg e-fas-angle-down\" viewBox=\"0 0 320 512\" xmlns=\"http:\/\/www.w3.org\/2000\/svg\"><path d=\"M143 352.3L7 216.3c-9.4-9.4-9.4-24.6 0-33.9l22.6-22.6c9.4-9.4 24.6-9.4 33.9 0l96.4 96.4 96.4-96.4c9.4-9.4 24.6-9.4 33.9 0l22.6 22.6c9.4 9.4 9.4 24.6 0 33.9l-136 136c-9.2 9.4-24.4 9.4-33.8 0z\"><\/path><\/svg><\/span>\n\t\t\t\t\t\t\t\t<span class=\"elementor-toggle-icon-opened\"><svg class=\"elementor-toggle-icon-opened e-font-icon-svg e-fas-angle-up\" viewBox=\"0 0 320 512\" xmlns=\"http:\/\/www.w3.org\/2000\/svg\"><path d=\"M177 159.7l136 136c9.4 9.4 9.4 24.6 0 33.9l-22.6 22.6c-9.4 9.4-24.6 9.4-33.9 0L160 255.9l-96.4 96.4c-9.4 9.4-24.6 9.4-33.9 0L7 329.7c-9.4-9.4-9.4-24.6 0-33.9l136-136c9.4-9.5 24.6-9.5 34-.1z\"><\/path><\/svg><\/span>\n\t\t\t\t\t\t\t\t\t\t\t\t\t<\/span>\n\t\t\t\t\t\t\t\t\t\t\t\t<a class=\"elementor-toggle-title\" tabindex=\"0\">Comment trouver le meilleur sp\u00e9cialiste de l'ATM \u00e0 V\u00e9lez-M\u00e1laga pour traiter les troubles temporo-mandibulaires ?<\/a>\n\t\t\t\t\t<\/h3>\n\n\t\t\t\t\t<div id=\"elementor-tab-content-2407\" class=\"elementor-tab-content elementor-clearfix\" data-tab=\"7\" role=\"region\" aria-labelledby=\"elementor-tab-title-2407\"><p>Si vous recherchez le meilleur traitement pour les troubles de l&rsquo;articulation temporo-mandibulaire (ATM) \u00e0 V\u00e9lez-M\u00e1laga, la <strong>Cl\u00ednica Dental Antonio Mart\u00ednez<\/strong> est votre meilleure option. Nous sommes sp\u00e9cialis\u00e9s dans l&rsquo;offre de solutions personnalis\u00e9es et efficaces pour soulager les douleurs de la m\u00e2choire et am\u00e9liorer la qualit\u00e9 de vie de nos patients. <\/p>\n<p>Nous sommes situ\u00e9s dans le centre de Velez-Malaga, offrant un environnement confortable et accessible. Notre \u00e9quipe veille \u00e0 ce que chaque patient re\u00e7oive un traitement attentif, respectueux et engag\u00e9. <\/p>\n<h3> <\/h3>\n<\/div>\n\t\t\t\t<\/div>\n\t\t\t\t\t\t\t<div class=\"elementor-toggle-item\">\n\t\t\t\t\t<h3 id=\"elementor-tab-title-2408\" class=\"elementor-tab-title\" data-tab=\"8\" role=\"button\" aria-controls=\"elementor-tab-content-2408\" aria-expanded=\"false\">\n\t\t\t\t\t\t\t\t\t\t\t\t<span class=\"elementor-toggle-icon elementor-toggle-icon-right\" aria-hidden=\"true\">\n\t\t\t\t\t\t\t\t\t\t\t\t\t\t\t<span class=\"elementor-toggle-icon-closed\"><svg class=\"e-font-icon-svg e-fas-angle-down\" viewBox=\"0 0 320 512\" xmlns=\"http:\/\/www.w3.org\/2000\/svg\"><path d=\"M143 352.3L7 216.3c-9.4-9.4-9.4-24.6 0-33.9l22.6-22.6c9.4-9.4 24.6-9.4 33.9 0l96.4 96.4 96.4-96.4c9.4-9.4 24.6-9.4 33.9 0l22.6 22.6c9.4 9.4 9.4 24.6 0 33.9l-136 136c-9.2 9.4-24.4 9.4-33.8 0z\"><\/path><\/svg><\/span>\n\t\t\t\t\t\t\t\t<span class=\"elementor-toggle-icon-opened\"><svg class=\"elementor-toggle-icon-opened e-font-icon-svg e-fas-angle-up\" viewBox=\"0 0 320 512\" xmlns=\"http:\/\/www.w3.org\/2000\/svg\"><path d=\"M177 159.7l136 136c9.4 9.4 9.4 24.6 0 33.9l-22.6 22.6c-9.4 9.4-24.6 9.4-33.9 0L160 255.9l-96.4 96.4c-9.4 9.4-24.6 9.4-33.9 0L7 329.7c-9.4-9.4-9.4-24.6 0-33.9l136-136c9.4-9.5 24.6-9.5 34-.1z\"><\/path><\/svg><\/span>\n\t\t\t\t\t\t\t\t\t\t\t\t\t<\/span>\n\t\t\t\t\t\t\t\t\t\t\t\t<a class=\"elementor-toggle-title\" tabindex=\"0\">Pourquoi nous choisir pour traiter votre trouble temporo-mandibulaire \u00e0 Velez-Malaga ?<\/a>\n\t\t\t\t\t<\/h3>\n\n\t\t\t\t\t<div id=\"elementor-tab-content-2408\" class=\"elementor-tab-content elementor-clearfix\" data-tab=\"8\" role=\"region\" aria-labelledby=\"elementor-tab-title-2408\"><p>Chez <strong>Antonio Mart\u00ednez Cl\u00ednica Dental<\/strong>, nous sommes sp\u00e9cialis\u00e9s dans le diagnostic et le traitement des troubles temporo-mandibulaires (TMD). Voici les raisons pour lesquelles nous sommes votre meilleure option \u00e0 Velez-Malaga : <\/p>\n<ol>\n<li>\n<p><strong>\u00c9quipe multidisciplinaire sp\u00e9cialis\u00e9e<\/strong>: notre \u00e9quipe est compos\u00e9e de professionnels ayant une grande exp\u00e9rience dans la prise en charge des troubles musculo-squelettiques.<\/p>\n<\/li>\n<li>\n<p><strong>Traitements personnalis\u00e9s<\/strong>: chaque patient est unique. Nous proposons des plans de traitement individualis\u00e9s. <\/p>\n<\/li>\n<li>\n<p><strong>Technologie de pointe<\/strong>: nous disposons d&rsquo;un \u00e9quipement de pointe qui nous permet d&rsquo;\u00e9tablir des diagnostics pr\u00e9cis et de proposer des traitements efficaces.<\/p>\n<\/li>\n<li>\n<p><strong>Un emplacement pratique<\/strong>: Nous sommes situ\u00e9s au centre de Velez-Malaga, ce qui facilite l&rsquo;acc\u00e8s et offre un environnement confortable et accueillant \u00e0 nos patients.<\/p>\n<\/li>\n<\/ol>\n<\/div>\n\t\t\t\t<\/div>\n\t\t\t\t\t\t\t\t<\/div>\n\t\t\t\t\t\t<\/div>\n\t\t\t\t<\/div>\n\t\t\t\t<div class=\"elementor-element elementor-element-8af8fd6 elementor-widget__width-initial elementor-widget-tablet__width-inherit elementor-widget elementor-widget-toggle\" data-id=\"8af8fd6\" data-element_type=\"widget\" data-e-type=\"widget\" data-widget_type=\"toggle.default\">\n\t\t\t\t<div class=\"elementor-widget-container\">\n\t\t\t\t\t\t\t<div class=\"elementor-toggle\">\n\t\t\t\t\t\t\t<div class=\"elementor-toggle-item\">\n\t\t\t\t\t<h3 id=\"elementor-tab-title-1451\" class=\"elementor-tab-title\" data-tab=\"1\" role=\"button\" aria-controls=\"elementor-tab-content-1451\" aria-expanded=\"false\">\n\t\t\t\t\t\t\t\t\t\t\t\t<span class=\"elementor-toggle-icon elementor-toggle-icon-right\" aria-hidden=\"true\">\n\t\t\t\t\t\t\t\t\t\t\t\t\t\t\t<span class=\"elementor-toggle-icon-closed\"><svg class=\"e-font-icon-svg e-fas-angle-down\" viewBox=\"0 0 320 512\" xmlns=\"http:\/\/www.w3.org\/2000\/svg\"><path d=\"M143 352.3L7 216.3c-9.4-9.4-9.4-24.6 0-33.9l22.6-22.6c9.4-9.4 24.6-9.4 33.9 0l96.4 96.4 96.4-96.4c9.4-9.4 24.6-9.4 33.9 0l22.6 22.6c9.4 9.4 9.4 24.6 0 33.9l-136 136c-9.2 9.4-24.4 9.4-33.8 0z\"><\/path><\/svg><\/span>\n\t\t\t\t\t\t\t\t<span class=\"elementor-toggle-icon-opened\"><svg class=\"elementor-toggle-icon-opened e-font-icon-svg e-fas-angle-up\" viewBox=\"0 0 320 512\" xmlns=\"http:\/\/www.w3.org\/2000\/svg\"><path d=\"M177 159.7l136 136c9.4 9.4 9.4 24.6 0 33.9l-22.6 22.6c-9.4 9.4-24.6 9.4-33.9 0L160 255.9l-96.4 96.4c-9.4 9.4-24.6 9.4-33.9 0L7 329.7c-9.4-9.4-9.4-24.6 0-33.9l136-136c9.4-9.5 24.6-9.5 34-.1z\"><\/path><\/svg><\/span>\n\t\t\t\t\t\t\t\t\t\t\t\t\t<\/span>\n\t\t\t\t\t\t\t\t\t\t\t\t<a class=\"elementor-toggle-title\" tabindex=\"0\">Les dents de sagesse peuvent-elles provoquer des douleurs \u00e0 la m\u00e2choire ?<\/a>\n\t\t\t\t\t<\/h3>\n\n\t\t\t\t\t<div id=\"elementor-tab-content-1451\" class=\"elementor-tab-content elementor-clearfix\" data-tab=\"1\" role=\"region\" aria-labelledby=\"elementor-tab-title-1451\"><p>Oui, les dents de sagesse peuvent provoquer des douleurs \u00e0 la m\u00e2choire si elles sont incluses, mal positionn\u00e9es ou si elles exercent une pression sur les dents voisines. Elles peuvent \u00e9galement enflammer les gencives et affecter l&rsquo;articulation temporo-mandibulaire. <\/p>\n<\/div>\n\t\t\t\t<\/div>\n\t\t\t\t\t\t\t<div class=\"elementor-toggle-item\">\n\t\t\t\t\t<h3 id=\"elementor-tab-title-1452\" class=\"elementor-tab-title\" data-tab=\"2\" role=\"button\" aria-controls=\"elementor-tab-content-1452\" aria-expanded=\"false\">\n\t\t\t\t\t\t\t\t\t\t\t\t<span class=\"elementor-toggle-icon elementor-toggle-icon-right\" aria-hidden=\"true\">\n\t\t\t\t\t\t\t\t\t\t\t\t\t\t\t<span class=\"elementor-toggle-icon-closed\"><svg class=\"e-font-icon-svg e-fas-angle-down\" viewBox=\"0 0 320 512\" xmlns=\"http:\/\/www.w3.org\/2000\/svg\"><path d=\"M143 352.3L7 216.3c-9.4-9.4-9.4-24.6 0-33.9l22.6-22.6c9.4-9.4 24.6-9.4 33.9 0l96.4 96.4 96.4-96.4c9.4-9.4 24.6-9.4 33.9 0l22.6 22.6c9.4 9.4 9.4 24.6 0 33.9l-136 136c-9.2 9.4-24.4 9.4-33.8 0z\"><\/path><\/svg><\/span>\n\t\t\t\t\t\t\t\t<span class=\"elementor-toggle-icon-opened\"><svg class=\"elementor-toggle-icon-opened e-font-icon-svg e-fas-angle-up\" viewBox=\"0 0 320 512\" xmlns=\"http:\/\/www.w3.org\/2000\/svg\"><path d=\"M177 159.7l136 136c9.4 9.4 9.4 24.6 0 33.9l-22.6 22.6c-9.4 9.4-24.6 9.4-33.9 0L160 255.9l-96.4 96.4c-9.4 9.4-24.6 9.4-33.9 0L7 329.7c-9.4-9.4-9.4-24.6 0-33.9l136-136c9.4-9.5 24.6-9.5 34-.1z\"><\/path><\/svg><\/span>\n\t\t\t\t\t\t\t\t\t\t\t\t\t<\/span>\n\t\t\t\t\t\t\t\t\t\t\t\t<a class=\"elementor-toggle-title\" tabindex=\"0\">Une douleur \u00e0 la m\u00e2choire peut-elle \u00eatre caus\u00e9e par le stress ?<\/a>\n\t\t\t\t\t<\/h3>\n\n\t\t\t\t\t<div id=\"elementor-tab-content-1452\" class=\"elementor-tab-content elementor-clearfix\" data-tab=\"2\" role=\"region\" aria-labelledby=\"elementor-tab-title-1452\"><p>Oui, le stress peut provoquer une tension dans les muscles de la m\u00e2choire, entra\u00eenant un serrement ou un grincement des dents (bruxisme), ce qui provoque des douleurs dans la m\u00e2choire et l&rsquo;articulation temporo-mandibulaire.<\/p>\n<\/div>\n\t\t\t\t<\/div>\n\t\t\t\t\t\t\t<div class=\"elementor-toggle-item\">\n\t\t\t\t\t<h3 id=\"elementor-tab-title-1453\" class=\"elementor-tab-title\" data-tab=\"3\" role=\"button\" aria-controls=\"elementor-tab-content-1453\" aria-expanded=\"false\">\n\t\t\t\t\t\t\t\t\t\t\t\t<span class=\"elementor-toggle-icon elementor-toggle-icon-right\" aria-hidden=\"true\">\n\t\t\t\t\t\t\t\t\t\t\t\t\t\t\t<span class=\"elementor-toggle-icon-closed\"><svg class=\"e-font-icon-svg e-fas-angle-down\" viewBox=\"0 0 320 512\" xmlns=\"http:\/\/www.w3.org\/2000\/svg\"><path d=\"M143 352.3L7 216.3c-9.4-9.4-9.4-24.6 0-33.9l22.6-22.6c9.4-9.4 24.6-9.4 33.9 0l96.4 96.4 96.4-96.4c9.4-9.4 24.6-9.4 33.9 0l22.6 22.6c9.4 9.4 9.4 24.6 0 33.9l-136 136c-9.2 9.4-24.4 9.4-33.8 0z\"><\/path><\/svg><\/span>\n\t\t\t\t\t\t\t\t<span class=\"elementor-toggle-icon-opened\"><svg class=\"elementor-toggle-icon-opened e-font-icon-svg e-fas-angle-up\" viewBox=\"0 0 320 512\" xmlns=\"http:\/\/www.w3.org\/2000\/svg\"><path d=\"M177 159.7l136 136c9.4 9.4 9.4 24.6 0 33.9l-22.6 22.6c-9.4 9.4-24.6 9.4-33.9 0L160 255.9l-96.4 96.4c-9.4 9.4-24.6 9.4-33.9 0L7 329.7c-9.4-9.4-9.4-24.6 0-33.9l136-136c9.4-9.5 24.6-9.5 34-.1z\"><\/path><\/svg><\/span>\n\t\t\t\t\t\t\t\t\t\t\t\t\t<\/span>\n\t\t\t\t\t\t\t\t\t\t\t\t<a class=\"elementor-toggle-title\" tabindex=\"0\">Pourquoi ai-je mal \u00e0 la m\u00e2choire ?<\/a>\n\t\t\t\t\t<\/h3>\n\n\t\t\t\t\t<div id=\"elementor-tab-content-1453\" class=\"elementor-tab-content elementor-clearfix\" data-tab=\"3\" role=\"region\" aria-labelledby=\"elementor-tab-title-1453\"><p>Les douleurs de la m\u00e2choire peuvent avoir des causes multiples, telles que les troubles de l&rsquo;articulation temporo-mandibulaire, le bruxisme, le stress, les dents de sagesse, un mauvais alignement de l&rsquo;occlusion ou une blessure dans la r\u00e9gion.<\/p>\n<\/div>\n\t\t\t\t<\/div>\n\t\t\t\t\t\t\t<div class=\"elementor-toggle-item\">\n\t\t\t\t\t<h3 id=\"elementor-tab-title-1454\" class=\"elementor-tab-title\" data-tab=\"4\" role=\"button\" aria-controls=\"elementor-tab-content-1454\" aria-expanded=\"false\">\n\t\t\t\t\t\t\t\t\t\t\t\t<span class=\"elementor-toggle-icon elementor-toggle-icon-right\" aria-hidden=\"true\">\n\t\t\t\t\t\t\t\t\t\t\t\t\t\t\t<span class=\"elementor-toggle-icon-closed\"><svg class=\"e-font-icon-svg e-fas-angle-down\" viewBox=\"0 0 320 512\" xmlns=\"http:\/\/www.w3.org\/2000\/svg\"><path d=\"M143 352.3L7 216.3c-9.4-9.4-9.4-24.6 0-33.9l22.6-22.6c9.4-9.4 24.6-9.4 33.9 0l96.4 96.4 96.4-96.4c9.4-9.4 24.6-9.4 33.9 0l22.6 22.6c9.4 9.4 9.4 24.6 0 33.9l-136 136c-9.2 9.4-24.4 9.4-33.8 0z\"><\/path><\/svg><\/span>\n\t\t\t\t\t\t\t\t<span class=\"elementor-toggle-icon-opened\"><svg class=\"elementor-toggle-icon-opened e-font-icon-svg e-fas-angle-up\" viewBox=\"0 0 320 512\" xmlns=\"http:\/\/www.w3.org\/2000\/svg\"><path d=\"M177 159.7l136 136c9.4 9.4 9.4 24.6 0 33.9l-22.6 22.6c-9.4 9.4-24.6 9.4-33.9 0L160 255.9l-96.4 96.4c-9.4 9.4-24.6 9.4-33.9 0L7 329.7c-9.4-9.4-9.4-24.6 0-33.9l136-136c9.4-9.5 24.6-9.5 34-.1z\"><\/path><\/svg><\/span>\n\t\t\t\t\t\t\t\t\t\t\t\t\t<\/span>\n\t\t\t\t\t\t\t\t\t\t\t\t<a class=\"elementor-toggle-title\" tabindex=\"0\">Quels sont les soins \u00e0 apporter \u00e0 l'attelle de d\u00e9charge ?<\/a>\n\t\t\t\t\t<\/h3>\n\n\t\t\t\t\t<div id=\"elementor-tab-content-1454\" class=\"elementor-tab-content elementor-clearfix\" data-tab=\"4\" role=\"region\" aria-labelledby=\"elementor-tab-title-1454\"><p>L&rsquo;attelle doit \u00eatre nettoy\u00e9e apr\u00e8s chaque utilisation avec de l&rsquo;eau ti\u00e8de et du savon neutre, s\u00e9ch\u00e9e soigneusement, puis stock\u00e9e dans un \u00e9tui ventil\u00e9, en \u00e9vitant l&rsquo;exposition \u00e0 des temp\u00e9ratures \u00e9lev\u00e9es afin d&rsquo;\u00e9viter toute d\u00e9formation.<\/p>\n<\/div>\n\t\t\t\t<\/div>\n\t\t\t\t\t\t\t<div class=\"elementor-toggle-item\">\n\t\t\t\t\t<h3 id=\"elementor-tab-title-1455\" class=\"elementor-tab-title\" data-tab=\"5\" role=\"button\" aria-controls=\"elementor-tab-content-1455\" aria-expanded=\"false\">\n\t\t\t\t\t\t\t\t\t\t\t\t<span class=\"elementor-toggle-icon elementor-toggle-icon-right\" aria-hidden=\"true\">\n\t\t\t\t\t\t\t\t\t\t\t\t\t\t\t<span class=\"elementor-toggle-icon-closed\"><svg class=\"e-font-icon-svg e-fas-angle-down\" viewBox=\"0 0 320 512\" xmlns=\"http:\/\/www.w3.org\/2000\/svg\"><path d=\"M143 352.3L7 216.3c-9.4-9.4-9.4-24.6 0-33.9l22.6-22.6c9.4-9.4 24.6-9.4 33.9 0l96.4 96.4 96.4-96.4c9.4-9.4 24.6-9.4 33.9 0l22.6 22.6c9.4 9.4 9.4 24.6 0 33.9l-136 136c-9.2 9.4-24.4 9.4-33.8 0z\"><\/path><\/svg><\/span>\n\t\t\t\t\t\t\t\t<span class=\"elementor-toggle-icon-opened\"><svg class=\"elementor-toggle-icon-opened e-font-icon-svg e-fas-angle-up\" viewBox=\"0 0 320 512\" xmlns=\"http:\/\/www.w3.org\/2000\/svg\"><path d=\"M177 159.7l136 136c9.4 9.4 9.4 24.6 0 33.9l-22.6 22.6c-9.4 9.4-24.6 9.4-33.9 0L160 255.9l-96.4 96.4c-9.4 9.4-24.6 9.4-33.9 0L7 329.7c-9.4-9.4-9.4-24.6 0-33.9l136-136c9.4-9.5 24.6-9.5 34-.1z\"><\/path><\/svg><\/span>\n\t\t\t\t\t\t\t\t\t\t\t\t\t<\/span>\n\t\t\t\t\t\t\t\t\t\t\t\t<a class=\"elementor-toggle-title\" tabindex=\"0\">L'attelle de d\u00e9charge peut-elle aider \u00e0 soulager les maux de t\u00eate ?<\/a>\n\t\t\t\t\t<\/h3>\n\n\t\t\t\t\t<div id=\"elementor-tab-content-1455\" class=\"elementor-tab-content elementor-clearfix\" data-tab=\"5\" role=\"region\" aria-labelledby=\"elementor-tab-title-1455\"><p>Oui, une attelle de d\u00e9charge peut soulager les maux de t\u00eate li\u00e9s au bruxisme ou aux troubles de l&rsquo;articulation temporo-mandibulaire en r\u00e9duisant la tension musculaire et en prot\u00e9geant les dents d&rsquo;une pression excessive.<\/p>\n<\/div>\n\t\t\t\t<\/div>\n\t\t\t\t\t\t\t<div class=\"elementor-toggle-item\">\n\t\t\t\t\t<h3 id=\"elementor-tab-title-1456\" class=\"elementor-tab-title\" data-tab=\"6\" role=\"button\" aria-controls=\"elementor-tab-content-1456\" aria-expanded=\"false\">\n\t\t\t\t\t\t\t\t\t\t\t\t<span class=\"elementor-toggle-icon elementor-toggle-icon-right\" aria-hidden=\"true\">\n\t\t\t\t\t\t\t\t\t\t\t\t\t\t\t<span class=\"elementor-toggle-icon-closed\"><svg class=\"e-font-icon-svg e-fas-angle-down\" viewBox=\"0 0 320 512\" xmlns=\"http:\/\/www.w3.org\/2000\/svg\"><path d=\"M143 352.3L7 216.3c-9.4-9.4-9.4-24.6 0-33.9l22.6-22.6c9.4-9.4 24.6-9.4 33.9 0l96.4 96.4 96.4-96.4c9.4-9.4 24.6-9.4 33.9 0l22.6 22.6c9.4 9.4 9.4 24.6 0 33.9l-136 136c-9.2 9.4-24.4 9.4-33.8 0z\"><\/path><\/svg><\/span>\n\t\t\t\t\t\t\t\t<span class=\"elementor-toggle-icon-opened\"><svg class=\"elementor-toggle-icon-opened e-font-icon-svg e-fas-angle-up\" viewBox=\"0 0 320 512\" xmlns=\"http:\/\/www.w3.org\/2000\/svg\"><path d=\"M177 159.7l136 136c9.4 9.4 9.4 24.6 0 33.9l-22.6 22.6c-9.4 9.4-24.6 9.4-33.9 0L160 255.9l-96.4 96.4c-9.4 9.4-24.6 9.4-33.9 0L7 329.7c-9.4-9.4-9.4-24.6 0-33.9l136-136c9.4-9.5 24.6-9.5 34-.1z\"><\/path><\/svg><\/span>\n\t\t\t\t\t\t\t\t\t\t\t\t\t<\/span>\n\t\t\t\t\t\t\t\t\t\t\t\t<a class=\"elementor-toggle-title\" tabindex=\"0\">Pourquoi ai-je besoin d'une attelle de d\u00e9charge ?<\/a>\n\t\t\t\t\t<\/h3>\n\n\t\t\t\t\t<div id=\"elementor-tab-content-1456\" class=\"elementor-tab-content elementor-clearfix\" data-tab=\"6\" role=\"region\" aria-labelledby=\"elementor-tab-title-1456\"><p>Vous avez besoin d&rsquo;une attelle de d\u00e9charge si vous souffrez de bruxisme, de douleurs musculaires \u00e0 la m\u00e2choire ou de troubles de l&rsquo;articulation temporo-mandibulaire. Ce dispositif prot\u00e8ge vos dents de l&rsquo;usure, r\u00e9duit la tension musculaire et soulage l&rsquo;inconfort associ\u00e9. <\/p>\n<\/div>\n\t\t\t\t<\/div>\n\t\t\t\t\t\t\t<div class=\"elementor-toggle-item\">\n\t\t\t\t\t<h3 id=\"elementor-tab-title-1457\" class=\"elementor-tab-title\" data-tab=\"7\" role=\"button\" aria-controls=\"elementor-tab-content-1457\" aria-expanded=\"false\">\n\t\t\t\t\t\t\t\t\t\t\t\t<span class=\"elementor-toggle-icon elementor-toggle-icon-right\" aria-hidden=\"true\">\n\t\t\t\t\t\t\t\t\t\t\t\t\t\t\t<span class=\"elementor-toggle-icon-closed\"><svg class=\"e-font-icon-svg e-fas-angle-down\" viewBox=\"0 0 320 512\" xmlns=\"http:\/\/www.w3.org\/2000\/svg\"><path d=\"M143 352.3L7 216.3c-9.4-9.4-9.4-24.6 0-33.9l22.6-22.6c9.4-9.4 24.6-9.4 33.9 0l96.4 96.4 96.4-96.4c9.4-9.4 24.6-9.4 33.9 0l22.6 22.6c9.4 9.4 9.4 24.6 0 33.9l-136 136c-9.2 9.4-24.4 9.4-33.8 0z\"><\/path><\/svg><\/span>\n\t\t\t\t\t\t\t\t<span class=\"elementor-toggle-icon-opened\"><svg class=\"elementor-toggle-icon-opened e-font-icon-svg e-fas-angle-up\" viewBox=\"0 0 320 512\" xmlns=\"http:\/\/www.w3.org\/2000\/svg\"><path d=\"M177 159.7l136 136c9.4 9.4 9.4 24.6 0 33.9l-22.6 22.6c-9.4 9.4-24.6 9.4-33.9 0L160 255.9l-96.4 96.4c-9.4 9.4-24.6 9.4-33.9 0L7 329.7c-9.4-9.4-9.4-24.6 0-33.9l136-136c9.4-9.5 24.6-9.5 34-.1z\"><\/path><\/svg><\/span>\n\t\t\t\t\t\t\t\t\t\t\t\t\t<\/span>\n\t\t\t\t\t\t\t\t\t\t\t\t<a class=\"elementor-toggle-title\" tabindex=\"0\">Comment r\u00e9soudre ma douleur \u00e0 la m\u00e2choire \u00e0 V\u00e9lez-M\u00e1laga ?<\/a>\n\t\t\t\t\t<\/h3>\n\n\t\t\t\t\t<div id=\"elementor-tab-content-1457\" class=\"elementor-tab-content elementor-clearfix\" data-tab=\"7\" role=\"region\" aria-labelledby=\"elementor-tab-title-1457\"><p>Un bon sp\u00e9cialiste de l&rsquo;ATM doit avoir une exp\u00e9rience sp\u00e9cifique dans le diagnostic et le traitement des troubles temporo-mandibulaires. \u00c0 <strong>Antonio Mart\u00ednez Cl\u00ednica Dental<\/strong>, nous sommes les leaders de V\u00e9lez-M\u00e1laga dans ce domaine, car nous combinons des ann\u00e9es de pratique avec une formation continue. <\/p>\n<p>Nous sommes situ\u00e9s dans le centre de Velez-Malaga, offrant un environnement confortable et accessible. Notre \u00e9quipe veille \u00e0 ce que chaque patient re\u00e7oive un traitement attentif, respectueux et engag\u00e9. <\/p>\n<h3> <\/h3>\n<\/div>\n\t\t\t\t<\/div>\n\t\t\t\t\t\t\t\t<\/div>\n\t\t\t\t\t\t<\/div>\n\t\t\t\t<\/div>\n\t\t\t\t<\/div>\n\t\t\t\t<\/div>\n\t\t<div class=\"elementor-element elementor-element-309bea3 e-con-full elementor-hidden-tablet elementor-hidden-mobile e-flex e-con e-parent\" data-id=\"309bea3\" data-element_type=\"container\" data-e-type=\"container\" data-settings=\"{&quot;background_background&quot;:&quot;classic&quot;,&quot;background_motion_fx_motion_fx_scrolling&quot;:&quot;yes&quot;,&quot;background_motion_fx_devices&quot;:[&quot;desktop&quot;,&quot;tablet_extra&quot;,&quot;tablet&quot;,&quot;mobile&quot;]}\">\n\t\t\t\t<\/div>\n\t\t<div class=\"elementor-element elementor-element-763675c e-flex e-con-boxed e-con e-parent\" data-id=\"763675c\" data-element_type=\"container\" data-e-type=\"container\" data-settings=\"{&quot;background_background&quot;:&quot;classic&quot;}\">\n\t\t\t\t\t<div class=\"e-con-inner\">\n\t\t<div class=\"elementor-element elementor-element-1d9a5f0 e-con-full e-flex e-con e-child\" data-id=\"1d9a5f0\" data-element_type=\"container\" data-e-type=\"container\">\n\t\t\t\t<div class=\"elementor-element elementor-element-3353dab elementor-position-left elementor-position-left elementor-position-top elementor-vertical-align-middle elementor-vertical-align-middle elementor-widget elementor-widget-image-box\" data-id=\"3353dab\" data-element_type=\"widget\" data-e-type=\"widget\" data-widget_type=\"image-box.default\">\n\t\t\t\t<div class=\"elementor-widget-container\">\n\t\t\t\t\t<div class=\"elementor-image-box-wrapper\"><figure class=\"elementor-image-box-img\"><img loading=\"lazy\" decoding=\"async\" width=\"512\" height=\"512\" src=\"https:\/\/antoniomartinezclinicadental.com\/wp-content\/uploads\/2024\/11\/4100325.webp\" class=\"attachment-full size-full wp-image-13618\" alt=\"\" srcset=\"https:\/\/antoniomartinezclinicadental.com\/wp-content\/uploads\/2024\/11\/4100325.webp 512w, https:\/\/antoniomartinezclinicadental.com\/wp-content\/uploads\/2024\/11\/4100325-300x300.webp 300w, https:\/\/antoniomartinezclinicadental.com\/wp-content\/uploads\/2024\/11\/4100325-150x150.webp 150w\" sizes=\"(max-width: 512px) 100vw, 512px\" \/><\/figure><div class=\"elementor-image-box-content\"><h5 class=\"elementor-image-box-title\">EXP\u00c9RIENCE<\/h5><p class=\"elementor-image-box-description\">Nous proposons des traitements des troubles temporo-mandibulaires \u00e0 l'aide d'une technologie de pointe, offrant des solutions s\u00fbres, fonctionnelles et esth\u00e9tiques pour restaurer votre sourire.<\/p><\/div><\/div>\t\t\t\t<\/div>\n\t\t\t\t<\/div>\n\t\t\t\t<div class=\"elementor-element elementor-element-8829eb4 elementor-position-left elementor-position-left elementor-position-top elementor-vertical-align-middle elementor-vertical-align-middle elementor-widget elementor-widget-image-box\" data-id=\"8829eb4\" data-element_type=\"widget\" data-e-type=\"widget\" data-widget_type=\"image-box.default\">\n\t\t\t\t<div class=\"elementor-widget-container\">\n\t\t\t\t\t<div class=\"elementor-image-box-wrapper\"><figure class=\"elementor-image-box-img\"><img loading=\"lazy\" decoding=\"async\" width=\"225\" height=\"225\" src=\"https:\/\/antoniomartinezclinicadental.com\/wp-content\/uploads\/2024\/11\/descarga-removebg-preview.webp\" class=\"attachment-full size-full wp-image-13619\" alt=\"\" srcset=\"https:\/\/antoniomartinezclinicadental.com\/wp-content\/uploads\/2024\/11\/descarga-removebg-preview.webp 225w, https:\/\/antoniomartinezclinicadental.com\/wp-content\/uploads\/2024\/11\/descarga-removebg-preview-150x150.webp 150w\" sizes=\"(max-width: 225px) 100vw, 225px\" \/><\/figure><div class=\"elementor-image-box-content\"><h5 class=\"elementor-image-box-title\">M\u00c9DECINS QUALIFI\u00c9S<\/h5><p class=\"elementor-image-box-description\">Nous disposons d'une \u00e9quipe de sp\u00e9cialistes des troubles temporo-mandibulaires qui s'engagent \u00e0 fournir des traitements s\u00fbrs, pr\u00e9cis et de haute qualit\u00e9 pour restaurer votre sourire.<\/p><\/div><\/div>\t\t\t\t<\/div>\n\t\t\t\t<\/div>\n\t\t\t\t<div class=\"elementor-element elementor-element-437b35f elementor-position-left elementor-position-left elementor-position-top elementor-vertical-align-middle elementor-vertical-align-middle elementor-widget elementor-widget-image-box\" data-id=\"437b35f\" data-element_type=\"widget\" data-e-type=\"widget\" data-widget_type=\"image-box.default\">\n\t\t\t\t<div class=\"elementor-widget-container\">\n\t\t\t\t\t<div class=\"elementor-image-box-wrapper\"><figure class=\"elementor-image-box-img\"><img loading=\"lazy\" decoding=\"async\" width=\"556\" height=\"449\" src=\"https:\/\/antoniomartinezclinicadental.com\/wp-content\/uploads\/2024\/11\/png-clipart-dentistry-computer-icons-fluoride-technology-angle-electronics-removebg-preview.webp\" class=\"attachment-full size-full wp-image-13620\" alt=\"\" srcset=\"https:\/\/antoniomartinezclinicadental.com\/wp-content\/uploads\/2024\/11\/png-clipart-dentistry-computer-icons-fluoride-technology-angle-electronics-removebg-preview.webp 556w, https:\/\/antoniomartinezclinicadental.com\/wp-content\/uploads\/2024\/11\/png-clipart-dentistry-computer-icons-fluoride-technology-angle-electronics-removebg-preview-300x242.webp 300w\" sizes=\"(max-width: 556px) 100vw, 556px\" \/><\/figure><div class=\"elementor-image-box-content\"><h5 class=\"elementor-image-box-title\">LES DERNI\u00c8RES TECHNOLOGIES DENTAIRES<\/h5><p class=\"elementor-image-box-description\">Nous disposons des derni\u00e8res technologies et techniques avanc\u00e9es qui nous permettent d'am\u00e9liorer les r\u00e9sultats et de raccourcir les traitements.<\/p><\/div><\/div>\t\t\t\t<\/div>\n\t\t\t\t<\/div>\n\t\t\t\t<div class=\"elementor-element elementor-element-9eb4fca elementor-position-left elementor-position-left elementor-position-top elementor-vertical-align-middle elementor-vertical-align-middle elementor-widget elementor-widget-image-box\" data-id=\"9eb4fca\" data-element_type=\"widget\" data-e-type=\"widget\" data-widget_type=\"image-box.default\">\n\t\t\t\t<div class=\"elementor-widget-container\">\n\t\t\t\t\t<div class=\"elementor-image-box-wrapper\"><figure class=\"elementor-image-box-img\"><img loading=\"lazy\" decoding=\"async\" width=\"500\" height=\"500\" src=\"https:\/\/antoniomartinezclinicadental.com\/wp-content\/uploads\/2024\/11\/icono-del-reloj-133485155-removebg-preview.webp\" class=\"attachment-full size-full wp-image-13621\" alt=\"\" srcset=\"https:\/\/antoniomartinezclinicadental.com\/wp-content\/uploads\/2024\/11\/icono-del-reloj-133485155-removebg-preview.webp 500w, https:\/\/antoniomartinezclinicadental.com\/wp-content\/uploads\/2024\/11\/icono-del-reloj-133485155-removebg-preview-300x300.webp 300w, https:\/\/antoniomartinezclinicadental.com\/wp-content\/uploads\/2024\/11\/icono-del-reloj-133485155-removebg-preview-150x150.webp 150w\" sizes=\"(max-width: 500px) 100vw, 500px\" \/><\/figure><div class=\"elementor-image-box-content\"><h5 class=\"elementor-image-box-title\">HORAIRES<\/h5><p class=\"elementor-image-box-description\">La Cl\u00ednica Dental Antonio Mart\u00ednez est ouverte du <b>lundi au vendredi de 9h00 \u00e0 13h00 et de 16h00 \u00e0 20h00<\/b>.<\/p><\/div><\/div>\t\t\t\t<\/div>\n\t\t\t\t<\/div>\n\t\t\t\t<\/div>\n\t\t<div class=\"elementor-element elementor-element-b2f4c0d e-con-full elementor-hidden-tablet elementor-hidden-mobile e-flex e-con e-child\" data-id=\"b2f4c0d\" data-element_type=\"container\" data-e-type=\"container\" data-settings=\"{&quot;background_background&quot;:&quot;classic&quot;}\">\n\t\t\t\t<div class=\"elementor-element elementor-element-4a420cc elementor-widget elementor-widget-spacer\" data-id=\"4a420cc\" data-element_type=\"widget\" data-e-type=\"widget\" data-widget_type=\"spacer.default\">\n\t\t\t\t<div class=\"elementor-widget-container\">\n\t\t\t\t\t\t\t<div class=\"elementor-spacer\">\n\t\t\t<div class=\"elementor-spacer-inner\"><\/div>\n\t\t<\/div>\n\t\t\t\t\t\t<\/div>\n\t\t\t\t<\/div>\n\t\t\t\t<\/div>\n\t\t\t\t\t<\/div>\n\t\t\t\t<\/div>\n\t\t<div class=\"elementor-element elementor-element-04bab51 e-con-full e-flex e-con e-parent\" data-id=\"04bab51\" data-element_type=\"container\" data-e-type=\"container\" data-settings=\"{&quot;background_background&quot;:&quot;classic&quot;}\">\n\t\t<div class=\"elementor-element elementor-element-e1c536b e-con-full e-flex e-con e-child\" data-id=\"e1c536b\" data-element_type=\"container\" data-e-type=\"container\">\n\t\t\t\t<div class=\"elementor-element elementor-element-97b496e elementor-widget-tablet_extra__width-inherit elementor-widget__width-inherit elementor-widget elementor-widget-text-editor\" data-id=\"97b496e\" data-element_type=\"widget\" data-e-type=\"widget\" data-widget_type=\"text-editor.default\">\n\t\t\t\t<div class=\"elementor-widget-container\">\n\t\t\t\t\t\t\t\t\t<div><h2 style=\"font-family: Raleway, sans-serif; font-weight: 300; color: #1a3d4d;\">Prenez rendez-vous avec nous<\/h2><\/div>\t\t\t\t\t\t\t\t<\/div>\n\t\t\t\t<\/div>\n\t\t<div class=\"elementor-element elementor-element-7aba9a1 e-con-full e-grid e-con e-child\" data-id=\"7aba9a1\" data-element_type=\"container\" data-e-type=\"container\">\n\t\t\t\t<div class=\"elementor-element elementor-element-851196d elementor-align-right elementor-widget__width-initial elementor-mobile-align-center elementor-widget-tablet_extra__width-inherit elementor-tablet-align-right elementor-widget elementor-widget-button\" data-id=\"851196d\" data-element_type=\"widget\" data-e-type=\"widget\" data-widget_type=\"button.default\">\n\t\t\t\t<div class=\"elementor-widget-container\">\n\t\t\t\t\t\t\t\t\t<div class=\"elementor-button-wrapper\">\n\t\t\t\t\t<a class=\"elementor-button elementor-button-link elementor-size-sm\" href=\"https:\/\/antoniomartinezclinicadental.com\/fr\/contact\/\">\n\t\t\t\t\t\t<span class=\"elementor-button-content-wrapper\">\n\t\t\t\t\t\t<span class=\"elementor-button-icon\">\n\t\t\t\t<svg aria-hidden=\"true\" class=\"e-font-icon-svg e-far-address-book\" viewBox=\"0 0 448 512\" xmlns=\"http:\/\/www.w3.org\/2000\/svg\"><path d=\"M436 160c6.6 0 12-5.4 12-12v-40c0-6.6-5.4-12-12-12h-20V48c0-26.5-21.5-48-48-48H48C21.5 0 0 21.5 0 48v416c0 26.5 21.5 48 48 48h320c26.5 0 48-21.5 48-48v-48h20c6.6 0 12-5.4 12-12v-40c0-6.6-5.4-12-12-12h-20v-64h20c6.6 0 12-5.4 12-12v-40c0-6.6-5.4-12-12-12h-20v-64h20zm-68 304H48V48h320v416zM208 256c35.3 0 64-28.7 64-64s-28.7-64-64-64-64 28.7-64 64 28.7 64 64 64zm-89.6 128h179.2c12.4 0 22.4-8.6 22.4-19.2v-19.2c0-31.8-30.1-57.6-67.2-57.6-10.8 0-18.7 8-44.8 8-26.9 0-33.4-8-44.8-8-37.1 0-67.2 25.8-67.2 57.6v19.2c0 10.6 10 19.2 22.4 19.2z\"><\/path><\/svg>\t\t\t<\/span>\n\t\t\t\t\t\t\t\t\t<span class=\"elementor-button-text\">Contact<\/span>\n\t\t\t\t\t<\/span>\n\t\t\t\t\t<\/a>\n\t\t\t\t<\/div>\n\t\t\t\t\t\t\t\t<\/div>\n\t\t\t\t<\/div>\n\t\t\t\t<div class=\"elementor-element elementor-element-524c635 elementor-align-left elementor-widget__width-initial elementor-tablet_extra-align-left elementor-mobile-align-center elementor-widget-tablet_extra__width-inherit elementor-tablet-align-left elementor-widget elementor-widget-button\" data-id=\"524c635\" data-element_type=\"widget\" data-e-type=\"widget\" data-widget_type=\"button.default\">\n\t\t\t\t<div class=\"elementor-widget-container\">\n\t\t\t\t\t\t\t\t\t<div class=\"elementor-button-wrapper\">\n\t\t\t\t\t<a class=\"elementor-button elementor-button-link elementor-size-sm\" href=\"tel:+34692978801\">\n\t\t\t\t\t\t<span class=\"elementor-button-content-wrapper\">\n\t\t\t\t\t\t<span class=\"elementor-button-icon\">\n\t\t\t\t<svg aria-hidden=\"true\" class=\"e-font-icon-svg e-fas-phone-volume\" viewBox=\"0 0 384 512\" xmlns=\"http:\/\/www.w3.org\/2000\/svg\"><path d=\"M97.333 506.966c-129.874-129.874-129.681-340.252 0-469.933 5.698-5.698 14.527-6.632 21.263-2.422l64.817 40.513a17.187 17.187 0 0 1 6.849 20.958l-32.408 81.021a17.188 17.188 0 0 1-17.669 10.719l-55.81-5.58c-21.051 58.261-20.612 122.471 0 179.515l55.811-5.581a17.188 17.188 0 0 1 17.669 10.719l32.408 81.022a17.188 17.188 0 0 1-6.849 20.958l-64.817 40.513a17.19 17.19 0 0 1-21.264-2.422zM247.126 95.473c11.832 20.047 11.832 45.008 0 65.055-3.95 6.693-13.108 7.959-18.718 2.581l-5.975-5.726c-3.911-3.748-4.793-9.622-2.261-14.41a32.063 32.063 0 0 0 0-29.945c-2.533-4.788-1.65-10.662 2.261-14.41l5.975-5.726c5.61-5.378 14.768-4.112 18.718 2.581zm91.787-91.187c60.14 71.604 60.092 175.882 0 247.428-4.474 5.327-12.53 5.746-17.552.933l-5.798-5.557c-4.56-4.371-4.977-11.529-.93-16.379 49.687-59.538 49.646-145.933 0-205.422-4.047-4.85-3.631-12.008.93-16.379l5.798-5.557c5.022-4.813 13.078-4.394 17.552.933zm-45.972 44.941c36.05 46.322 36.108 111.149 0 157.546-4.39 5.641-12.697 6.251-17.856 1.304l-5.818-5.579c-4.4-4.219-4.998-11.095-1.285-15.931 26.536-34.564 26.534-82.572 0-117.134-3.713-4.836-3.115-11.711 1.285-15.931l5.818-5.579c5.159-4.947 13.466-4.337 17.856 1.304z\"><\/path><\/svg>\t\t\t<\/span>\n\t\t\t\t\t\t\t\t\t<span class=\"elementor-button-text\">Appeler<\/span>\n\t\t\t\t\t<\/span>\n\t\t\t\t\t<\/a>\n\t\t\t\t<\/div>\n\t\t\t\t\t\t\t\t<\/div>\n\t\t\t\t<\/div>\n\t\t\t\t<\/div>\n\t\t\t\t<\/div>\n\t\t\t\t<\/div>\n\t\t<div class=\"elementor-element elementor-element-73f0494 e-grid e-con-full e-con e-parent\" data-id=\"73f0494\" data-element_type=\"container\" data-e-type=\"container\" data-settings=\"{&quot;background_background&quot;:&quot;classic&quot;}\">\n\t\t\t\t<div class=\"elementor-element elementor-element-6ad96d1 elementor-align-center elementor-widget__width-initial elementor-mobile-align-center elementor-hidden-desktop elementor-widget-tablet__width-initial elementor-widget-tablet_extra__width-inherit elementor-widget elementor-widget-button\" data-id=\"6ad96d1\" data-element_type=\"widget\" data-e-type=\"widget\" data-widget_type=\"button.default\">\n\t\t\t\t<div class=\"elementor-widget-container\">\n\t\t\t\t\t\t\t\t\t<div class=\"elementor-button-wrapper\">\n\t\t\t\t\t<a class=\"elementor-button elementor-button-link elementor-size-sm\" href=\"https:\/\/maps.app.goo.gl\/DxnKhzUbq5vmMX4Z8\" target=\"_blank\">\n\t\t\t\t\t\t<span class=\"elementor-button-content-wrapper\">\n\t\t\t\t\t\t<span class=\"elementor-button-icon\">\n\t\t\t\t<svg aria-hidden=\"true\" class=\"e-font-icon-svg e-fas-map-marker-alt\" viewBox=\"0 0 384 512\" xmlns=\"http:\/\/www.w3.org\/2000\/svg\"><path d=\"M172.268 501.67C26.97 291.031 0 269.413 0 192 0 85.961 85.961 0 192 0s192 85.961 192 192c0 77.413-26.97 99.031-172.268 309.67-9.535 13.774-29.93 13.773-39.464 0zM192 272c44.183 0 80-35.817 80-80s-35.817-80-80-80-80 35.817-80 80 35.817 80 80 80z\"><\/path><\/svg>\t\t\t<\/span>\n\t\t\t\t\t\t\t\t\t<span class=\"elementor-button-text\">Comment s'y rendre<\/span>\n\t\t\t\t\t<\/span>\n\t\t\t\t\t<\/a>\n\t\t\t\t<\/div>\n\t\t\t\t\t\t\t\t<\/div>\n\t\t\t\t<\/div>\n\t\t\t\t<div class=\"elementor-element elementor-element-a31a817 elementor-widget elementor-widget-google_maps\" data-id=\"a31a817\" data-element_type=\"widget\" data-e-type=\"widget\" data-widget_type=\"google_maps.default\">\n\t\t\t\t<div class=\"elementor-widget-container\">\n\t\t\t\t\t\t\t<div class=\"elementor-custom-embed\">\n\t\t\t<iframe loading=\"lazy\"\n\t\t\t\t\tsrc=\"https:\/\/maps.google.com\/maps?q=Clinica%20Dental%20Antonio%20Martinez%2C%20C.%20Cam.%20de%20M%C3%A1laga%2C%209%2C%2029700%20V%C3%A9lez-M%C3%A1laga%2C%20M%C3%A1laga&#038;t=m&#038;z=10&#038;output=embed&#038;iwloc=near\"\n\t\t\t\t\ttitle=\"Clinica Dental Antonio Martinez, C. Cam. de M\u00e1laga, 9, 29700 V\u00e9lez-M\u00e1laga, M\u00e1laga\"\n\t\t\t\t\taria-label=\"Clinica Dental Antonio Martinez, C. Cam. de M\u00e1laga, 9, 29700 V\u00e9lez-M\u00e1laga, M\u00e1laga\"\n\t\t\t><\/iframe>\n\t\t<\/div>\n\t\t\t\t\t\t<\/div>\n\t\t\t\t<\/div>\n\t\t\t\t<\/div>\n\t\t<div class=\"elementor-element elementor-element-598bf4b e-flex e-con-boxed e-con e-parent\" data-id=\"598bf4b\" data-element_type=\"container\" data-e-type=\"container\" data-settings=\"{&quot;background_background&quot;:&quot;classic&quot;}\">\n\t\t\t\t\t<div class=\"e-con-inner\">\n\t\t\t\t<div class=\"elementor-element elementor-element-fbef3b2 elementor-widget-tablet__width-inherit elementor-widget elementor-widget-text-editor\" data-id=\"fbef3b2\" data-element_type=\"widget\" data-e-type=\"widget\" data-widget_type=\"text-editor.default\">\n\t\t\t\t<div class=\"elementor-widget-container\">\n\t\t\t\t\t\t\t\t\t<div class=\"flex-shrink-0 flex flex-col relative items-end\" style=\"color: #1a3d4d; font-family: Raleway, sans-serif;\"><div class=\"pt-0\"><div class=\"flex-shrink-0 flex flex-col relative items-end\"><div class=\"pt-0\"><div class=\"flex-shrink-0 flex flex-col relative items-end\"><div class=\"pt-0\"><div class=\"flex-shrink-0 flex flex-col relative items-end\"><div class=\"pt-0\"><div class=\"flex-shrink-0 flex flex-col relative items-end\"><div class=\"pt-0\"><div class=\"flex-shrink-0 flex flex-col relative items-end\"><div class=\"pt-0\"><div class=\"flex-shrink-0 flex flex-col relative items-end\"><div><div class=\"pt-0\"><h2 class=\"gizmo-bot-avatar flex h-8 w-8 items-center justify-center overflow-hidden rounded-full\"><strong>Trouble temporo-mandibulaire \u00e0 V\u00e9lez-M\u00e1laga : Solutions de qualit\u00e9 des meilleures marques<\/strong><\/h2><\/div><\/div><\/div><p style=\"text-align: left;\">Dans notre clinique dentaire, experts en <strong>troubles temporo-mandibulaires \u00e0 Velez-Malaga<\/strong>, nous offrons des solutions durables et de qualit\u00e9 pour restaurer votre sourire. Nous travaillons avec les meilleures marques, garantissant s\u00e9curit\u00e9, efficacit\u00e9 et r\u00e9sultats naturels. Notre \u00e9quipe vous conseillera avec un plan personnalis\u00e9 adapt\u00e9 \u00e0 vos besoins. Rendez-nous visite pour une \u00e9valuation gratuite !   <\/p><\/div><\/div><\/div><\/div><\/div><\/div><\/div><\/div><\/div><\/div><\/div><\/div>\t\t\t\t\t\t\t\t<\/div>\n\t\t\t\t<\/div>\n\t\t\t\t\t<\/div>\n\t\t\t\t<\/div>\n\t\t<div class=\"elementor-element elementor-element-67a8707 e-grid e-con-boxed e-con e-parent\" data-id=\"67a8707\" data-element_type=\"container\" data-e-type=\"container\" data-settings=\"{&quot;background_background&quot;:&quot;classic&quot;}\">\n\t\t\t\t\t<div class=\"e-con-inner\">\n\t\t\t\t<div class=\"elementor-element elementor-element-fdd7a35 elementor-widget elementor-widget-image\" data-id=\"fdd7a35\" data-element_type=\"widget\" data-e-type=\"widget\" data-widget_type=\"image.default\">\n\t\t\t\t<div class=\"elementor-widget-container\">\n\t\t\t\t\t\t\t\t\t\t\t\t\t\t\t\t<a href=\"https:\/\/www.orthoapnea.com\" target=\"_blank\">\n\t\t\t\t\t\t\t<img loading=\"lazy\" decoding=\"async\" width=\"586\" height=\"426\" src=\"https:\/\/antoniomartinezclinicadental.com\/wp-content\/uploads\/2025\/01\/orthoapnea.webp\" class=\"attachment-large size-large wp-image-14190\" alt=\"\" srcset=\"https:\/\/antoniomartinezclinicadental.com\/wp-content\/uploads\/2025\/01\/orthoapnea.webp 586w, https:\/\/antoniomartinezclinicadental.com\/wp-content\/uploads\/2025\/01\/orthoapnea-300x218.webp 300w\" sizes=\"(max-width: 586px) 100vw, 586px\" \/>\t\t\t\t\t\t\t\t<\/a>\n\t\t\t\t\t\t\t\t\t\t\t\t\t\t\t<\/div>\n\t\t\t\t<\/div>\n\t\t\t\t<div class=\"elementor-element elementor-element-46f861b elementor-widget elementor-widget-image\" data-id=\"46f861b\" data-element_type=\"widget\" data-e-type=\"widget\" data-widget_type=\"image.default\">\n\t\t\t\t<div class=\"elementor-widget-container\">\n\t\t\t\t\t\t\t\t\t\t\t\t\t\t\t\t<a href=\"https:\/\/www.bauschdental.com\/\" target=\"_blank\">\n\t\t\t\t\t\t\t<img loading=\"lazy\" decoding=\"async\" width=\"800\" height=\"302\" src=\"https:\/\/antoniomartinezclinicadental.com\/wp-content\/uploads\/2025\/01\/bauschdental.webp\" class=\"attachment-large size-large wp-image-14191\" alt=\"\" srcset=\"https:\/\/antoniomartinezclinicadental.com\/wp-content\/uploads\/2025\/01\/bauschdental.webp 814w, https:\/\/antoniomartinezclinicadental.com\/wp-content\/uploads\/2025\/01\/bauschdental-300x113.webp 300w, https:\/\/antoniomartinezclinicadental.com\/wp-content\/uploads\/2025\/01\/bauschdental-768x290.webp 768w\" sizes=\"(max-width: 800px) 100vw, 800px\" \/>\t\t\t\t\t\t\t\t<\/a>\n\t\t\t\t\t\t\t\t\t\t\t\t\t\t\t<\/div>\n\t\t\t\t<\/div>\n\t\t\t\t<div class=\"elementor-element elementor-element-646a2db elementor-widget elementor-widget-image\" data-id=\"646a2db\" data-element_type=\"widget\" data-e-type=\"widget\" data-widget_type=\"image.default\">\n\t\t\t\t<div class=\"elementor-widget-container\">\n\t\t\t\t\t\t\t\t\t\t\t\t\t\t\t\t<a href=\"https:\/\/www.carestreamdental.com\/es-es\" target=\"_blank\">\n\t\t\t\t\t\t\t<img loading=\"lazy\" decoding=\"async\" width=\"707\" height=\"353\" src=\"https:\/\/antoniomartinezclinicadental.com\/wp-content\/uploads\/2025\/01\/carestream.webp\" class=\"attachment-large size-large wp-image-14192\" alt=\"\" srcset=\"https:\/\/antoniomartinezclinicadental.com\/wp-content\/uploads\/2025\/01\/carestream.webp 707w, https:\/\/antoniomartinezclinicadental.com\/wp-content\/uploads\/2025\/01\/carestream-300x150.webp 300w\" sizes=\"(max-width: 707px) 100vw, 707px\" \/>\t\t\t\t\t\t\t\t<\/a>\n\t\t\t\t\t\t\t\t\t\t\t\t\t\t\t<\/div>\n\t\t\t\t<\/div>\n\t\t\t\t\t<\/div>\n\t\t\t\t<\/div>\n\t\t\t\t<\/div>\n\t\t","protected":false},"excerpt":{"rendered":"<p>Clinique dentaire experte en troubles temporo-mandibulaires \u00e0 Velez-Malaga et Torre del Mar. Retrouvez votre sourire, votre fonction dentaire et am\u00e9liorez votre qualit\u00e9 de vie. Troubles temporo-mandibulaires \u00e0 V\u00e9lez-M\u00e1laga et Torre del Mar Dr. Antonio Mart\u00ednez Expert en troubles temporo-mandibulaires Prenez rendez-vous avec nous Contact Appeler Qu&rsquo;est-ce que le trouble temporo-mandibulaire ? Les troubles temporo-mandibulaires (TMD) [&hellip;]<\/p>\n","protected":false},"author":1,"featured_media":12881,"parent":0,"menu_order":0,"comment_status":"closed","ping_status":"closed","template":"","meta":{"footnotes":""},"class_list":["post-14188","page","type-page","status-publish","has-post-thumbnail","hentry"],"yoast_head":"<!-- This site is optimized with the Yoast SEO plugin v27.4 - https:\/\/yoast.com\/product\/yoast-seo-wordpress\/ -->\n<title>Trouble temporo-mandibulaire \u00e0 Velez-Malaga | Antonio Martinez<\/title>\n<meta name=\"description\" content=\"Expert en troubles temporo-mandibulaires \u00e0 Velez-Malaga et Torre del Mar. Demandez votre \u00e9valuation personnalis\u00e9e et gratuite, prenez rendez-vous d\u00e8s aujourd&#039;hui !\" \/>\n<meta name=\"robots\" content=\"index, follow, max-snippet:-1, max-image-preview:large, max-video-preview:-1\" \/>\n<link rel=\"canonical\" href=\"https:\/\/antoniomartinezclinicadental.com\/fr\/trouble-temporo-mandibulaire\/\" \/>\n<meta property=\"og:locale\" content=\"fr_FR\" \/>\n<meta property=\"og:type\" content=\"article\" \/>\n<meta property=\"og:title\" content=\"Trouble temporo-mandibulaire \u00e0 Velez-Malaga | Antonio Martinez\" \/>\n<meta property=\"og:description\" content=\"Expert en troubles temporo-mandibulaires \u00e0 Velez-Malaga et Torre del Mar. Demandez votre \u00e9valuation personnalis\u00e9e et gratuite, prenez rendez-vous d\u00e8s aujourd&#039;hui !\" \/>\n<meta property=\"og:url\" content=\"https:\/\/antoniomartinezclinicadental.com\/fr\/trouble-temporo-mandibulaire\/\" \/>\n<meta property=\"og:site_name\" content=\"Antonio Martinez Cl\u00ednica Dental\" \/>\n<meta property=\"article:publisher\" content=\"https:\/\/www.facebook.com\/p\/Clinica-Dental-Antonio-Martinez-100066372022427\/?locale=es_ES\" \/>\n<meta property=\"article:modified_time\" content=\"2025-11-24T10:01:22+00:00\" \/>\n<meta property=\"og:image\" content=\"https:\/\/antoniomartinezclinicadental.com\/wp-content\/uploads\/2025\/09\/MUJER-DOLOR-CARA-IA-GOOGLE.png\" \/>\n\t<meta property=\"og:image:width\" content=\"1024\" \/>\n\t<meta property=\"og:image:height\" content=\"1024\" \/>\n\t<meta property=\"og:image:type\" content=\"image\/png\" \/>\n<meta name=\"twitter:card\" content=\"summary_large_image\" \/>\n<meta name=\"twitter:label1\" content=\"Dur\u00e9e de lecture estim\u00e9e\" \/>\n\t<meta name=\"twitter:data1\" content=\"8 minutes\" \/>\n<script type=\"application\/ld+json\" class=\"yoast-schema-graph\">{\"@context\":\"https:\\\/\\\/schema.org\",\"@graph\":[{\"@type\":\"WebPage\",\"@id\":\"https:\\\/\\\/antoniomartinezclinicadental.com\\\/fr\\\/trouble-temporo-mandibulaire\\\/\",\"url\":\"https:\\\/\\\/antoniomartinezclinicadental.com\\\/fr\\\/trouble-temporo-mandibulaire\\\/\",\"name\":\"Trouble temporo-mandibulaire \u00e0 Velez-Malaga | Antonio Martinez\",\"isPartOf\":{\"@id\":\"https:\\\/\\\/antoniomartinezclinicadental.com\\\/fr\\\/#website\"},\"primaryImageOfPage\":{\"@id\":\"https:\\\/\\\/antoniomartinezclinicadental.com\\\/fr\\\/trouble-temporo-mandibulaire\\\/#primaryimage\"},\"image\":{\"@id\":\"https:\\\/\\\/antoniomartinezclinicadental.com\\\/fr\\\/trouble-temporo-mandibulaire\\\/#primaryimage\"},\"thumbnailUrl\":\"https:\\\/\\\/antoniomartinezclinicadental.com\\\/wp-content\\\/uploads\\\/2025\\\/09\\\/MUJER-DOLOR-CARA-IA-GOOGLE.png\",\"datePublished\":\"2024-11-22T11:39:24+00:00\",\"dateModified\":\"2025-11-24T10:01:22+00:00\",\"description\":\"Expert en troubles temporo-mandibulaires \u00e0 Velez-Malaga et Torre del Mar. Demandez votre \u00e9valuation personnalis\u00e9e et gratuite, prenez rendez-vous d\u00e8s aujourd'hui !\",\"breadcrumb\":{\"@id\":\"https:\\\/\\\/antoniomartinezclinicadental.com\\\/fr\\\/trouble-temporo-mandibulaire\\\/#breadcrumb\"},\"inLanguage\":\"fr-FR\",\"potentialAction\":[{\"@type\":\"ReadAction\",\"target\":[\"https:\\\/\\\/antoniomartinezclinicadental.com\\\/fr\\\/trouble-temporo-mandibulaire\\\/\"]}]},{\"@type\":\"ImageObject\",\"inLanguage\":\"fr-FR\",\"@id\":\"https:\\\/\\\/antoniomartinezclinicadental.com\\\/fr\\\/trouble-temporo-mandibulaire\\\/#primaryimage\",\"url\":\"https:\\\/\\\/antoniomartinezclinicadental.com\\\/wp-content\\\/uploads\\\/2025\\\/09\\\/MUJER-DOLOR-CARA-IA-GOOGLE.png\",\"contentUrl\":\"https:\\\/\\\/antoniomartinezclinicadental.com\\\/wp-content\\\/uploads\\\/2025\\\/09\\\/MUJER-DOLOR-CARA-IA-GOOGLE.png\",\"width\":1024,\"height\":1024,\"caption\":\"MUJER DOLOR TRASTORNO TEMPOROMANDIBULAR\"},{\"@type\":\"BreadcrumbList\",\"@id\":\"https:\\\/\\\/antoniomartinezclinicadental.com\\\/fr\\\/trouble-temporo-mandibulaire\\\/#breadcrumb\",\"itemListElement\":[{\"@type\":\"ListItem\",\"position\":1,\"name\":\"Home\",\"item\":\"https:\\\/\\\/antoniomartinezclinicadental.com\\\/fr\\\/\"},{\"@type\":\"ListItem\",\"position\":2,\"name\":\"Trouble temporo-mandibulaire\"}]},{\"@type\":\"WebSite\",\"@id\":\"https:\\\/\\\/antoniomartinezclinicadental.com\\\/fr\\\/#website\",\"url\":\"https:\\\/\\\/antoniomartinezclinicadental.com\\\/fr\\\/\",\"name\":\"Antonio Martinez Cl\u00ednica Dental\",\"description\":\"Dentista en V\u00e9lez-M\u00e1laga\",\"publisher\":{\"@id\":\"https:\\\/\\\/antoniomartinezclinicadental.com\\\/fr\\\/#organization\"},\"potentialAction\":[{\"@type\":\"SearchAction\",\"target\":{\"@type\":\"EntryPoint\",\"urlTemplate\":\"https:\\\/\\\/antoniomartinezclinicadental.com\\\/fr\\\/?s={search_term_string}\"},\"query-input\":{\"@type\":\"PropertyValueSpecification\",\"valueRequired\":true,\"valueName\":\"search_term_string\"}}],\"inLanguage\":\"fr-FR\"},{\"@type\":\"Organization\",\"@id\":\"https:\\\/\\\/antoniomartinezclinicadental.com\\\/fr\\\/#organization\",\"name\":\"Antonio Martinez Cl\u00ednica Dental\",\"url\":\"https:\\\/\\\/antoniomartinezclinicadental.com\\\/fr\\\/\",\"logo\":{\"@type\":\"ImageObject\",\"inLanguage\":\"fr-FR\",\"@id\":\"https:\\\/\\\/antoniomartinezclinicadental.com\\\/fr\\\/#\\\/schema\\\/logo\\\/image\\\/\",\"url\":\"https:\\\/\\\/antoniomartinezclinicadental.com\\\/wp-content\\\/uploads\\\/2025\\\/02\\\/logosinfondo.webp\",\"contentUrl\":\"https:\\\/\\\/antoniomartinezclinicadental.com\\\/wp-content\\\/uploads\\\/2025\\\/02\\\/logosinfondo.webp\",\"width\":533,\"height\":69,\"caption\":\"Antonio Martinez Cl\u00ednica Dental\"},\"image\":{\"@id\":\"https:\\\/\\\/antoniomartinezclinicadental.com\\\/fr\\\/#\\\/schema\\\/logo\\\/image\\\/\"},\"sameAs\":[\"https:\\\/\\\/www.facebook.com\\\/p\\\/Clinica-Dental-Antonio-Martinez-100066372022427\\\/?locale=es_ES\",\"https:\\\/\\\/www.instagram.com\\\/antoniomartinezclinicadental\\\/?igsh=MTI2OGtxaDhweHJnbA#\"]}]}<\/script>\n<!-- \/ Yoast SEO plugin. -->","yoast_head_json":{"title":"Trouble temporo-mandibulaire \u00e0 Velez-Malaga | Antonio Martinez","description":"Expert en troubles temporo-mandibulaires \u00e0 Velez-Malaga et Torre del Mar. Demandez votre \u00e9valuation personnalis\u00e9e et gratuite, prenez rendez-vous d\u00e8s aujourd'hui !","robots":{"index":"index","follow":"follow","max-snippet":"max-snippet:-1","max-image-preview":"max-image-preview:large","max-video-preview":"max-video-preview:-1"},"canonical":"https:\/\/antoniomartinezclinicadental.com\/fr\/trouble-temporo-mandibulaire\/","og_locale":"fr_FR","og_type":"article","og_title":"Trouble temporo-mandibulaire \u00e0 Velez-Malaga | Antonio Martinez","og_description":"Expert en troubles temporo-mandibulaires \u00e0 Velez-Malaga et Torre del Mar. Demandez votre \u00e9valuation personnalis\u00e9e et gratuite, prenez rendez-vous d\u00e8s aujourd'hui !","og_url":"https:\/\/antoniomartinezclinicadental.com\/fr\/trouble-temporo-mandibulaire\/","og_site_name":"Antonio Martinez Cl\u00ednica Dental","article_publisher":"https:\/\/www.facebook.com\/p\/Clinica-Dental-Antonio-Martinez-100066372022427\/?locale=es_ES","article_modified_time":"2025-11-24T10:01:22+00:00","og_image":[{"width":1024,"height":1024,"url":"https:\/\/antoniomartinezclinicadental.com\/wp-content\/uploads\/2025\/09\/MUJER-DOLOR-CARA-IA-GOOGLE.png","type":"image\/png"}],"twitter_card":"summary_large_image","twitter_misc":{"Dur\u00e9e de lecture estim\u00e9e":"8 minutes"},"schema":{"@context":"https:\/\/schema.org","@graph":[{"@type":"WebPage","@id":"https:\/\/antoniomartinezclinicadental.com\/fr\/trouble-temporo-mandibulaire\/","url":"https:\/\/antoniomartinezclinicadental.com\/fr\/trouble-temporo-mandibulaire\/","name":"Trouble temporo-mandibulaire \u00e0 Velez-Malaga | Antonio Martinez","isPartOf":{"@id":"https:\/\/antoniomartinezclinicadental.com\/fr\/#website"},"primaryImageOfPage":{"@id":"https:\/\/antoniomartinezclinicadental.com\/fr\/trouble-temporo-mandibulaire\/#primaryimage"},"image":{"@id":"https:\/\/antoniomartinezclinicadental.com\/fr\/trouble-temporo-mandibulaire\/#primaryimage"},"thumbnailUrl":"https:\/\/antoniomartinezclinicadental.com\/wp-content\/uploads\/2025\/09\/MUJER-DOLOR-CARA-IA-GOOGLE.png","datePublished":"2024-11-22T11:39:24+00:00","dateModified":"2025-11-24T10:01:22+00:00","description":"Expert en troubles temporo-mandibulaires \u00e0 Velez-Malaga et Torre del Mar. Demandez votre \u00e9valuation personnalis\u00e9e et gratuite, prenez rendez-vous d\u00e8s aujourd'hui !","breadcrumb":{"@id":"https:\/\/antoniomartinezclinicadental.com\/fr\/trouble-temporo-mandibulaire\/#breadcrumb"},"inLanguage":"fr-FR","potentialAction":[{"@type":"ReadAction","target":["https:\/\/antoniomartinezclinicadental.com\/fr\/trouble-temporo-mandibulaire\/"]}]},{"@type":"ImageObject","inLanguage":"fr-FR","@id":"https:\/\/antoniomartinezclinicadental.com\/fr\/trouble-temporo-mandibulaire\/#primaryimage","url":"https:\/\/antoniomartinezclinicadental.com\/wp-content\/uploads\/2025\/09\/MUJER-DOLOR-CARA-IA-GOOGLE.png","contentUrl":"https:\/\/antoniomartinezclinicadental.com\/wp-content\/uploads\/2025\/09\/MUJER-DOLOR-CARA-IA-GOOGLE.png","width":1024,"height":1024,"caption":"MUJER DOLOR TRASTORNO TEMPOROMANDIBULAR"},{"@type":"BreadcrumbList","@id":"https:\/\/antoniomartinezclinicadental.com\/fr\/trouble-temporo-mandibulaire\/#breadcrumb","itemListElement":[{"@type":"ListItem","position":1,"name":"Home","item":"https:\/\/antoniomartinezclinicadental.com\/fr\/"},{"@type":"ListItem","position":2,"name":"Trouble temporo-mandibulaire"}]},{"@type":"WebSite","@id":"https:\/\/antoniomartinezclinicadental.com\/fr\/#website","url":"https:\/\/antoniomartinezclinicadental.com\/fr\/","name":"Antonio Martinez Cl\u00ednica Dental","description":"Dentista en V\u00e9lez-M\u00e1laga","publisher":{"@id":"https:\/\/antoniomartinezclinicadental.com\/fr\/#organization"},"potentialAction":[{"@type":"SearchAction","target":{"@type":"EntryPoint","urlTemplate":"https:\/\/antoniomartinezclinicadental.com\/fr\/?s={search_term_string}"},"query-input":{"@type":"PropertyValueSpecification","valueRequired":true,"valueName":"search_term_string"}}],"inLanguage":"fr-FR"},{"@type":"Organization","@id":"https:\/\/antoniomartinezclinicadental.com\/fr\/#organization","name":"Antonio Martinez Cl\u00ednica Dental","url":"https:\/\/antoniomartinezclinicadental.com\/fr\/","logo":{"@type":"ImageObject","inLanguage":"fr-FR","@id":"https:\/\/antoniomartinezclinicadental.com\/fr\/#\/schema\/logo\/image\/","url":"https:\/\/antoniomartinezclinicadental.com\/wp-content\/uploads\/2025\/02\/logosinfondo.webp","contentUrl":"https:\/\/antoniomartinezclinicadental.com\/wp-content\/uploads\/2025\/02\/logosinfondo.webp","width":533,"height":69,"caption":"Antonio Martinez Cl\u00ednica Dental"},"image":{"@id":"https:\/\/antoniomartinezclinicadental.com\/fr\/#\/schema\/logo\/image\/"},"sameAs":["https:\/\/www.facebook.com\/p\/Clinica-Dental-Antonio-Martinez-100066372022427\/?locale=es_ES","https:\/\/www.instagram.com\/antoniomartinezclinicadental\/?igsh=MTI2OGtxaDhweHJnbA#"]}]}},"_links":{"self":[{"href":"https:\/\/antoniomartinezclinicadental.com\/fr\/wp-json\/wp\/v2\/pages\/14188","targetHints":{"allow":["GET"]}}],"collection":[{"href":"https:\/\/antoniomartinezclinicadental.com\/fr\/wp-json\/wp\/v2\/pages"}],"about":[{"href":"https:\/\/antoniomartinezclinicadental.com\/fr\/wp-json\/wp\/v2\/types\/page"}],"author":[{"embeddable":true,"href":"https:\/\/antoniomartinezclinicadental.com\/fr\/wp-json\/wp\/v2\/users\/1"}],"replies":[{"embeddable":true,"href":"https:\/\/antoniomartinezclinicadental.com\/fr\/wp-json\/wp\/v2\/comments?post=14188"}],"version-history":[{"count":3,"href":"https:\/\/antoniomartinezclinicadental.com\/fr\/wp-json\/wp\/v2\/pages\/14188\/revisions"}],"predecessor-version":[{"id":14641,"href":"https:\/\/antoniomartinezclinicadental.com\/fr\/wp-json\/wp\/v2\/pages\/14188\/revisions\/14641"}],"wp:featuredmedia":[{"embeddable":true,"href":"https:\/\/antoniomartinezclinicadental.com\/fr\/wp-json\/wp\/v2\/media\/12881"}],"wp:attachment":[{"href":"https:\/\/antoniomartinezclinicadental.com\/fr\/wp-json\/wp\/v2\/media?parent=14188"}],"curies":[{"name":"wp","href":"https:\/\/api.w.org\/{rel}","templated":true}]}}