{"id":14155,"date":"2024-11-22T11:39:24","date_gmt":"2024-11-22T11:39:24","guid":{"rendered":"https:\/\/antoniomartinezclinicadental.com\/temporomandibulaere-stoerung\/"},"modified":"2025-11-24T10:01:22","modified_gmt":"2025-11-24T10:01:22","slug":"temporomandibulaere-stoerung","status":"publish","type":"page","link":"https:\/\/antoniomartinezclinicadental.com\/de\/temporomandibulaere-stoerung\/","title":{"rendered":"Temporomandibul\u00e4re St\u00f6rung"},"content":{"rendered":"\t\t<div data-elementor-type=\"wp-page\" data-elementor-id=\"14155\" class=\"elementor elementor-14155 elementor-83\" data-elementor-post-type=\"page\">\n\t\t\t\t<div class=\"elementor-element elementor-element-78a4b10 e-flex e-con-boxed e-con e-parent\" data-id=\"78a4b10\" data-element_type=\"container\" data-e-type=\"container\" data-settings=\"{&quot;background_background&quot;:&quot;classic&quot;}\">\n\t\t\t\t\t<div class=\"e-con-inner\">\n\t\t\t\t<div class=\"elementor-element elementor-element-2a9d40e elementor-widget__width-initial elementor-widget-mobile__width-initial elementor-widget-tablet__width-initial elementor-widget elementor-widget-text-editor\" data-id=\"2a9d40e\" data-element_type=\"widget\" data-e-type=\"widget\" data-widget_type=\"text-editor.default\">\n\t\t\t\t<div class=\"elementor-widget-container\">\n\t\t\t\t\t\t\t\t\t<div><div><p class=\"has-text-align-center\" style=\"font-family: Raleway, sans-serif; text-align: center;\"><span style=\"color: #1a3d4d;\">Zahnklinik mit Experten f\u00fcr <strong>Kiefergelenkserkrankungen in Velez-Malaga und Torre del Mar<\/strong>. Stellen Sie Ihr L\u00e4cheln und Ihre Zahnfunktion wieder her und verbessern Sie Ihre Lebensqualit\u00e4t. <\/span><\/p><\/div><\/div>\t\t\t\t\t\t\t\t<\/div>\n\t\t\t\t<\/div>\n\t\t\t\t<div class=\"elementor-element elementor-element-9e8fe06 elementor-widget__width-initial elementor-widget-mobile__width-inherit elementor-widget elementor-widget-heading\" data-id=\"9e8fe06\" data-element_type=\"widget\" data-e-type=\"widget\" data-widget_type=\"heading.default\">\n\t\t\t\t<div class=\"elementor-widget-container\">\n\t\t\t\t\t<h1 class=\"elementor-heading-title elementor-size-default\">Temporomandibul\u00e4re St\u00f6rungen in V\u00e9lez-M\u00e1laga und Torre del Mar<\/h1>\t\t\t\t<\/div>\n\t\t\t\t<\/div>\n\t\t\t\t\t<\/div>\n\t\t\t\t<\/div>\n\t\t<div class=\"elementor-element elementor-element-ea6dd86 e-grid e-con-boxed e-con e-parent\" data-id=\"ea6dd86\" data-element_type=\"container\" data-e-type=\"container\" data-settings=\"{&quot;background_background&quot;:&quot;classic&quot;}\">\n\t\t\t\t\t<div class=\"e-con-inner\">\n\t\t<div class=\"elementor-element elementor-element-8a6d0b0 e-con-full e-flex e-con e-child\" data-id=\"8a6d0b0\" data-element_type=\"container\" data-e-type=\"container\">\n\t\t\t\t<div class=\"elementor-element elementor-element-9a282df elementor-widget-tablet_extra__width-initial elementor-widget-tablet__width-inherit elementor-widget-mobile__width-inherit elementor-widget elementor-widget-image\" data-id=\"9a282df\" data-element_type=\"widget\" data-e-type=\"widget\" data-widget_type=\"image.default\">\n\t\t\t\t<div class=\"elementor-widget-container\">\n\t\t\t\t\t\t\t\t\t\t\t\t\t\t\t<img fetchpriority=\"high\" decoding=\"async\" width=\"683\" height=\"1024\" src=\"https:\/\/antoniomartinezclinicadental.com\/wp-content\/uploads\/2025\/09\/DSC1589-Editar-683x1024.jpg\" class=\"attachment-large size-large wp-image-13701\" alt=\"Antonio Mart\u00ednez Cl\u00ednica Dental\" srcset=\"https:\/\/antoniomartinezclinicadental.com\/wp-content\/uploads\/2025\/09\/DSC1589-Editar-683x1024.jpg 683w, https:\/\/antoniomartinezclinicadental.com\/wp-content\/uploads\/2025\/09\/DSC1589-Editar-200x300.jpg 200w, https:\/\/antoniomartinezclinicadental.com\/wp-content\/uploads\/2025\/09\/DSC1589-Editar-768x1152.jpg 768w, https:\/\/antoniomartinezclinicadental.com\/wp-content\/uploads\/2025\/09\/DSC1589-Editar.jpg 1000w\" sizes=\"(max-width: 683px) 100vw, 683px\" \/>\t\t\t\t\t\t\t\t\t\t\t\t\t\t\t<\/div>\n\t\t\t\t<\/div>\n\t\t\t\t<div class=\"elementor-element elementor-element-e4d6c7e elementor-widget elementor-widget-text-editor\" data-id=\"e4d6c7e\" data-element_type=\"widget\" data-e-type=\"widget\" data-widget_type=\"text-editor.default\">\n\t\t\t\t<div class=\"elementor-widget-container\">\n\t\t\t\t\t\t\t\t\t<div><h5 style=\"font-family: Raleway, sans-serif; font-weight: 500; color: #1a3d4d;\">Dr. Antonio Mart\u00ednez<\/h5><p class=\"has-text-align-left\" style=\"font-family: Raleway, sans-serif; text-align: left;\"><span style=\"color: #1a3d4d;\">Experte f\u00fcr temporomandibul\u00e4re St\u00f6rungen<\/span><\/p><\/div>\t\t\t\t\t\t\t\t<\/div>\n\t\t\t\t<\/div>\n\t\t\t\t<\/div>\n\t\t<div class=\"elementor-element elementor-element-1a2cfcc e-con-full e-flex e-con e-child\" data-id=\"1a2cfcc\" data-element_type=\"container\" data-e-type=\"container\">\n\t\t\t\t<div class=\"elementor-element elementor-element-3e3f8d8 elementor-widget elementor-widget-text-editor\" data-id=\"3e3f8d8\" data-element_type=\"widget\" data-e-type=\"widget\" data-widget_type=\"text-editor.default\">\n\t\t\t\t<div class=\"elementor-widget-container\">\n\t\t\t\t\t\t\t\t\t<div><h2 style=\"font-family: Raleway, sans-serif; font-weight: 300; color: #1a3d4d; text-align: center;\">Vereinbaren Sie einen Termin mit uns<\/h2><\/div>\t\t\t\t\t\t\t\t<\/div>\n\t\t\t\t<\/div>\n\t\t<div class=\"elementor-element elementor-element-bd25a13 e-con-full e-flex e-con e-child\" data-id=\"bd25a13\" data-element_type=\"container\" data-e-type=\"container\">\n\t\t\t\t<div class=\"elementor-element elementor-element-f8a016f elementor-align-center elementor-widget__width-initial elementor-widget elementor-widget-button\" data-id=\"f8a016f\" data-element_type=\"widget\" data-e-type=\"widget\" data-widget_type=\"button.default\">\n\t\t\t\t<div class=\"elementor-widget-container\">\n\t\t\t\t\t\t\t\t\t<div class=\"elementor-button-wrapper\">\n\t\t\t\t\t<a class=\"elementor-button elementor-button-link elementor-size-sm\" href=\"https:\/\/antoniomartinezclinicadental.com\/de\/kontakt\/\">\n\t\t\t\t\t\t<span class=\"elementor-button-content-wrapper\">\n\t\t\t\t\t\t<span class=\"elementor-button-icon\">\n\t\t\t\t<svg aria-hidden=\"true\" class=\"e-font-icon-svg e-far-address-book\" viewBox=\"0 0 448 512\" xmlns=\"http:\/\/www.w3.org\/2000\/svg\"><path d=\"M436 160c6.6 0 12-5.4 12-12v-40c0-6.6-5.4-12-12-12h-20V48c0-26.5-21.5-48-48-48H48C21.5 0 0 21.5 0 48v416c0 26.5 21.5 48 48 48h320c26.5 0 48-21.5 48-48v-48h20c6.6 0 12-5.4 12-12v-40c0-6.6-5.4-12-12-12h-20v-64h20c6.6 0 12-5.4 12-12v-40c0-6.6-5.4-12-12-12h-20v-64h20zm-68 304H48V48h320v416zM208 256c35.3 0 64-28.7 64-64s-28.7-64-64-64-64 28.7-64 64 28.7 64 64 64zm-89.6 128h179.2c12.4 0 22.4-8.6 22.4-19.2v-19.2c0-31.8-30.1-57.6-67.2-57.6-10.8 0-18.7 8-44.8 8-26.9 0-33.4-8-44.8-8-37.1 0-67.2 25.8-67.2 57.6v19.2c0 10.6 10 19.2 22.4 19.2z\"><\/path><\/svg>\t\t\t<\/span>\n\t\t\t\t\t\t\t\t\t<span class=\"elementor-button-text\">Kontakt<\/span>\n\t\t\t\t\t<\/span>\n\t\t\t\t\t<\/a>\n\t\t\t\t<\/div>\n\t\t\t\t\t\t\t\t<\/div>\n\t\t\t\t<\/div>\n\t\t\t\t<div class=\"elementor-element elementor-element-443ae00 elementor-align-center elementor-widget__width-initial elementor-widget elementor-widget-button\" data-id=\"443ae00\" data-element_type=\"widget\" data-e-type=\"widget\" data-widget_type=\"button.default\">\n\t\t\t\t<div class=\"elementor-widget-container\">\n\t\t\t\t\t\t\t\t\t<div class=\"elementor-button-wrapper\">\n\t\t\t\t\t<a class=\"elementor-button elementor-button-link elementor-size-sm\" href=\"tel:+34692978801\">\n\t\t\t\t\t\t<span class=\"elementor-button-content-wrapper\">\n\t\t\t\t\t\t<span class=\"elementor-button-icon\">\n\t\t\t\t<svg aria-hidden=\"true\" class=\"e-font-icon-svg e-fas-phone-volume\" viewBox=\"0 0 384 512\" xmlns=\"http:\/\/www.w3.org\/2000\/svg\"><path d=\"M97.333 506.966c-129.874-129.874-129.681-340.252 0-469.933 5.698-5.698 14.527-6.632 21.263-2.422l64.817 40.513a17.187 17.187 0 0 1 6.849 20.958l-32.408 81.021a17.188 17.188 0 0 1-17.669 10.719l-55.81-5.58c-21.051 58.261-20.612 122.471 0 179.515l55.811-5.581a17.188 17.188 0 0 1 17.669 10.719l32.408 81.022a17.188 17.188 0 0 1-6.849 20.958l-64.817 40.513a17.19 17.19 0 0 1-21.264-2.422zM247.126 95.473c11.832 20.047 11.832 45.008 0 65.055-3.95 6.693-13.108 7.959-18.718 2.581l-5.975-5.726c-3.911-3.748-4.793-9.622-2.261-14.41a32.063 32.063 0 0 0 0-29.945c-2.533-4.788-1.65-10.662 2.261-14.41l5.975-5.726c5.61-5.378 14.768-4.112 18.718 2.581zm91.787-91.187c60.14 71.604 60.092 175.882 0 247.428-4.474 5.327-12.53 5.746-17.552.933l-5.798-5.557c-4.56-4.371-4.977-11.529-.93-16.379 49.687-59.538 49.646-145.933 0-205.422-4.047-4.85-3.631-12.008.93-16.379l5.798-5.557c5.022-4.813 13.078-4.394 17.552.933zm-45.972 44.941c36.05 46.322 36.108 111.149 0 157.546-4.39 5.641-12.697 6.251-17.856 1.304l-5.818-5.579c-4.4-4.219-4.998-11.095-1.285-15.931 26.536-34.564 26.534-82.572 0-117.134-3.713-4.836-3.115-11.711 1.285-15.931l5.818-5.579c5.159-4.947 13.466-4.337 17.856 1.304z\"><\/path><\/svg>\t\t\t<\/span>\n\t\t\t\t\t\t\t\t\t<span class=\"elementor-button-text\">Rufen Sie  an.<\/span>\n\t\t\t\t\t<\/span>\n\t\t\t\t\t<\/a>\n\t\t\t\t<\/div>\n\t\t\t\t\t\t\t\t<\/div>\n\t\t\t\t<\/div>\n\t\t\t\t<\/div>\n\t\t\t\t<\/div>\n\t\t\t\t\t<\/div>\n\t\t\t\t<\/div>\n\t\t<div class=\"elementor-element elementor-element-d84f1a6 e-flex e-con-boxed e-con e-parent\" data-id=\"d84f1a6\" data-element_type=\"container\" data-e-type=\"container\" data-settings=\"{&quot;background_background&quot;:&quot;classic&quot;}\">\n\t\t\t\t\t<div class=\"e-con-inner\">\n\t\t\t\t<div class=\"elementor-element elementor-element-211770e elementor-widget__width-initial elementor-widget-tablet_extra__width-initial elementor-widget-tablet__width-inherit elementor-widget elementor-widget-text-editor\" data-id=\"211770e\" data-element_type=\"widget\" data-e-type=\"widget\" data-widget_type=\"text-editor.default\">\n\t\t\t\t<div class=\"elementor-widget-container\">\n\t\t\t\t\t\t\t\t\t<div><h2 style=\"font-family: Raleway, sans-serif; font-weight: bold; color: #1a3d4d; font-size: 45x; text-align: left;\"><span style=\"font-family: Raleway, sans-serif; font-weight: 300; color: #1a3d4d;\">Was ist eine temporomandibul\u00e4re St\u00f6rung?<\/span><\/h2><\/div>\t\t\t\t\t\t\t\t<\/div>\n\t\t\t\t<\/div>\n\t\t\t\t\t<\/div>\n\t\t\t\t<\/div>\n\t\t<div class=\"elementor-element elementor-element-3ac5bad e-flex e-con-boxed e-con e-parent\" data-id=\"3ac5bad\" data-element_type=\"container\" data-e-type=\"container\" data-settings=\"{&quot;background_background&quot;:&quot;classic&quot;}\">\n\t\t\t\t\t<div class=\"e-con-inner\">\n\t\t\t\t<div class=\"elementor-element elementor-element-0f16288 elementor-widget__width-initial elementor-widget-tablet__width-inherit elementor-widget elementor-widget-text-editor\" data-id=\"0f16288\" data-element_type=\"widget\" data-e-type=\"widget\" data-widget_type=\"text-editor.default\">\n\t\t\t\t<div class=\"elementor-widget-container\">\n\t\t\t\t\t\t\t\t\t<p style=\"color: #1a3d4d; font-family: Raleway, sans-serif; text-align: left;\"><span style=\"color: #1a3d4d;\"><strong> Die Temporomandibul\u00e4re St\u00f6rung <\/strong> [TMD] betrifft das Gelenk, das den Kiefer mit dem Sch\u00e4del verbindet. Sie verursacht Schmerzen, Schwierigkeiten beim Kauen, Knacken und in manchen F\u00e4llen Kopfschmerzen oder Verspannungen im Nacken und in den Schultern. Die St\u00f6rung kann durch Gewohnheiten wie <strong>Bruxismus (Z\u00e4hneknirschen)<\/strong>, <b>Zahnstellungsprobleme oder Stress<\/b> verursacht werden. <\/span><\/p><p style=\"color: #1a3d4d; font-family: Raleway, sans-serif; text-align: left;\">Eine <b>individuelle Diagnose<\/b> hilft dabei, die Ursache der temporomandibul\u00e4ren St\u00f6rung zu ermitteln und eine geeignete Behandlung zu entwickeln. Zu den Optionen geh\u00f6ren der Einsatz von Schienen, Muskelentspannungstherapien, spezielle \u00dcbungen und in einigen F\u00e4llen auch Bisskorrekturen, um die Symptome zu lindern und die Kieferfunktion zu verbessern. <\/p><p style=\"color: #1a3d4d; font-family: Raleway, sans-serif; text-align: left;\">Unser Ziel ist es, Ihnen zu helfen, <b>den Komfort und die Beweglichkeit Ihres Kiefers wiederherzustellen und Ihre Lebensqualit\u00e4t zu verbessern.<\/b><\/p>\t\t\t\t\t\t\t\t<\/div>\n\t\t\t\t<\/div>\n\t\t\t\t<div class=\"elementor-element elementor-element-ed8df5b elementor-widget-mobile__width-inherit elementor-widget__width-initial elementor-widget-tablet__width-inherit elementor-widget elementor-widget-image\" data-id=\"ed8df5b\" data-element_type=\"widget\" data-e-type=\"widget\" data-widget_type=\"image.default\">\n\t\t\t\t<div class=\"elementor-widget-container\">\n\t\t\t\t\t\t\t\t\t\t\t\t\t\t\t<img decoding=\"async\" width=\"800\" height=\"800\" src=\"https:\/\/antoniomartinezclinicadental.com\/wp-content\/uploads\/2025\/01\/prueba27.webp\" class=\"attachment-large size-large wp-image-14159\" alt=\"\" srcset=\"https:\/\/antoniomartinezclinicadental.com\/wp-content\/uploads\/2025\/01\/prueba27.webp 1024w, https:\/\/antoniomartinezclinicadental.com\/wp-content\/uploads\/2025\/01\/prueba27-300x300.webp 300w, https:\/\/antoniomartinezclinicadental.com\/wp-content\/uploads\/2025\/01\/prueba27-150x150.webp 150w, https:\/\/antoniomartinezclinicadental.com\/wp-content\/uploads\/2025\/01\/prueba27-768x768.webp 768w\" sizes=\"(max-width: 800px) 100vw, 800px\" \/>\t\t\t\t\t\t\t\t\t\t\t\t\t\t\t<\/div>\n\t\t\t\t<\/div>\n\t\t\t\t\t<\/div>\n\t\t\t\t<\/div>\n\t\t<div class=\"elementor-element elementor-element-b93b04e e-con-full elementor-hidden-mobile elementor-hidden-tablet e-flex e-con e-parent\" data-id=\"b93b04e\" data-element_type=\"container\" data-e-type=\"container\" data-settings=\"{&quot;background_background&quot;:&quot;classic&quot;,&quot;background_motion_fx_motion_fx_scrolling&quot;:&quot;yes&quot;,&quot;background_motion_fx_devices&quot;:[&quot;desktop&quot;,&quot;tablet_extra&quot;,&quot;tablet&quot;,&quot;mobile&quot;]}\">\n\t\t\t\t<\/div>\n\t\t<div class=\"elementor-element elementor-element-0226a51 e-flex e-con-boxed e-con e-child\" data-id=\"0226a51\" data-element_type=\"container\" data-e-type=\"container\" data-settings=\"{&quot;background_background&quot;:&quot;classic&quot;}\">\n\t\t\t\t\t<div class=\"e-con-inner\">\n\t\t\t\t<div class=\"elementor-element elementor-element-6d8a4eb elementor-widget elementor-widget-image\" data-id=\"6d8a4eb\" data-element_type=\"widget\" data-e-type=\"widget\" data-widget_type=\"image.default\">\n\t\t\t\t<div class=\"elementor-widget-container\">\n\t\t\t\t\t\t\t\t\t\t\t\t\t\t\t<img decoding=\"async\" width=\"800\" height=\"534\" src=\"https:\/\/antoniomartinezclinicadental.com\/wp-content\/uploads\/2025\/09\/michigan3-1024x683.png\" class=\"attachment-large size-large wp-image-14165\" alt=\"Ferula Michigan V\u00e9lez-M\u00e1laga\" srcset=\"https:\/\/antoniomartinezclinicadental.com\/wp-content\/uploads\/2025\/09\/michigan3-1024x683.png 1024w, https:\/\/antoniomartinezclinicadental.com\/wp-content\/uploads\/2025\/09\/michigan3-300x200.png 300w, https:\/\/antoniomartinezclinicadental.com\/wp-content\/uploads\/2025\/09\/michigan3-768x512.png 768w, https:\/\/antoniomartinezclinicadental.com\/wp-content\/uploads\/2025\/09\/michigan3.png 1248w\" sizes=\"(max-width: 800px) 100vw, 800px\" \/>\t\t\t\t\t\t\t\t\t\t\t\t\t\t\t<\/div>\n\t\t\t\t<\/div>\n\t\t\t\t<div class=\"elementor-element elementor-element-e98fdb0 elementor-widget__width-initial elementor-widget-mobile__width-inherit elementor-widget-tablet__width-inherit elementor-widget elementor-widget-text-editor\" data-id=\"e98fdb0\" data-element_type=\"widget\" data-e-type=\"widget\" data-widget_type=\"text-editor.default\">\n\t\t\t\t<div class=\"elementor-widget-container\">\n\t\t\t\t\t\t\t\t\t<div><h2 style=\"font-family: Raleway, sans-serif; font-weight: 400; color: #1a3d4d; text-align: center;\">Entlastungsschienen und okklusale Anpassungen<\/h2><\/div><div style=\"color: #1a3d4d; font-family: Raleway, sans-serif;\"><p style=\"text-align: left;\">Probleme im Zusammenhang mit dem Kiefergelenk (TMJ), wie <b>Bruxismus<\/b> (Z\u00e4hneknirschen, Z\u00e4hnepressen) und andere Biss-St\u00f6rungen, werden durch den Einsatz von <strong>individuell angepassten Schienen und Bisskorrekturen<\/strong> behandelt.<\/p><p style=\"text-align: left;\"><strong>Entlastungsschienen<\/strong> sind ma\u00dfgefertigte Vorrichtungen aus Acrylmaterial, die die Z\u00e4hne vor Abnutzung durch Bruxismus sch\u00fctzen und die Belastung des Kiefergelenks verringern sollen. Sie werden in der Regel nachts getragen und <b>lindern<\/b> auch <b>Kopf-, Muskel- und Kieferschmerzen<\/b>, die mit diesen St\u00f6rungen verbunden sind. <\/p><p style=\"text-align: left;\"><strong>Okklusionskorrekturen<\/strong> hingegen werden durchgef\u00fchrt, um das Zusammenpassen der oberen und unteren Z\u00e4hne beim Biss zu verbessern. Dieses Verfahren gleicht den Biss aus, optimiert die Kaufunktion und <b>reduziert die<\/b> mit einer falschen Ausrichtung verbundenen <b>Schmerzen<\/b>. <\/p><p style=\"text-align: left;\">Beide Behandlungen dienen dazu, Ihre Z\u00e4hne zu sch\u00fctzen, Beschwerden zu lindern und Ihre Lebensqualit\u00e4t zu verbessern.<\/p><\/div>\t\t\t\t\t\t\t\t<\/div>\n\t\t\t\t<\/div>\n\t\t\t\t\t<\/div>\n\t\t\t\t<\/div>\n\t\t<div class=\"elementor-element elementor-element-d4ef20f e-flex e-con-boxed e-con e-child\" data-id=\"d4ef20f\" data-element_type=\"container\" data-e-type=\"container\" data-settings=\"{&quot;background_background&quot;:&quot;classic&quot;}\">\n\t\t\t\t\t<div class=\"e-con-inner\">\n\t\t\t\t<div class=\"elementor-element elementor-element-048a992 elementor-widget elementor-widget-image\" data-id=\"048a992\" data-element_type=\"widget\" data-e-type=\"widget\" data-widget_type=\"image.default\">\n\t\t\t\t<div class=\"elementor-widget-container\">\n\t\t\t\t\t\t\t\t\t\t\t\t\t\t\t<img loading=\"lazy\" decoding=\"async\" width=\"665\" height=\"485\" src=\"https:\/\/antoniomartinezclinicadental.com\/wp-content\/uploads\/2025\/05\/ortoapnea.png\" class=\"attachment-large size-large wp-image-14164\" alt=\"\u00c1cido Hialur\u00f3nico CLINICA DENTAL ANTONIO MARTINEZ\" srcset=\"https:\/\/antoniomartinezclinicadental.com\/wp-content\/uploads\/2025\/05\/ortoapnea.png 665w, https:\/\/antoniomartinezclinicadental.com\/wp-content\/uploads\/2025\/05\/ortoapnea-300x219.png 300w\" sizes=\"(max-width: 665px) 100vw, 665px\" \/>\t\t\t\t\t\t\t\t\t\t\t\t\t\t\t<\/div>\n\t\t\t\t<\/div>\n\t\t\t\t<div class=\"elementor-element elementor-element-d493a40 elementor-widget__width-initial elementor-widget-mobile__width-inherit elementor-widget-tablet__width-inherit elementor-widget elementor-widget-text-editor\" data-id=\"d493a40\" data-element_type=\"widget\" data-e-type=\"widget\" data-widget_type=\"text-editor.default\">\n\t\t\t\t<div class=\"elementor-widget-container\">\n\t\t\t\t\t\t\t\t\t<div><h2 style=\"font-family: Raleway, sans-serif; font-weight: 400; color: #1a3d4d; text-align: center;\">Behandlung von Schlafapnoe<\/h2><\/div><div style=\"color: #1a3d4d; font-family: Raleway, sans-serif;\"><p style=\"text-align: left;\"><strong>Obstruktive Schlafapnoe<\/strong> ist eine Erkrankung, bei der die Atemwege w\u00e4hrend des Schlafs blockiert werden, was zu Atemaussetzern f\u00fchrt. Dies f\u00fchrt zu <b>Schnarchen, Tagesm\u00fcdigkeit und gesundheitlichen Problemen<\/b>, wenn es nicht behandelt wird. <\/p><p style=\"text-align: left;\"><b>Intraorale Ger\u00e4te<\/b>, wie z. B. Schienen, sind eine wirksame L\u00f6sung, insbesondere in leichten bis mittelschweren F\u00e4llen. Sie schieben den Kiefer vor, halten die Atemwege offen und reduzieren Atemaussetzer und Schnarchen. In schweren F\u00e4llen k\u00f6nnen sie die Verwendung von CPAP erg\u00e4nzen, einem Ger\u00e4t, das konstant Luft abgibt, um Verstopfungen zu verhindern und die Behandlung angenehmer zu gestalten.  <\/p><p style=\"text-align: left;\">Diese Ger\u00e4te <b>verbessern die Qualit\u00e4t des Schlafs<\/b> und f\u00f6rdern die allgemeine Gesundheit des Patienten.<\/p><\/div>\t\t\t\t\t\t\t\t<\/div>\n\t\t\t\t<\/div>\n\t\t\t\t\t<\/div>\n\t\t\t\t<\/div>\n\t\t<div class=\"elementor-element elementor-element-61cf58b e-flex e-con-boxed e-con e-parent\" data-id=\"61cf58b\" data-element_type=\"container\" data-e-type=\"container\" data-settings=\"{&quot;background_background&quot;:&quot;classic&quot;}\">\n\t\t\t\t\t<div class=\"e-con-inner\">\n\t\t<div class=\"elementor-element elementor-element-28d46e7 e-con-full e-flex e-con e-child\" data-id=\"28d46e7\" data-element_type=\"container\" data-e-type=\"container\">\n\t\t\t\t<div class=\"elementor-element elementor-element-c31def1 elementor-widget__width-initial elementor-widget-tablet__width-inherit elementor-widget elementor-widget-text-editor\" data-id=\"c31def1\" data-element_type=\"widget\" data-e-type=\"widget\" data-widget_type=\"text-editor.default\">\n\t\t\t\t<div class=\"elementor-widget-container\">\n\t\t\t\t\t\t\t\t\t<h5 style=\"font-family: Raleway, sans-serif; font-weight: 500; color: #1a3d4d;\"><span style=\"text-decoration: underline; color: #3366ff;\"><a style=\"color: #3366ff; text-decoration: underline;\" href=\"https:\/\/antoniomartinezclinicadental.com\/tratamientos\/\">&#8220; Siehe andere Behandlungen<\/a><\/span><\/h5>\t\t\t\t\t\t\t\t<\/div>\n\t\t\t\t<\/div>\n\t\t\t\t<\/div>\n\t\t\t\t\t<\/div>\n\t\t\t\t<\/div>\n\t\t<div class=\"elementor-element elementor-element-e8ac135 e-con-full e-flex e-con e-parent\" data-id=\"e8ac135\" data-element_type=\"container\" data-e-type=\"container\" data-settings=\"{&quot;background_background&quot;:&quot;classic&quot;}\">\n\t\t\t\t<div class=\"elementor-element elementor-element-52fb67c elementor-widget__width-inherit elementor-widget elementor-widget-heading\" data-id=\"52fb67c\" data-element_type=\"widget\" data-e-type=\"widget\" data-widget_type=\"heading.default\">\n\t\t\t\t<div class=\"elementor-widget-container\">\n\t\t\t\t\t<h2 class=\"elementor-heading-title elementor-size-default\">H\u00e4ufig gestellte Fragen zu Temporomandibul\u00e4rem Syndrom<\/h2>\t\t\t\t<\/div>\n\t\t\t\t<\/div>\n\t\t<div class=\"elementor-element elementor-element-dc4112c e-con-full e-flex e-con e-child\" data-id=\"dc4112c\" data-element_type=\"container\" data-e-type=\"container\">\n\t\t\t\t<div class=\"elementor-element elementor-element-e5885cd elementor-widget__width-initial elementor-widget-tablet__width-inherit elementor-widget elementor-widget-toggle\" data-id=\"e5885cd\" data-element_type=\"widget\" data-e-type=\"widget\" data-widget_type=\"toggle.default\">\n\t\t\t\t<div class=\"elementor-widget-container\">\n\t\t\t\t\t\t\t<div class=\"elementor-toggle\">\n\t\t\t\t\t\t\t<div class=\"elementor-toggle-item\">\n\t\t\t\t\t<h3 id=\"elementor-tab-title-2401\" class=\"elementor-tab-title\" data-tab=\"1\" role=\"button\" aria-controls=\"elementor-tab-content-2401\" aria-expanded=\"false\">\n\t\t\t\t\t\t\t\t\t\t\t\t<span class=\"elementor-toggle-icon elementor-toggle-icon-right\" aria-hidden=\"true\">\n\t\t\t\t\t\t\t\t\t\t\t\t\t\t\t<span class=\"elementor-toggle-icon-closed\"><svg class=\"e-font-icon-svg e-fas-angle-down\" viewBox=\"0 0 320 512\" xmlns=\"http:\/\/www.w3.org\/2000\/svg\"><path d=\"M143 352.3L7 216.3c-9.4-9.4-9.4-24.6 0-33.9l22.6-22.6c9.4-9.4 24.6-9.4 33.9 0l96.4 96.4 96.4-96.4c9.4-9.4 24.6-9.4 33.9 0l22.6 22.6c9.4 9.4 9.4 24.6 0 33.9l-136 136c-9.2 9.4-24.4 9.4-33.8 0z\"><\/path><\/svg><\/span>\n\t\t\t\t\t\t\t\t<span class=\"elementor-toggle-icon-opened\"><svg class=\"elementor-toggle-icon-opened e-font-icon-svg e-fas-angle-up\" viewBox=\"0 0 320 512\" xmlns=\"http:\/\/www.w3.org\/2000\/svg\"><path d=\"M177 159.7l136 136c9.4 9.4 9.4 24.6 0 33.9l-22.6 22.6c-9.4 9.4-24.6 9.4-33.9 0L160 255.9l-96.4 96.4c-9.4 9.4-24.6 9.4-33.9 0L7 329.7c-9.4-9.4-9.4-24.6 0-33.9l136-136c9.4-9.5 24.6-9.5 34-.1z\"><\/path><\/svg><\/span>\n\t\t\t\t\t\t\t\t\t\t\t\t\t<\/span>\n\t\t\t\t\t\t\t\t\t\t\t\t<a class=\"elementor-toggle-title\" tabindex=\"0\">Warum bei\u00dfe ich nachts die Z\u00e4hne zusammen?<\/a>\n\t\t\t\t\t<\/h3>\n\n\t\t\t\t\t<div id=\"elementor-tab-content-2401\" class=\"elementor-tab-content elementor-clearfix\" data-tab=\"1\" role=\"region\" aria-labelledby=\"elementor-tab-title-2401\"><p>N\u00e4chtlicher Bruxismus, also das Zusammenpressen der Z\u00e4hne im Schlaf, steht oft im Zusammenhang mit Stress, Angst oder Bissproblemen. Auch die K\u00f6rperhaltung, Probleme mit dem Kiefergelenk oder sogar Schlafst\u00f6rungen k\u00f6nnen eine Rolle spielen. <\/p>\n<\/div>\n\t\t\t\t<\/div>\n\t\t\t\t\t\t\t<div class=\"elementor-toggle-item\">\n\t\t\t\t\t<h3 id=\"elementor-tab-title-2402\" class=\"elementor-tab-title\" data-tab=\"2\" role=\"button\" aria-controls=\"elementor-tab-content-2402\" aria-expanded=\"false\">\n\t\t\t\t\t\t\t\t\t\t\t\t<span class=\"elementor-toggle-icon elementor-toggle-icon-right\" aria-hidden=\"true\">\n\t\t\t\t\t\t\t\t\t\t\t\t\t\t\t<span class=\"elementor-toggle-icon-closed\"><svg class=\"e-font-icon-svg e-fas-angle-down\" viewBox=\"0 0 320 512\" xmlns=\"http:\/\/www.w3.org\/2000\/svg\"><path d=\"M143 352.3L7 216.3c-9.4-9.4-9.4-24.6 0-33.9l22.6-22.6c9.4-9.4 24.6-9.4 33.9 0l96.4 96.4 96.4-96.4c9.4-9.4 24.6-9.4 33.9 0l22.6 22.6c9.4 9.4 9.4 24.6 0 33.9l-136 136c-9.2 9.4-24.4 9.4-33.8 0z\"><\/path><\/svg><\/span>\n\t\t\t\t\t\t\t\t<span class=\"elementor-toggle-icon-opened\"><svg class=\"elementor-toggle-icon-opened e-font-icon-svg e-fas-angle-up\" viewBox=\"0 0 320 512\" xmlns=\"http:\/\/www.w3.org\/2000\/svg\"><path d=\"M177 159.7l136 136c9.4 9.4 9.4 24.6 0 33.9l-22.6 22.6c-9.4 9.4-24.6 9.4-33.9 0L160 255.9l-96.4 96.4c-9.4 9.4-24.6 9.4-33.9 0L7 329.7c-9.4-9.4-9.4-24.6 0-33.9l136-136c9.4-9.5 24.6-9.5 34-.1z\"><\/path><\/svg><\/span>\n\t\t\t\t\t\t\t\t\t\t\t\t\t<\/span>\n\t\t\t\t\t\t\t\t\t\t\t\t<a class=\"elementor-toggle-title\" tabindex=\"0\">Kann eine Temporomandibul\u00e4re St\u00f6rung Kopfschmerzen oder Nackenschmerzen verursachen?<\/a>\n\t\t\t\t\t<\/h3>\n\n\t\t\t\t\t<div id=\"elementor-tab-content-2402\" class=\"elementor-tab-content elementor-clearfix\" data-tab=\"2\" role=\"region\" aria-labelledby=\"elementor-tab-title-2402\"><p>Ja, Kiefergelenkserkrankungen k\u00f6nnen aufgrund von Verspannungen in den Muskeln in der N\u00e4he des Kiefergelenks Kopf-, Nacken- und Kieferschmerzen verursachen.<\/p>\n<\/div>\n\t\t\t\t<\/div>\n\t\t\t\t\t\t\t<div class=\"elementor-toggle-item\">\n\t\t\t\t\t<h3 id=\"elementor-tab-title-2403\" class=\"elementor-tab-title\" data-tab=\"3\" role=\"button\" aria-controls=\"elementor-tab-content-2403\" aria-expanded=\"false\">\n\t\t\t\t\t\t\t\t\t\t\t\t<span class=\"elementor-toggle-icon elementor-toggle-icon-right\" aria-hidden=\"true\">\n\t\t\t\t\t\t\t\t\t\t\t\t\t\t\t<span class=\"elementor-toggle-icon-closed\"><svg class=\"e-font-icon-svg e-fas-angle-down\" viewBox=\"0 0 320 512\" xmlns=\"http:\/\/www.w3.org\/2000\/svg\"><path d=\"M143 352.3L7 216.3c-9.4-9.4-9.4-24.6 0-33.9l22.6-22.6c9.4-9.4 24.6-9.4 33.9 0l96.4 96.4 96.4-96.4c9.4-9.4 24.6-9.4 33.9 0l22.6 22.6c9.4 9.4 9.4 24.6 0 33.9l-136 136c-9.2 9.4-24.4 9.4-33.8 0z\"><\/path><\/svg><\/span>\n\t\t\t\t\t\t\t\t<span class=\"elementor-toggle-icon-opened\"><svg class=\"elementor-toggle-icon-opened e-font-icon-svg e-fas-angle-up\" viewBox=\"0 0 320 512\" xmlns=\"http:\/\/www.w3.org\/2000\/svg\"><path d=\"M177 159.7l136 136c9.4 9.4 9.4 24.6 0 33.9l-22.6 22.6c-9.4 9.4-24.6 9.4-33.9 0L160 255.9l-96.4 96.4c-9.4 9.4-24.6 9.4-33.9 0L7 329.7c-9.4-9.4-9.4-24.6 0-33.9l136-136c9.4-9.5 24.6-9.5 34-.1z\"><\/path><\/svg><\/span>\n\t\t\t\t\t\t\t\t\t\t\t\t\t<\/span>\n\t\t\t\t\t\t\t\t\t\t\t\t<a class=\"elementor-toggle-title\" tabindex=\"0\">Wie viel kostet das Tragen einer Schiene?<\/a>\n\t\t\t\t\t<\/h3>\n\n\t\t\t\t\t<div id=\"elementor-tab-content-2403\" class=\"elementor-tab-content elementor-clearfix\" data-tab=\"3\" role=\"region\" aria-labelledby=\"elementor-tab-title-2403\"><p>Da es sich um eine individuelle Behandlung handelt, variieren die Kosten f\u00fcr die Schiene je nach Art der Schiene und des verwendeten Materials.<\/p>\n<p>Es ist ma\u00dfgeschneidert, um seine Wirksamkeit und seinen Komfort zu gew\u00e4hrleisten.<\/p>\n<\/div>\n\t\t\t\t<\/div>\n\t\t\t\t\t\t\t<div class=\"elementor-toggle-item\">\n\t\t\t\t\t<h3 id=\"elementor-tab-title-2404\" class=\"elementor-tab-title\" data-tab=\"4\" role=\"button\" aria-controls=\"elementor-tab-content-2404\" aria-expanded=\"false\">\n\t\t\t\t\t\t\t\t\t\t\t\t<span class=\"elementor-toggle-icon elementor-toggle-icon-right\" aria-hidden=\"true\">\n\t\t\t\t\t\t\t\t\t\t\t\t\t\t\t<span class=\"elementor-toggle-icon-closed\"><svg class=\"e-font-icon-svg e-fas-angle-down\" viewBox=\"0 0 320 512\" xmlns=\"http:\/\/www.w3.org\/2000\/svg\"><path d=\"M143 352.3L7 216.3c-9.4-9.4-9.4-24.6 0-33.9l22.6-22.6c9.4-9.4 24.6-9.4 33.9 0l96.4 96.4 96.4-96.4c9.4-9.4 24.6-9.4 33.9 0l22.6 22.6c9.4 9.4 9.4 24.6 0 33.9l-136 136c-9.2 9.4-24.4 9.4-33.8 0z\"><\/path><\/svg><\/span>\n\t\t\t\t\t\t\t\t<span class=\"elementor-toggle-icon-opened\"><svg class=\"elementor-toggle-icon-opened e-font-icon-svg e-fas-angle-up\" viewBox=\"0 0 320 512\" xmlns=\"http:\/\/www.w3.org\/2000\/svg\"><path d=\"M177 159.7l136 136c9.4 9.4 9.4 24.6 0 33.9l-22.6 22.6c-9.4 9.4-24.6 9.4-33.9 0L160 255.9l-96.4 96.4c-9.4 9.4-24.6 9.4-33.9 0L7 329.7c-9.4-9.4-9.4-24.6 0-33.9l136-136c9.4-9.5 24.6-9.5 34-.1z\"><\/path><\/svg><\/span>\n\t\t\t\t\t\t\t\t\t\t\t\t\t<\/span>\n\t\t\t\t\t\t\t\t\t\t\t\t<a class=\"elementor-toggle-title\" tabindex=\"0\">Woher wei\u00df ich, ob ich an Schlafapnoe leide oder nur schnarche?<\/a>\n\t\t\t\t\t<\/h3>\n\n\t\t\t\t\t<div id=\"elementor-tab-content-2404\" class=\"elementor-tab-content elementor-clearfix\" data-tab=\"4\" role=\"region\" aria-labelledby=\"elementor-tab-title-2404\"><p>Schnarchen ist ein h\u00e4ufiges Symptom der Schlafapnoe, deutet aber nicht immer auf deren Vorhandensein hin. Andere Anzeichen sind Atempausen, extreme Tagesm\u00fcdigkeit, chronische M\u00fcdigkeit, Konzentrationsschwierigkeiten und Kopfschmerzen beim Aufwachen. <\/p>\n<\/div>\n\t\t\t\t<\/div>\n\t\t\t\t\t\t\t<div class=\"elementor-toggle-item\">\n\t\t\t\t\t<h3 id=\"elementor-tab-title-2405\" class=\"elementor-tab-title\" data-tab=\"5\" role=\"button\" aria-controls=\"elementor-tab-content-2405\" aria-expanded=\"false\">\n\t\t\t\t\t\t\t\t\t\t\t\t<span class=\"elementor-toggle-icon elementor-toggle-icon-right\" aria-hidden=\"true\">\n\t\t\t\t\t\t\t\t\t\t\t\t\t\t\t<span class=\"elementor-toggle-icon-closed\"><svg class=\"e-font-icon-svg e-fas-angle-down\" viewBox=\"0 0 320 512\" xmlns=\"http:\/\/www.w3.org\/2000\/svg\"><path d=\"M143 352.3L7 216.3c-9.4-9.4-9.4-24.6 0-33.9l22.6-22.6c9.4-9.4 24.6-9.4 33.9 0l96.4 96.4 96.4-96.4c9.4-9.4 24.6-9.4 33.9 0l22.6 22.6c9.4 9.4 9.4 24.6 0 33.9l-136 136c-9.2 9.4-24.4 9.4-33.8 0z\"><\/path><\/svg><\/span>\n\t\t\t\t\t\t\t\t<span class=\"elementor-toggle-icon-opened\"><svg class=\"elementor-toggle-icon-opened e-font-icon-svg e-fas-angle-up\" viewBox=\"0 0 320 512\" xmlns=\"http:\/\/www.w3.org\/2000\/svg\"><path d=\"M177 159.7l136 136c9.4 9.4 9.4 24.6 0 33.9l-22.6 22.6c-9.4 9.4-24.6 9.4-33.9 0L160 255.9l-96.4 96.4c-9.4 9.4-24.6 9.4-33.9 0L7 329.7c-9.4-9.4-9.4-24.6 0-33.9l136-136c9.4-9.5 24.6-9.5 34-.1z\"><\/path><\/svg><\/span>\n\t\t\t\t\t\t\t\t\t\t\t\t\t<\/span>\n\t\t\t\t\t\t\t\t\t\t\t\t<a class=\"elementor-toggle-title\" tabindex=\"0\">Hat Schlafapnoe schwerwiegende Folgen, wenn sie unbehandelt bleibt?<\/a>\n\t\t\t\t\t<\/h3>\n\n\t\t\t\t\t<div id=\"elementor-tab-content-2405\" class=\"elementor-tab-content elementor-clearfix\" data-tab=\"5\" role=\"region\" aria-labelledby=\"elementor-tab-title-2405\"><p>Ja, unbehandelt kann die Schlafapnoe zu ernsthaften Problemen wie Bluthochdruck, Herz-Kreislauf-Erkrankungen, Typ-2-Diabetes, Schlaganfall und einem erh\u00f6hten Unfallrisiko aufgrund von Schl\u00e4frigkeit f\u00fchren.<\/p>\n<\/div>\n\t\t\t\t<\/div>\n\t\t\t\t\t\t\t<div class=\"elementor-toggle-item\">\n\t\t\t\t\t<h3 id=\"elementor-tab-title-2406\" class=\"elementor-tab-title\" data-tab=\"6\" role=\"button\" aria-controls=\"elementor-tab-content-2406\" aria-expanded=\"false\">\n\t\t\t\t\t\t\t\t\t\t\t\t<span class=\"elementor-toggle-icon elementor-toggle-icon-right\" aria-hidden=\"true\">\n\t\t\t\t\t\t\t\t\t\t\t\t\t\t\t<span class=\"elementor-toggle-icon-closed\"><svg class=\"e-font-icon-svg e-fas-angle-down\" viewBox=\"0 0 320 512\" xmlns=\"http:\/\/www.w3.org\/2000\/svg\"><path d=\"M143 352.3L7 216.3c-9.4-9.4-9.4-24.6 0-33.9l22.6-22.6c9.4-9.4 24.6-9.4 33.9 0l96.4 96.4 96.4-96.4c9.4-9.4 24.6-9.4 33.9 0l22.6 22.6c9.4 9.4 9.4 24.6 0 33.9l-136 136c-9.2 9.4-24.4 9.4-33.8 0z\"><\/path><\/svg><\/span>\n\t\t\t\t\t\t\t\t<span class=\"elementor-toggle-icon-opened\"><svg class=\"elementor-toggle-icon-opened e-font-icon-svg e-fas-angle-up\" viewBox=\"0 0 320 512\" xmlns=\"http:\/\/www.w3.org\/2000\/svg\"><path d=\"M177 159.7l136 136c9.4 9.4 9.4 24.6 0 33.9l-22.6 22.6c-9.4 9.4-24.6 9.4-33.9 0L160 255.9l-96.4 96.4c-9.4 9.4-24.6 9.4-33.9 0L7 329.7c-9.4-9.4-9.4-24.6 0-33.9l136-136c9.4-9.5 24.6-9.5 34-.1z\"><\/path><\/svg><\/span>\n\t\t\t\t\t\t\t\t\t\t\t\t\t<\/span>\n\t\t\t\t\t\t\t\t\t\t\t\t<a class=\"elementor-toggle-title\" tabindex=\"0\">Warum wache ich m\u00fcde auf?<\/a>\n\t\t\t\t\t<\/h3>\n\n\t\t\t\t\t<div id=\"elementor-tab-content-2406\" class=\"elementor-tab-content elementor-clearfix\" data-tab=\"6\" role=\"region\" aria-labelledby=\"elementor-tab-title-2406\"><p>M\u00fcdes Aufwachen kann auf Schlafst\u00f6rungen wie Schlafapnoe, n\u00e4chtlichen Bruxismus oder Schlaflosigkeit zur\u00fcckzuf\u00fchren sein. Es kann auch durch eine schlechte Schlafqualit\u00e4t, Stress oder eine unregelm\u00e4\u00dfige Routine verursacht werden. <\/p>\n<\/div>\n\t\t\t\t<\/div>\n\t\t\t\t\t\t\t<div class=\"elementor-toggle-item\">\n\t\t\t\t\t<h3 id=\"elementor-tab-title-2407\" class=\"elementor-tab-title\" data-tab=\"7\" role=\"button\" aria-controls=\"elementor-tab-content-2407\" aria-expanded=\"false\">\n\t\t\t\t\t\t\t\t\t\t\t\t<span class=\"elementor-toggle-icon elementor-toggle-icon-right\" aria-hidden=\"true\">\n\t\t\t\t\t\t\t\t\t\t\t\t\t\t\t<span class=\"elementor-toggle-icon-closed\"><svg class=\"e-font-icon-svg e-fas-angle-down\" viewBox=\"0 0 320 512\" xmlns=\"http:\/\/www.w3.org\/2000\/svg\"><path d=\"M143 352.3L7 216.3c-9.4-9.4-9.4-24.6 0-33.9l22.6-22.6c9.4-9.4 24.6-9.4 33.9 0l96.4 96.4 96.4-96.4c9.4-9.4 24.6-9.4 33.9 0l22.6 22.6c9.4 9.4 9.4 24.6 0 33.9l-136 136c-9.2 9.4-24.4 9.4-33.8 0z\"><\/path><\/svg><\/span>\n\t\t\t\t\t\t\t\t<span class=\"elementor-toggle-icon-opened\"><svg class=\"elementor-toggle-icon-opened e-font-icon-svg e-fas-angle-up\" viewBox=\"0 0 320 512\" xmlns=\"http:\/\/www.w3.org\/2000\/svg\"><path d=\"M177 159.7l136 136c9.4 9.4 9.4 24.6 0 33.9l-22.6 22.6c-9.4 9.4-24.6 9.4-33.9 0L160 255.9l-96.4 96.4c-9.4 9.4-24.6 9.4-33.9 0L7 329.7c-9.4-9.4-9.4-24.6 0-33.9l136-136c9.4-9.5 24.6-9.5 34-.1z\"><\/path><\/svg><\/span>\n\t\t\t\t\t\t\t\t\t\t\t\t\t<\/span>\n\t\t\t\t\t\t\t\t\t\t\t\t<a class=\"elementor-toggle-title\" tabindex=\"0\">Wie finde ich den besten Kiefergelenkspezialisten in Velez-Malaga zur Behandlung von Kiefergelenksbeschwerden?<\/a>\n\t\t\t\t\t<\/h3>\n\n\t\t\t\t\t<div id=\"elementor-tab-content-2407\" class=\"elementor-tab-content elementor-clearfix\" data-tab=\"7\" role=\"region\" aria-labelledby=\"elementor-tab-title-2407\"><p>Wenn Sie auf der Suche nach der besten Behandlung f\u00fcr Kiefergelenksbeschwerden in V\u00e9lez-M\u00e1laga sind, ist die <strong>Cl\u00ednica Dental Antonio Mart\u00ednez<\/strong> die beste Wahl f\u00fcr Sie. Wir sind darauf spezialisiert, individuelle und effektive L\u00f6sungen anzubieten, um Kieferschmerzen zu lindern und die Lebensqualit\u00e4t unserer Patienten zu verbessern. <\/p>\n<p>Wir befinden uns im Zentrum von Velez-Malaga und bieten eine komfortable und gut erreichbare Umgebung. Unser Team sorgt daf\u00fcr, dass jeder Patient eine enge, respektvolle und engagierte Behandlung erh\u00e4lt. <\/p>\n<h3> <\/h3>\n<\/div>\n\t\t\t\t<\/div>\n\t\t\t\t\t\t\t<div class=\"elementor-toggle-item\">\n\t\t\t\t\t<h3 id=\"elementor-tab-title-2408\" class=\"elementor-tab-title\" data-tab=\"8\" role=\"button\" aria-controls=\"elementor-tab-content-2408\" aria-expanded=\"false\">\n\t\t\t\t\t\t\t\t\t\t\t\t<span class=\"elementor-toggle-icon elementor-toggle-icon-right\" aria-hidden=\"true\">\n\t\t\t\t\t\t\t\t\t\t\t\t\t\t\t<span class=\"elementor-toggle-icon-closed\"><svg class=\"e-font-icon-svg e-fas-angle-down\" viewBox=\"0 0 320 512\" xmlns=\"http:\/\/www.w3.org\/2000\/svg\"><path d=\"M143 352.3L7 216.3c-9.4-9.4-9.4-24.6 0-33.9l22.6-22.6c9.4-9.4 24.6-9.4 33.9 0l96.4 96.4 96.4-96.4c9.4-9.4 24.6-9.4 33.9 0l22.6 22.6c9.4 9.4 9.4 24.6 0 33.9l-136 136c-9.2 9.4-24.4 9.4-33.8 0z\"><\/path><\/svg><\/span>\n\t\t\t\t\t\t\t\t<span class=\"elementor-toggle-icon-opened\"><svg class=\"elementor-toggle-icon-opened e-font-icon-svg e-fas-angle-up\" viewBox=\"0 0 320 512\" xmlns=\"http:\/\/www.w3.org\/2000\/svg\"><path d=\"M177 159.7l136 136c9.4 9.4 9.4 24.6 0 33.9l-22.6 22.6c-9.4 9.4-24.6 9.4-33.9 0L160 255.9l-96.4 96.4c-9.4 9.4-24.6 9.4-33.9 0L7 329.7c-9.4-9.4-9.4-24.6 0-33.9l136-136c9.4-9.5 24.6-9.5 34-.1z\"><\/path><\/svg><\/span>\n\t\t\t\t\t\t\t\t\t\t\t\t\t<\/span>\n\t\t\t\t\t\t\t\t\t\t\t\t<a class=\"elementor-toggle-title\" tabindex=\"0\">Warum sollten Sie uns f\u00fcr die Behandlung Ihrer Kiefergelenkbeschwerden in Velez-Malaga w\u00e4hlen?<\/a>\n\t\t\t\t\t<\/h3>\n\n\t\t\t\t\t<div id=\"elementor-tab-content-2408\" class=\"elementor-tab-content elementor-clearfix\" data-tab=\"8\" role=\"region\" aria-labelledby=\"elementor-tab-title-2408\"><p>In der <strong>Cl\u00ednica Dental Antonio Mart\u00ednez<\/strong> haben wir uns auf die Diagnose und Behandlung von Kiefergelenkserkrankungen (TMD) spezialisiert. Hier sind die Gr\u00fcnde, warum wir Ihre beste Wahl in Velez-Malaga sind: <\/p>\n<ol>\n<li>\n<p><strong>Spezialisiertes multidisziplin\u00e4res Team<\/strong>: Unser Team besteht aus Fachleuten mit umfassender Erfahrung in der Behandlung von TMD.<\/p>\n<\/li>\n<li>\n<p><strong>Personalisierte Behandlungen<\/strong>: Jeder Patient ist einzigartig. Wir bieten individualisierte Behandlungspl\u00e4ne. <\/p>\n<\/li>\n<li>\n<p><strong>Fortschrittliche Technologie<\/strong>: Wir verf\u00fcgen \u00fcber hochmoderne Ger\u00e4te, die es uns erm\u00f6glichen, pr\u00e4zise Diagnosen zu stellen und effektive Behandlungen anzubieten.<\/p>\n<\/li>\n<li>\n<p><strong>Bequeme Lage<\/strong>: Wir befinden uns im Zentrum von Velez-Malaga, sind leicht zu erreichen und bieten unseren Patienten eine komfortable und einladende Umgebung.<\/p>\n<\/li>\n<\/ol>\n<\/div>\n\t\t\t\t<\/div>\n\t\t\t\t\t\t\t\t<\/div>\n\t\t\t\t\t\t<\/div>\n\t\t\t\t<\/div>\n\t\t\t\t<div class=\"elementor-element elementor-element-8af8fd6 elementor-widget__width-initial elementor-widget-tablet__width-inherit elementor-widget elementor-widget-toggle\" data-id=\"8af8fd6\" data-element_type=\"widget\" data-e-type=\"widget\" data-widget_type=\"toggle.default\">\n\t\t\t\t<div class=\"elementor-widget-container\">\n\t\t\t\t\t\t\t<div class=\"elementor-toggle\">\n\t\t\t\t\t\t\t<div class=\"elementor-toggle-item\">\n\t\t\t\t\t<h3 id=\"elementor-tab-title-1451\" class=\"elementor-tab-title\" data-tab=\"1\" role=\"button\" aria-controls=\"elementor-tab-content-1451\" aria-expanded=\"false\">\n\t\t\t\t\t\t\t\t\t\t\t\t<span class=\"elementor-toggle-icon elementor-toggle-icon-right\" aria-hidden=\"true\">\n\t\t\t\t\t\t\t\t\t\t\t\t\t\t\t<span class=\"elementor-toggle-icon-closed\"><svg class=\"e-font-icon-svg e-fas-angle-down\" viewBox=\"0 0 320 512\" xmlns=\"http:\/\/www.w3.org\/2000\/svg\"><path d=\"M143 352.3L7 216.3c-9.4-9.4-9.4-24.6 0-33.9l22.6-22.6c9.4-9.4 24.6-9.4 33.9 0l96.4 96.4 96.4-96.4c9.4-9.4 24.6-9.4 33.9 0l22.6 22.6c9.4 9.4 9.4 24.6 0 33.9l-136 136c-9.2 9.4-24.4 9.4-33.8 0z\"><\/path><\/svg><\/span>\n\t\t\t\t\t\t\t\t<span class=\"elementor-toggle-icon-opened\"><svg class=\"elementor-toggle-icon-opened e-font-icon-svg e-fas-angle-up\" viewBox=\"0 0 320 512\" xmlns=\"http:\/\/www.w3.org\/2000\/svg\"><path d=\"M177 159.7l136 136c9.4 9.4 9.4 24.6 0 33.9l-22.6 22.6c-9.4 9.4-24.6 9.4-33.9 0L160 255.9l-96.4 96.4c-9.4 9.4-24.6 9.4-33.9 0L7 329.7c-9.4-9.4-9.4-24.6 0-33.9l136-136c9.4-9.5 24.6-9.5 34-.1z\"><\/path><\/svg><\/span>\n\t\t\t\t\t\t\t\t\t\t\t\t\t<\/span>\n\t\t\t\t\t\t\t\t\t\t\t\t<a class=\"elementor-toggle-title\" tabindex=\"0\">K\u00f6nnen Kieferschmerzen durch Weisheitsz\u00e4hne verursacht werden?<\/a>\n\t\t\t\t\t<\/h3>\n\n\t\t\t\t\t<div id=\"elementor-tab-content-1451\" class=\"elementor-tab-content elementor-clearfix\" data-tab=\"1\" role=\"region\" aria-labelledby=\"elementor-tab-title-1451\"><p>Ja, Weisheitsz\u00e4hne k\u00f6nnen Kieferschmerzen verursachen, wenn sie durchgebrochen sind, schlecht stehen oder Druck auf benachbarte Z\u00e4hne aus\u00fcben. Sie k\u00f6nnen auch das Zahnfleisch entz\u00fcnden und das Kiefergelenk beeintr\u00e4chtigen. <\/p>\n<\/div>\n\t\t\t\t<\/div>\n\t\t\t\t\t\t\t<div class=\"elementor-toggle-item\">\n\t\t\t\t\t<h3 id=\"elementor-tab-title-1452\" class=\"elementor-tab-title\" data-tab=\"2\" role=\"button\" aria-controls=\"elementor-tab-content-1452\" aria-expanded=\"false\">\n\t\t\t\t\t\t\t\t\t\t\t\t<span class=\"elementor-toggle-icon elementor-toggle-icon-right\" aria-hidden=\"true\">\n\t\t\t\t\t\t\t\t\t\t\t\t\t\t\t<span class=\"elementor-toggle-icon-closed\"><svg class=\"e-font-icon-svg e-fas-angle-down\" viewBox=\"0 0 320 512\" xmlns=\"http:\/\/www.w3.org\/2000\/svg\"><path d=\"M143 352.3L7 216.3c-9.4-9.4-9.4-24.6 0-33.9l22.6-22.6c9.4-9.4 24.6-9.4 33.9 0l96.4 96.4 96.4-96.4c9.4-9.4 24.6-9.4 33.9 0l22.6 22.6c9.4 9.4 9.4 24.6 0 33.9l-136 136c-9.2 9.4-24.4 9.4-33.8 0z\"><\/path><\/svg><\/span>\n\t\t\t\t\t\t\t\t<span class=\"elementor-toggle-icon-opened\"><svg class=\"elementor-toggle-icon-opened e-font-icon-svg e-fas-angle-up\" viewBox=\"0 0 320 512\" xmlns=\"http:\/\/www.w3.org\/2000\/svg\"><path d=\"M177 159.7l136 136c9.4 9.4 9.4 24.6 0 33.9l-22.6 22.6c-9.4 9.4-24.6 9.4-33.9 0L160 255.9l-96.4 96.4c-9.4 9.4-24.6 9.4-33.9 0L7 329.7c-9.4-9.4-9.4-24.6 0-33.9l136-136c9.4-9.5 24.6-9.5 34-.1z\"><\/path><\/svg><\/span>\n\t\t\t\t\t\t\t\t\t\t\t\t\t<\/span>\n\t\t\t\t\t\t\t\t\t\t\t\t<a class=\"elementor-toggle-title\" tabindex=\"0\">K\u00f6nnen Kieferschmerzen durch Stress verursacht werden?<\/a>\n\t\t\t\t\t<\/h3>\n\n\t\t\t\t\t<div id=\"elementor-tab-content-1452\" class=\"elementor-tab-content elementor-clearfix\" data-tab=\"2\" role=\"region\" aria-labelledby=\"elementor-tab-title-1452\"><p>Ja, Stress kann zu Verspannungen der Kiefermuskulatur f\u00fchren, die sich in Z\u00e4hneknirschen oder -pressen (Bruxismus) \u00e4u\u00dfern und Schmerzen im Kiefer und im Kiefergelenk verursachen.<\/p>\n<\/div>\n\t\t\t\t<\/div>\n\t\t\t\t\t\t\t<div class=\"elementor-toggle-item\">\n\t\t\t\t\t<h3 id=\"elementor-tab-title-1453\" class=\"elementor-tab-title\" data-tab=\"3\" role=\"button\" aria-controls=\"elementor-tab-content-1453\" aria-expanded=\"false\">\n\t\t\t\t\t\t\t\t\t\t\t\t<span class=\"elementor-toggle-icon elementor-toggle-icon-right\" aria-hidden=\"true\">\n\t\t\t\t\t\t\t\t\t\t\t\t\t\t\t<span class=\"elementor-toggle-icon-closed\"><svg class=\"e-font-icon-svg e-fas-angle-down\" viewBox=\"0 0 320 512\" xmlns=\"http:\/\/www.w3.org\/2000\/svg\"><path d=\"M143 352.3L7 216.3c-9.4-9.4-9.4-24.6 0-33.9l22.6-22.6c9.4-9.4 24.6-9.4 33.9 0l96.4 96.4 96.4-96.4c9.4-9.4 24.6-9.4 33.9 0l22.6 22.6c9.4 9.4 9.4 24.6 0 33.9l-136 136c-9.2 9.4-24.4 9.4-33.8 0z\"><\/path><\/svg><\/span>\n\t\t\t\t\t\t\t\t<span class=\"elementor-toggle-icon-opened\"><svg class=\"elementor-toggle-icon-opened e-font-icon-svg e-fas-angle-up\" viewBox=\"0 0 320 512\" xmlns=\"http:\/\/www.w3.org\/2000\/svg\"><path d=\"M177 159.7l136 136c9.4 9.4 9.4 24.6 0 33.9l-22.6 22.6c-9.4 9.4-24.6 9.4-33.9 0L160 255.9l-96.4 96.4c-9.4 9.4-24.6 9.4-33.9 0L7 329.7c-9.4-9.4-9.4-24.6 0-33.9l136-136c9.4-9.5 24.6-9.5 34-.1z\"><\/path><\/svg><\/span>\n\t\t\t\t\t\t\t\t\t\t\t\t\t<\/span>\n\t\t\t\t\t\t\t\t\t\t\t\t<a class=\"elementor-toggle-title\" tabindex=\"0\">Warum tut mein Kiefer weh?<\/a>\n\t\t\t\t\t<\/h3>\n\n\t\t\t\t\t<div id=\"elementor-tab-content-1453\" class=\"elementor-tab-content elementor-clearfix\" data-tab=\"3\" role=\"region\" aria-labelledby=\"elementor-tab-title-1453\"><p>Kieferschmerzen k\u00f6nnen verschiedene Ursachen haben, z.B. Kiefergelenksprobleme, Bruxismus, Stress, Weisheitsz\u00e4hne, Bissfehlstellungen oder Verletzungen in diesem Bereich.<\/p>\n<\/div>\n\t\t\t\t<\/div>\n\t\t\t\t\t\t\t<div class=\"elementor-toggle-item\">\n\t\t\t\t\t<h3 id=\"elementor-tab-title-1454\" class=\"elementor-tab-title\" data-tab=\"4\" role=\"button\" aria-controls=\"elementor-tab-content-1454\" aria-expanded=\"false\">\n\t\t\t\t\t\t\t\t\t\t\t\t<span class=\"elementor-toggle-icon elementor-toggle-icon-right\" aria-hidden=\"true\">\n\t\t\t\t\t\t\t\t\t\t\t\t\t\t\t<span class=\"elementor-toggle-icon-closed\"><svg class=\"e-font-icon-svg e-fas-angle-down\" viewBox=\"0 0 320 512\" xmlns=\"http:\/\/www.w3.org\/2000\/svg\"><path d=\"M143 352.3L7 216.3c-9.4-9.4-9.4-24.6 0-33.9l22.6-22.6c9.4-9.4 24.6-9.4 33.9 0l96.4 96.4 96.4-96.4c9.4-9.4 24.6-9.4 33.9 0l22.6 22.6c9.4 9.4 9.4 24.6 0 33.9l-136 136c-9.2 9.4-24.4 9.4-33.8 0z\"><\/path><\/svg><\/span>\n\t\t\t\t\t\t\t\t<span class=\"elementor-toggle-icon-opened\"><svg class=\"elementor-toggle-icon-opened e-font-icon-svg e-fas-angle-up\" viewBox=\"0 0 320 512\" xmlns=\"http:\/\/www.w3.org\/2000\/svg\"><path d=\"M177 159.7l136 136c9.4 9.4 9.4 24.6 0 33.9l-22.6 22.6c-9.4 9.4-24.6 9.4-33.9 0L160 255.9l-96.4 96.4c-9.4 9.4-24.6 9.4-33.9 0L7 329.7c-9.4-9.4-9.4-24.6 0-33.9l136-136c9.4-9.5 24.6-9.5 34-.1z\"><\/path><\/svg><\/span>\n\t\t\t\t\t\t\t\t\t\t\t\t\t<\/span>\n\t\t\t\t\t\t\t\t\t\t\t\t<a class=\"elementor-toggle-title\" tabindex=\"0\">Welche Pflege ben\u00f6tigt die Entlastungsschiene?<\/a>\n\t\t\t\t\t<\/h3>\n\n\t\t\t\t\t<div id=\"elementor-tab-content-1454\" class=\"elementor-tab-content elementor-clearfix\" data-tab=\"4\" role=\"region\" aria-labelledby=\"elementor-tab-title-1454\"><p>Die Schiene sollte nach jedem Gebrauch mit lauwarmem Wasser und neutraler Seife gereinigt, gr\u00fcndlich getrocknet und dann in einem bel\u00fcfteten Geh\u00e4use aufbewahrt werden, wobei hohe Temperaturen vermieden werden sollten, um Verformungen zu vermeiden.<\/p>\n<\/div>\n\t\t\t\t<\/div>\n\t\t\t\t\t\t\t<div class=\"elementor-toggle-item\">\n\t\t\t\t\t<h3 id=\"elementor-tab-title-1455\" class=\"elementor-tab-title\" data-tab=\"5\" role=\"button\" aria-controls=\"elementor-tab-content-1455\" aria-expanded=\"false\">\n\t\t\t\t\t\t\t\t\t\t\t\t<span class=\"elementor-toggle-icon elementor-toggle-icon-right\" aria-hidden=\"true\">\n\t\t\t\t\t\t\t\t\t\t\t\t\t\t\t<span class=\"elementor-toggle-icon-closed\"><svg class=\"e-font-icon-svg e-fas-angle-down\" viewBox=\"0 0 320 512\" xmlns=\"http:\/\/www.w3.org\/2000\/svg\"><path d=\"M143 352.3L7 216.3c-9.4-9.4-9.4-24.6 0-33.9l22.6-22.6c9.4-9.4 24.6-9.4 33.9 0l96.4 96.4 96.4-96.4c9.4-9.4 24.6-9.4 33.9 0l22.6 22.6c9.4 9.4 9.4 24.6 0 33.9l-136 136c-9.2 9.4-24.4 9.4-33.8 0z\"><\/path><\/svg><\/span>\n\t\t\t\t\t\t\t\t<span class=\"elementor-toggle-icon-opened\"><svg class=\"elementor-toggle-icon-opened e-font-icon-svg e-fas-angle-up\" viewBox=\"0 0 320 512\" xmlns=\"http:\/\/www.w3.org\/2000\/svg\"><path d=\"M177 159.7l136 136c9.4 9.4 9.4 24.6 0 33.9l-22.6 22.6c-9.4 9.4-24.6 9.4-33.9 0L160 255.9l-96.4 96.4c-9.4 9.4-24.6 9.4-33.9 0L7 329.7c-9.4-9.4-9.4-24.6 0-33.9l136-136c9.4-9.5 24.6-9.5 34-.1z\"><\/path><\/svg><\/span>\n\t\t\t\t\t\t\t\t\t\t\t\t\t<\/span>\n\t\t\t\t\t\t\t\t\t\t\t\t<a class=\"elementor-toggle-title\" tabindex=\"0\">Kann die Entladeschiene bei Kopfschmerzen helfen?<\/a>\n\t\t\t\t\t<\/h3>\n\n\t\t\t\t\t<div id=\"elementor-tab-content-1455\" class=\"elementor-tab-content elementor-clearfix\" data-tab=\"5\" role=\"region\" aria-labelledby=\"elementor-tab-title-1455\"><p>Ja, eine Entlastungsschiene kann Kopfschmerzen im Zusammenhang mit Bruxismus oder Kiefergelenkbeschwerden lindern, indem sie die Muskelspannung reduziert und die Z\u00e4hne vor \u00fcberm\u00e4\u00dfigem Druck sch\u00fctzt.<\/p>\n<\/div>\n\t\t\t\t<\/div>\n\t\t\t\t\t\t\t<div class=\"elementor-toggle-item\">\n\t\t\t\t\t<h3 id=\"elementor-tab-title-1456\" class=\"elementor-tab-title\" data-tab=\"6\" role=\"button\" aria-controls=\"elementor-tab-content-1456\" aria-expanded=\"false\">\n\t\t\t\t\t\t\t\t\t\t\t\t<span class=\"elementor-toggle-icon elementor-toggle-icon-right\" aria-hidden=\"true\">\n\t\t\t\t\t\t\t\t\t\t\t\t\t\t\t<span class=\"elementor-toggle-icon-closed\"><svg class=\"e-font-icon-svg e-fas-angle-down\" viewBox=\"0 0 320 512\" xmlns=\"http:\/\/www.w3.org\/2000\/svg\"><path d=\"M143 352.3L7 216.3c-9.4-9.4-9.4-24.6 0-33.9l22.6-22.6c9.4-9.4 24.6-9.4 33.9 0l96.4 96.4 96.4-96.4c9.4-9.4 24.6-9.4 33.9 0l22.6 22.6c9.4 9.4 9.4 24.6 0 33.9l-136 136c-9.2 9.4-24.4 9.4-33.8 0z\"><\/path><\/svg><\/span>\n\t\t\t\t\t\t\t\t<span class=\"elementor-toggle-icon-opened\"><svg class=\"elementor-toggle-icon-opened e-font-icon-svg e-fas-angle-up\" viewBox=\"0 0 320 512\" xmlns=\"http:\/\/www.w3.org\/2000\/svg\"><path d=\"M177 159.7l136 136c9.4 9.4 9.4 24.6 0 33.9l-22.6 22.6c-9.4 9.4-24.6 9.4-33.9 0L160 255.9l-96.4 96.4c-9.4 9.4-24.6 9.4-33.9 0L7 329.7c-9.4-9.4-9.4-24.6 0-33.9l136-136c9.4-9.5 24.6-9.5 34-.1z\"><\/path><\/svg><\/span>\n\t\t\t\t\t\t\t\t\t\t\t\t\t<\/span>\n\t\t\t\t\t\t\t\t\t\t\t\t<a class=\"elementor-toggle-title\" tabindex=\"0\">Warum brauche ich eine Entlastungsschiene?<\/a>\n\t\t\t\t\t<\/h3>\n\n\t\t\t\t\t<div id=\"elementor-tab-content-1456\" class=\"elementor-tab-content elementor-clearfix\" data-tab=\"6\" role=\"region\" aria-labelledby=\"elementor-tab-title-1456\"><p>Sie ben\u00f6tigen eine Entlastungsschiene, wenn Sie unter Bruxismus, Kiefermuskelschmerzen oder Kiefergelenkbeschwerden leiden. Dieses Ger\u00e4t sch\u00fctzt Ihre Z\u00e4hne vor Abnutzung, reduziert die Muskelspannung und lindert die damit verbundenen Beschwerden. <\/p>\n<\/div>\n\t\t\t\t<\/div>\n\t\t\t\t\t\t\t<div class=\"elementor-toggle-item\">\n\t\t\t\t\t<h3 id=\"elementor-tab-title-1457\" class=\"elementor-tab-title\" data-tab=\"7\" role=\"button\" aria-controls=\"elementor-tab-content-1457\" aria-expanded=\"false\">\n\t\t\t\t\t\t\t\t\t\t\t\t<span class=\"elementor-toggle-icon elementor-toggle-icon-right\" aria-hidden=\"true\">\n\t\t\t\t\t\t\t\t\t\t\t\t\t\t\t<span class=\"elementor-toggle-icon-closed\"><svg class=\"e-font-icon-svg e-fas-angle-down\" viewBox=\"0 0 320 512\" xmlns=\"http:\/\/www.w3.org\/2000\/svg\"><path d=\"M143 352.3L7 216.3c-9.4-9.4-9.4-24.6 0-33.9l22.6-22.6c9.4-9.4 24.6-9.4 33.9 0l96.4 96.4 96.4-96.4c9.4-9.4 24.6-9.4 33.9 0l22.6 22.6c9.4 9.4 9.4 24.6 0 33.9l-136 136c-9.2 9.4-24.4 9.4-33.8 0z\"><\/path><\/svg><\/span>\n\t\t\t\t\t\t\t\t<span class=\"elementor-toggle-icon-opened\"><svg class=\"elementor-toggle-icon-opened e-font-icon-svg e-fas-angle-up\" viewBox=\"0 0 320 512\" xmlns=\"http:\/\/www.w3.org\/2000\/svg\"><path d=\"M177 159.7l136 136c9.4 9.4 9.4 24.6 0 33.9l-22.6 22.6c-9.4 9.4-24.6 9.4-33.9 0L160 255.9l-96.4 96.4c-9.4 9.4-24.6 9.4-33.9 0L7 329.7c-9.4-9.4-9.4-24.6 0-33.9l136-136c9.4-9.5 24.6-9.5 34-.1z\"><\/path><\/svg><\/span>\n\t\t\t\t\t\t\t\t\t\t\t\t\t<\/span>\n\t\t\t\t\t\t\t\t\t\t\t\t<a class=\"elementor-toggle-title\" tabindex=\"0\">Wie kann ich meine Kieferschmerzen in V\u00e9lez-M\u00e1laga l\u00f6sen?<\/a>\n\t\t\t\t\t<\/h3>\n\n\t\t\t\t\t<div id=\"elementor-tab-content-1457\" class=\"elementor-tab-content elementor-clearfix\" data-tab=\"7\" role=\"region\" aria-labelledby=\"elementor-tab-title-1457\"><p>Ein guter Kiefergelenkspezialist muss \u00fcber besondere Erfahrung in der Diagnose und Behandlung von Kiefergelenkserkrankungen verf\u00fcgen. In der <strong>Cl\u00ednica Dental Antonio Mart\u00ednez<\/strong> sind wir in V\u00e9lez-M\u00e1laga f\u00fchrend auf diesem Gebiet und verbinden jahrelange Praxis mit kontinuierlicher Weiterbildung. <\/p>\n<p>Wir befinden uns im Zentrum von Velez-Malaga und bieten eine komfortable und gut erreichbare Umgebung. Unser Team sorgt daf\u00fcr, dass jeder Patient eine enge, respektvolle und engagierte Behandlung erh\u00e4lt. <\/p>\n<h3> <\/h3>\n<\/div>\n\t\t\t\t<\/div>\n\t\t\t\t\t\t\t\t<\/div>\n\t\t\t\t\t\t<\/div>\n\t\t\t\t<\/div>\n\t\t\t\t<\/div>\n\t\t\t\t<\/div>\n\t\t<div class=\"elementor-element elementor-element-309bea3 e-con-full elementor-hidden-tablet elementor-hidden-mobile e-flex e-con e-parent\" data-id=\"309bea3\" data-element_type=\"container\" data-e-type=\"container\" data-settings=\"{&quot;background_background&quot;:&quot;classic&quot;,&quot;background_motion_fx_motion_fx_scrolling&quot;:&quot;yes&quot;,&quot;background_motion_fx_devices&quot;:[&quot;desktop&quot;,&quot;tablet_extra&quot;,&quot;tablet&quot;,&quot;mobile&quot;]}\">\n\t\t\t\t<\/div>\n\t\t<div class=\"elementor-element elementor-element-763675c e-flex e-con-boxed e-con e-parent\" data-id=\"763675c\" data-element_type=\"container\" data-e-type=\"container\" data-settings=\"{&quot;background_background&quot;:&quot;classic&quot;}\">\n\t\t\t\t\t<div class=\"e-con-inner\">\n\t\t<div class=\"elementor-element elementor-element-1d9a5f0 e-con-full e-flex e-con e-child\" data-id=\"1d9a5f0\" data-element_type=\"container\" data-e-type=\"container\">\n\t\t\t\t<div class=\"elementor-element elementor-element-3353dab elementor-position-left elementor-position-left elementor-position-top elementor-vertical-align-middle elementor-vertical-align-middle elementor-widget elementor-widget-image-box\" data-id=\"3353dab\" data-element_type=\"widget\" data-e-type=\"widget\" data-widget_type=\"image-box.default\">\n\t\t\t\t<div class=\"elementor-widget-container\">\n\t\t\t\t\t<div class=\"elementor-image-box-wrapper\"><figure class=\"elementor-image-box-img\"><img loading=\"lazy\" decoding=\"async\" width=\"512\" height=\"512\" src=\"https:\/\/antoniomartinezclinicadental.com\/wp-content\/uploads\/2024\/11\/4100325.webp\" class=\"attachment-full size-full wp-image-13589\" alt=\"\" srcset=\"https:\/\/antoniomartinezclinicadental.com\/wp-content\/uploads\/2024\/11\/4100325.webp 512w, https:\/\/antoniomartinezclinicadental.com\/wp-content\/uploads\/2024\/11\/4100325-300x300.webp 300w, https:\/\/antoniomartinezclinicadental.com\/wp-content\/uploads\/2024\/11\/4100325-150x150.webp 150w\" sizes=\"(max-width: 512px) 100vw, 512px\" \/><\/figure><div class=\"elementor-image-box-content\"><h5 class=\"elementor-image-box-title\">ERFAHRUNG<\/h5><p class=\"elementor-image-box-description\">Wir bieten Behandlungen von Kiefergelenkserkrankungen mit fortschrittlicher Technologie an und bieten sichere, funktionelle und \u00e4sthetische L\u00f6sungen, um Ihr L\u00e4cheln wiederherzustellen.<\/p><\/div><\/div>\t\t\t\t<\/div>\n\t\t\t\t<\/div>\n\t\t\t\t<div class=\"elementor-element elementor-element-8829eb4 elementor-position-left elementor-position-left elementor-position-top elementor-vertical-align-middle elementor-vertical-align-middle elementor-widget elementor-widget-image-box\" data-id=\"8829eb4\" data-element_type=\"widget\" data-e-type=\"widget\" data-widget_type=\"image-box.default\">\n\t\t\t\t<div class=\"elementor-widget-container\">\n\t\t\t\t\t<div class=\"elementor-image-box-wrapper\"><figure class=\"elementor-image-box-img\"><img loading=\"lazy\" decoding=\"async\" width=\"225\" height=\"225\" src=\"https:\/\/antoniomartinezclinicadental.com\/wp-content\/uploads\/2024\/11\/descarga-removebg-preview.webp\" class=\"attachment-full size-full wp-image-13590\" alt=\"\" srcset=\"https:\/\/antoniomartinezclinicadental.com\/wp-content\/uploads\/2024\/11\/descarga-removebg-preview.webp 225w, https:\/\/antoniomartinezclinicadental.com\/wp-content\/uploads\/2024\/11\/descarga-removebg-preview-150x150.webp 150w\" sizes=\"(max-width: 225px) 100vw, 225px\" \/><\/figure><div class=\"elementor-image-box-content\"><h5 class=\"elementor-image-box-title\">QUALIFIZIERTE \u00c4RZTE<\/h5><p class=\"elementor-image-box-description\">Wir verf\u00fcgen \u00fcber ein Team von Spezialisten f\u00fcr Kiefergelenkserkrankungen, die sich f\u00fcr sichere, pr\u00e4zise und qualitativ hochwertige Behandlungen zur Wiederherstellung Ihres L\u00e4chelns einsetzen.<\/p><\/div><\/div>\t\t\t\t<\/div>\n\t\t\t\t<\/div>\n\t\t\t\t<div class=\"elementor-element elementor-element-437b35f elementor-position-left elementor-position-left elementor-position-top elementor-vertical-align-middle elementor-vertical-align-middle elementor-widget elementor-widget-image-box\" data-id=\"437b35f\" data-element_type=\"widget\" data-e-type=\"widget\" data-widget_type=\"image-box.default\">\n\t\t\t\t<div class=\"elementor-widget-container\">\n\t\t\t\t\t<div class=\"elementor-image-box-wrapper\"><figure class=\"elementor-image-box-img\"><img loading=\"lazy\" decoding=\"async\" width=\"556\" height=\"449\" src=\"https:\/\/antoniomartinezclinicadental.com\/wp-content\/uploads\/2024\/11\/png-clipart-dentistry-computer-icons-fluoride-technology-angle-electronics-removebg-preview.webp\" class=\"attachment-full size-full wp-image-13591\" alt=\"\" srcset=\"https:\/\/antoniomartinezclinicadental.com\/wp-content\/uploads\/2024\/11\/png-clipart-dentistry-computer-icons-fluoride-technology-angle-electronics-removebg-preview.webp 556w, https:\/\/antoniomartinezclinicadental.com\/wp-content\/uploads\/2024\/11\/png-clipart-dentistry-computer-icons-fluoride-technology-angle-electronics-removebg-preview-300x242.webp 300w\" sizes=\"(max-width: 556px) 100vw, 556px\" \/><\/figure><div class=\"elementor-image-box-content\"><h5 class=\"elementor-image-box-title\">NEUESTE ZAHNTECHNIK<\/h5><p class=\"elementor-image-box-description\">Wir verf\u00fcgen \u00fcber die neueste Technologie und fortschrittliche Techniken, die es uns erm\u00f6glichen, die Ergebnisse zu verbessern und die Behandlungen zu verk\u00fcrzen.<\/p><\/div><\/div>\t\t\t\t<\/div>\n\t\t\t\t<\/div>\n\t\t\t\t<div class=\"elementor-element elementor-element-9eb4fca elementor-position-left elementor-position-left elementor-position-top elementor-vertical-align-middle elementor-vertical-align-middle elementor-widget elementor-widget-image-box\" data-id=\"9eb4fca\" data-element_type=\"widget\" data-e-type=\"widget\" data-widget_type=\"image-box.default\">\n\t\t\t\t<div class=\"elementor-widget-container\">\n\t\t\t\t\t<div class=\"elementor-image-box-wrapper\"><figure class=\"elementor-image-box-img\"><img loading=\"lazy\" decoding=\"async\" width=\"500\" height=\"500\" src=\"https:\/\/antoniomartinezclinicadental.com\/wp-content\/uploads\/2024\/11\/icono-del-reloj-133485155-removebg-preview.webp\" class=\"attachment-full size-full wp-image-13592\" alt=\"\" srcset=\"https:\/\/antoniomartinezclinicadental.com\/wp-content\/uploads\/2024\/11\/icono-del-reloj-133485155-removebg-preview.webp 500w, https:\/\/antoniomartinezclinicadental.com\/wp-content\/uploads\/2024\/11\/icono-del-reloj-133485155-removebg-preview-300x300.webp 300w, https:\/\/antoniomartinezclinicadental.com\/wp-content\/uploads\/2024\/11\/icono-del-reloj-133485155-removebg-preview-150x150.webp 150w\" sizes=\"(max-width: 500px) 100vw, 500px\" \/><\/figure><div class=\"elementor-image-box-content\"><h5 class=\"elementor-image-box-title\">SCHEDULEN<\/h5><p class=\"elementor-image-box-description\">Die Cl\u00ednica Dental Antonio Mart\u00ednez ist von <b>Montag bis Freitag von 9:00 bis 13:00 Uhr und von 16:00 bis 20:00 Uhr<\/b> ge\u00f6ffnet.<\/p><\/div><\/div>\t\t\t\t<\/div>\n\t\t\t\t<\/div>\n\t\t\t\t<\/div>\n\t\t<div class=\"elementor-element elementor-element-b2f4c0d e-con-full elementor-hidden-tablet elementor-hidden-mobile e-flex e-con e-child\" data-id=\"b2f4c0d\" data-element_type=\"container\" data-e-type=\"container\" data-settings=\"{&quot;background_background&quot;:&quot;classic&quot;}\">\n\t\t\t\t<div class=\"elementor-element elementor-element-4a420cc elementor-widget elementor-widget-spacer\" data-id=\"4a420cc\" data-element_type=\"widget\" data-e-type=\"widget\" data-widget_type=\"spacer.default\">\n\t\t\t\t<div class=\"elementor-widget-container\">\n\t\t\t\t\t\t\t<div class=\"elementor-spacer\">\n\t\t\t<div class=\"elementor-spacer-inner\"><\/div>\n\t\t<\/div>\n\t\t\t\t\t\t<\/div>\n\t\t\t\t<\/div>\n\t\t\t\t<\/div>\n\t\t\t\t\t<\/div>\n\t\t\t\t<\/div>\n\t\t<div class=\"elementor-element elementor-element-04bab51 e-con-full e-flex e-con e-parent\" data-id=\"04bab51\" data-element_type=\"container\" data-e-type=\"container\" data-settings=\"{&quot;background_background&quot;:&quot;classic&quot;}\">\n\t\t<div class=\"elementor-element elementor-element-e1c536b e-con-full e-flex e-con e-child\" data-id=\"e1c536b\" data-element_type=\"container\" data-e-type=\"container\">\n\t\t\t\t<div class=\"elementor-element elementor-element-97b496e elementor-widget-tablet_extra__width-inherit elementor-widget__width-inherit elementor-widget elementor-widget-text-editor\" data-id=\"97b496e\" data-element_type=\"widget\" data-e-type=\"widget\" data-widget_type=\"text-editor.default\">\n\t\t\t\t<div class=\"elementor-widget-container\">\n\t\t\t\t\t\t\t\t\t<div><h2 style=\"font-family: Raleway, sans-serif; font-weight: 300; color: #1a3d4d;\">Vereinbaren Sie einen Termin mit uns<\/h2><\/div>\t\t\t\t\t\t\t\t<\/div>\n\t\t\t\t<\/div>\n\t\t<div class=\"elementor-element elementor-element-7aba9a1 e-con-full e-grid e-con e-child\" data-id=\"7aba9a1\" data-element_type=\"container\" data-e-type=\"container\">\n\t\t\t\t<div class=\"elementor-element elementor-element-851196d elementor-align-right elementor-widget__width-initial elementor-mobile-align-center elementor-widget-tablet_extra__width-inherit elementor-tablet-align-right elementor-widget elementor-widget-button\" data-id=\"851196d\" data-element_type=\"widget\" data-e-type=\"widget\" data-widget_type=\"button.default\">\n\t\t\t\t<div class=\"elementor-widget-container\">\n\t\t\t\t\t\t\t\t\t<div class=\"elementor-button-wrapper\">\n\t\t\t\t\t<a class=\"elementor-button elementor-button-link elementor-size-sm\" href=\"https:\/\/antoniomartinezclinicadental.com\/de\/kontakt\/\">\n\t\t\t\t\t\t<span class=\"elementor-button-content-wrapper\">\n\t\t\t\t\t\t<span class=\"elementor-button-icon\">\n\t\t\t\t<svg aria-hidden=\"true\" class=\"e-font-icon-svg e-far-address-book\" viewBox=\"0 0 448 512\" xmlns=\"http:\/\/www.w3.org\/2000\/svg\"><path d=\"M436 160c6.6 0 12-5.4 12-12v-40c0-6.6-5.4-12-12-12h-20V48c0-26.5-21.5-48-48-48H48C21.5 0 0 21.5 0 48v416c0 26.5 21.5 48 48 48h320c26.5 0 48-21.5 48-48v-48h20c6.6 0 12-5.4 12-12v-40c0-6.6-5.4-12-12-12h-20v-64h20c6.6 0 12-5.4 12-12v-40c0-6.6-5.4-12-12-12h-20v-64h20zm-68 304H48V48h320v416zM208 256c35.3 0 64-28.7 64-64s-28.7-64-64-64-64 28.7-64 64 28.7 64 64 64zm-89.6 128h179.2c12.4 0 22.4-8.6 22.4-19.2v-19.2c0-31.8-30.1-57.6-67.2-57.6-10.8 0-18.7 8-44.8 8-26.9 0-33.4-8-44.8-8-37.1 0-67.2 25.8-67.2 57.6v19.2c0 10.6 10 19.2 22.4 19.2z\"><\/path><\/svg>\t\t\t<\/span>\n\t\t\t\t\t\t\t\t\t<span class=\"elementor-button-text\">Kontakt<\/span>\n\t\t\t\t\t<\/span>\n\t\t\t\t\t<\/a>\n\t\t\t\t<\/div>\n\t\t\t\t\t\t\t\t<\/div>\n\t\t\t\t<\/div>\n\t\t\t\t<div class=\"elementor-element elementor-element-524c635 elementor-align-left elementor-widget__width-initial elementor-tablet_extra-align-left elementor-mobile-align-center elementor-widget-tablet_extra__width-inherit elementor-tablet-align-left elementor-widget elementor-widget-button\" data-id=\"524c635\" data-element_type=\"widget\" data-e-type=\"widget\" data-widget_type=\"button.default\">\n\t\t\t\t<div class=\"elementor-widget-container\">\n\t\t\t\t\t\t\t\t\t<div class=\"elementor-button-wrapper\">\n\t\t\t\t\t<a class=\"elementor-button elementor-button-link elementor-size-sm\" href=\"tel:+34692978801\">\n\t\t\t\t\t\t<span class=\"elementor-button-content-wrapper\">\n\t\t\t\t\t\t<span class=\"elementor-button-icon\">\n\t\t\t\t<svg aria-hidden=\"true\" class=\"e-font-icon-svg e-fas-phone-volume\" viewBox=\"0 0 384 512\" xmlns=\"http:\/\/www.w3.org\/2000\/svg\"><path d=\"M97.333 506.966c-129.874-129.874-129.681-340.252 0-469.933 5.698-5.698 14.527-6.632 21.263-2.422l64.817 40.513a17.187 17.187 0 0 1 6.849 20.958l-32.408 81.021a17.188 17.188 0 0 1-17.669 10.719l-55.81-5.58c-21.051 58.261-20.612 122.471 0 179.515l55.811-5.581a17.188 17.188 0 0 1 17.669 10.719l32.408 81.022a17.188 17.188 0 0 1-6.849 20.958l-64.817 40.513a17.19 17.19 0 0 1-21.264-2.422zM247.126 95.473c11.832 20.047 11.832 45.008 0 65.055-3.95 6.693-13.108 7.959-18.718 2.581l-5.975-5.726c-3.911-3.748-4.793-9.622-2.261-14.41a32.063 32.063 0 0 0 0-29.945c-2.533-4.788-1.65-10.662 2.261-14.41l5.975-5.726c5.61-5.378 14.768-4.112 18.718 2.581zm91.787-91.187c60.14 71.604 60.092 175.882 0 247.428-4.474 5.327-12.53 5.746-17.552.933l-5.798-5.557c-4.56-4.371-4.977-11.529-.93-16.379 49.687-59.538 49.646-145.933 0-205.422-4.047-4.85-3.631-12.008.93-16.379l5.798-5.557c5.022-4.813 13.078-4.394 17.552.933zm-45.972 44.941c36.05 46.322 36.108 111.149 0 157.546-4.39 5.641-12.697 6.251-17.856 1.304l-5.818-5.579c-4.4-4.219-4.998-11.095-1.285-15.931 26.536-34.564 26.534-82.572 0-117.134-3.713-4.836-3.115-11.711 1.285-15.931l5.818-5.579c5.159-4.947 13.466-4.337 17.856 1.304z\"><\/path><\/svg>\t\t\t<\/span>\n\t\t\t\t\t\t\t\t\t<span class=\"elementor-button-text\">Rufen Sie  an.<\/span>\n\t\t\t\t\t<\/span>\n\t\t\t\t\t<\/a>\n\t\t\t\t<\/div>\n\t\t\t\t\t\t\t\t<\/div>\n\t\t\t\t<\/div>\n\t\t\t\t<\/div>\n\t\t\t\t<\/div>\n\t\t\t\t<\/div>\n\t\t<div class=\"elementor-element elementor-element-73f0494 e-grid e-con-full e-con e-parent\" data-id=\"73f0494\" data-element_type=\"container\" data-e-type=\"container\" data-settings=\"{&quot;background_background&quot;:&quot;classic&quot;}\">\n\t\t\t\t<div class=\"elementor-element elementor-element-6ad96d1 elementor-align-center elementor-widget__width-initial elementor-mobile-align-center elementor-hidden-desktop elementor-widget-tablet__width-initial elementor-widget-tablet_extra__width-inherit elementor-widget elementor-widget-button\" data-id=\"6ad96d1\" data-element_type=\"widget\" data-e-type=\"widget\" data-widget_type=\"button.default\">\n\t\t\t\t<div class=\"elementor-widget-container\">\n\t\t\t\t\t\t\t\t\t<div class=\"elementor-button-wrapper\">\n\t\t\t\t\t<a class=\"elementor-button elementor-button-link elementor-size-sm\" href=\"https:\/\/maps.app.goo.gl\/DxnKhzUbq5vmMX4Z8\" target=\"_blank\">\n\t\t\t\t\t\t<span class=\"elementor-button-content-wrapper\">\n\t\t\t\t\t\t<span class=\"elementor-button-icon\">\n\t\t\t\t<svg aria-hidden=\"true\" class=\"e-font-icon-svg e-fas-map-marker-alt\" viewBox=\"0 0 384 512\" xmlns=\"http:\/\/www.w3.org\/2000\/svg\"><path d=\"M172.268 501.67C26.97 291.031 0 269.413 0 192 0 85.961 85.961 0 192 0s192 85.961 192 192c0 77.413-26.97 99.031-172.268 309.67-9.535 13.774-29.93 13.773-39.464 0zM192 272c44.183 0 80-35.817 80-80s-35.817-80-80-80-80 35.817-80 80 35.817 80 80 80z\"><\/path><\/svg>\t\t\t<\/span>\n\t\t\t\t\t\t\t\t\t<span class=\"elementor-button-text\">Wie man dorthin kommt<\/span>\n\t\t\t\t\t<\/span>\n\t\t\t\t\t<\/a>\n\t\t\t\t<\/div>\n\t\t\t\t\t\t\t\t<\/div>\n\t\t\t\t<\/div>\n\t\t\t\t<div class=\"elementor-element elementor-element-a31a817 elementor-widget elementor-widget-google_maps\" data-id=\"a31a817\" data-element_type=\"widget\" data-e-type=\"widget\" data-widget_type=\"google_maps.default\">\n\t\t\t\t<div class=\"elementor-widget-container\">\n\t\t\t\t\t\t\t<div class=\"elementor-custom-embed\">\n\t\t\t<iframe loading=\"lazy\"\n\t\t\t\t\tsrc=\"https:\/\/maps.google.com\/maps?q=Clinica%20Dental%20Antonio%20Martinez%2C%20C.%20Cam.%20de%20M%C3%A1laga%2C%209%2C%2029700%20V%C3%A9lez-M%C3%A1laga%2C%20M%C3%A1laga&#038;t=m&#038;z=10&#038;output=embed&#038;iwloc=near\"\n\t\t\t\t\ttitle=\"Clinica Dental Antonio Martinez, C. Cam. de M\u00e1laga, 9, 29700 V\u00e9lez-M\u00e1laga, M\u00e1laga\"\n\t\t\t\t\taria-label=\"Clinica Dental Antonio Martinez, C. Cam. de M\u00e1laga, 9, 29700 V\u00e9lez-M\u00e1laga, M\u00e1laga\"\n\t\t\t><\/iframe>\n\t\t<\/div>\n\t\t\t\t\t\t<\/div>\n\t\t\t\t<\/div>\n\t\t\t\t<\/div>\n\t\t<div class=\"elementor-element elementor-element-598bf4b e-flex e-con-boxed e-con e-parent\" data-id=\"598bf4b\" data-element_type=\"container\" data-e-type=\"container\" data-settings=\"{&quot;background_background&quot;:&quot;classic&quot;}\">\n\t\t\t\t\t<div class=\"e-con-inner\">\n\t\t\t\t<div class=\"elementor-element elementor-element-fbef3b2 elementor-widget-tablet__width-inherit elementor-widget elementor-widget-text-editor\" data-id=\"fbef3b2\" data-element_type=\"widget\" data-e-type=\"widget\" data-widget_type=\"text-editor.default\">\n\t\t\t\t<div class=\"elementor-widget-container\">\n\t\t\t\t\t\t\t\t\t<div class=\"flex-shrink-0 flex flex-col relative items-end\" style=\"color: #1a3d4d; font-family: Raleway, sans-serif;\"><div class=\"pt-0\"><div class=\"flex-shrink-0 flex flex-col relative items-end\"><div class=\"pt-0\"><div class=\"flex-shrink-0 flex flex-col relative items-end\"><div class=\"pt-0\"><div class=\"flex-shrink-0 flex flex-col relative items-end\"><div class=\"pt-0\"><div class=\"flex-shrink-0 flex flex-col relative items-end\"><div class=\"pt-0\"><div class=\"flex-shrink-0 flex flex-col relative items-end\"><div class=\"pt-0\"><div class=\"flex-shrink-0 flex flex-col relative items-end\"><div><div class=\"pt-0\"><h2 class=\"gizmo-bot-avatar flex h-8 w-8 items-center justify-center overflow-hidden rounded-full\"><strong>Temporomandibul\u00e4re St\u00f6rungen in V\u00e9lez-M\u00e1laga: Qualit\u00e4tsl\u00f6sungen von den besten Marken<\/strong><\/h2><\/div><\/div><\/div><p style=\"text-align: left;\">In unserer Zahnklinik, den Experten f\u00fcr <strong>Kiefergelenkserkrankungen in Velez-Malaga<\/strong>, bieten wir dauerhafte und hochwertige L\u00f6sungen zur Wiederherstellung Ihres L\u00e4chelns. Wir arbeiten mit den besten Marken und garantieren Ihnen Sicherheit, Wirksamkeit und nat\u00fcrliche Ergebnisse. Unser Team ber\u00e4t Sie mit einem pers\u00f6nlichen, auf Ihre Bed\u00fcrfnisse abgestimmten Plan. Besuchen Sie uns f\u00fcr eine kostenlose Untersuchung!   <\/p><\/div><\/div><\/div><\/div><\/div><\/div><\/div><\/div><\/div><\/div><\/div><\/div>\t\t\t\t\t\t\t\t<\/div>\n\t\t\t\t<\/div>\n\t\t\t\t\t<\/div>\n\t\t\t\t<\/div>\n\t\t<div class=\"elementor-element elementor-element-67a8707 e-grid e-con-boxed e-con e-parent\" data-id=\"67a8707\" data-element_type=\"container\" data-e-type=\"container\" data-settings=\"{&quot;background_background&quot;:&quot;classic&quot;}\">\n\t\t\t\t\t<div class=\"e-con-inner\">\n\t\t\t\t<div class=\"elementor-element elementor-element-fdd7a35 elementor-widget elementor-widget-image\" data-id=\"fdd7a35\" data-element_type=\"widget\" data-e-type=\"widget\" data-widget_type=\"image.default\">\n\t\t\t\t<div class=\"elementor-widget-container\">\n\t\t\t\t\t\t\t\t\t\t\t\t\t\t\t\t<a href=\"https:\/\/www.orthoapnea.com\" target=\"_blank\">\n\t\t\t\t\t\t\t<img loading=\"lazy\" decoding=\"async\" width=\"586\" height=\"426\" src=\"https:\/\/antoniomartinezclinicadental.com\/wp-content\/uploads\/2025\/01\/orthoapnea.webp\" class=\"attachment-large size-large wp-image-14156\" alt=\"\" srcset=\"https:\/\/antoniomartinezclinicadental.com\/wp-content\/uploads\/2025\/01\/orthoapnea.webp 586w, https:\/\/antoniomartinezclinicadental.com\/wp-content\/uploads\/2025\/01\/orthoapnea-300x218.webp 300w\" sizes=\"(max-width: 586px) 100vw, 586px\" \/>\t\t\t\t\t\t\t\t<\/a>\n\t\t\t\t\t\t\t\t\t\t\t\t\t\t\t<\/div>\n\t\t\t\t<\/div>\n\t\t\t\t<div class=\"elementor-element elementor-element-46f861b elementor-widget elementor-widget-image\" data-id=\"46f861b\" data-element_type=\"widget\" data-e-type=\"widget\" data-widget_type=\"image.default\">\n\t\t\t\t<div class=\"elementor-widget-container\">\n\t\t\t\t\t\t\t\t\t\t\t\t\t\t\t\t<a href=\"https:\/\/www.bauschdental.com\/\" target=\"_blank\">\n\t\t\t\t\t\t\t<img loading=\"lazy\" decoding=\"async\" width=\"800\" height=\"302\" src=\"https:\/\/antoniomartinezclinicadental.com\/wp-content\/uploads\/2025\/01\/bauschdental.webp\" class=\"attachment-large size-large wp-image-14157\" alt=\"\" srcset=\"https:\/\/antoniomartinezclinicadental.com\/wp-content\/uploads\/2025\/01\/bauschdental.webp 814w, https:\/\/antoniomartinezclinicadental.com\/wp-content\/uploads\/2025\/01\/bauschdental-300x113.webp 300w, https:\/\/antoniomartinezclinicadental.com\/wp-content\/uploads\/2025\/01\/bauschdental-768x290.webp 768w\" sizes=\"(max-width: 800px) 100vw, 800px\" \/>\t\t\t\t\t\t\t\t<\/a>\n\t\t\t\t\t\t\t\t\t\t\t\t\t\t\t<\/div>\n\t\t\t\t<\/div>\n\t\t\t\t<div class=\"elementor-element elementor-element-646a2db elementor-widget elementor-widget-image\" data-id=\"646a2db\" data-element_type=\"widget\" data-e-type=\"widget\" data-widget_type=\"image.default\">\n\t\t\t\t<div class=\"elementor-widget-container\">\n\t\t\t\t\t\t\t\t\t\t\t\t\t\t\t\t<a href=\"https:\/\/www.carestreamdental.com\/es-es\" target=\"_blank\">\n\t\t\t\t\t\t\t<img loading=\"lazy\" decoding=\"async\" width=\"707\" height=\"353\" src=\"https:\/\/antoniomartinezclinicadental.com\/wp-content\/uploads\/2025\/01\/carestream.webp\" class=\"attachment-large size-large wp-image-14158\" alt=\"\" srcset=\"https:\/\/antoniomartinezclinicadental.com\/wp-content\/uploads\/2025\/01\/carestream.webp 707w, https:\/\/antoniomartinezclinicadental.com\/wp-content\/uploads\/2025\/01\/carestream-300x150.webp 300w\" sizes=\"(max-width: 707px) 100vw, 707px\" \/>\t\t\t\t\t\t\t\t<\/a>\n\t\t\t\t\t\t\t\t\t\t\t\t\t\t\t<\/div>\n\t\t\t\t<\/div>\n\t\t\t\t\t<\/div>\n\t\t\t\t<\/div>\n\t\t\t\t<\/div>\n\t\t","protected":false},"excerpt":{"rendered":"<p>Zahnklinik mit Experten f\u00fcr Kiefergelenkserkrankungen in Velez-Malaga und Torre del Mar. Stellen Sie Ihr L\u00e4cheln und Ihre Zahnfunktion wieder her und verbessern Sie Ihre Lebensqualit\u00e4t. Temporomandibul\u00e4re St\u00f6rungen in V\u00e9lez-M\u00e1laga und Torre del Mar Dr. Antonio Mart\u00ednez Experte f\u00fcr temporomandibul\u00e4re St\u00f6rungen Vereinbaren Sie einen Termin mit uns Kontakt Rufen Sie an. Was ist eine temporomandibul\u00e4re St\u00f6rung? [&hellip;]<\/p>\n","protected":false},"author":1,"featured_media":12771,"parent":0,"menu_order":0,"comment_status":"closed","ping_status":"closed","template":"","meta":{"footnotes":""},"class_list":["post-14155","page","type-page","status-publish","has-post-thumbnail","hentry"],"yoast_head":"<!-- This site is optimized with the Yoast SEO plugin v27.4 - https:\/\/yoast.com\/product\/yoast-seo-wordpress\/ -->\n<title>Temporomandibul\u00e4re St\u00f6rung bei Velez-Malaga | Antonio Martinez<\/title>\n<meta name=\"description\" content=\"Experte f\u00fcr Kiefergelenksbeschwerden in Velez-Malaga und Torre del Mar. Fordern Sie Ihre kostenlose, pers\u00f6nliche Einsch\u00e4tzung an und vereinbaren Sie noch heute einen Termin!\" \/>\n<meta name=\"robots\" content=\"index, follow, max-snippet:-1, max-image-preview:large, max-video-preview:-1\" \/>\n<link rel=\"canonical\" href=\"https:\/\/antoniomartinezclinicadental.com\/de\/temporomandibulaere-stoerung\/\" \/>\n<meta property=\"og:locale\" content=\"de_DE\" \/>\n<meta property=\"og:type\" content=\"article\" \/>\n<meta property=\"og:title\" content=\"Temporomandibul\u00e4re St\u00f6rung bei Velez-Malaga | Antonio Martinez\" \/>\n<meta property=\"og:description\" content=\"Experte f\u00fcr Kiefergelenksbeschwerden in Velez-Malaga und Torre del Mar. Fordern Sie Ihre kostenlose, pers\u00f6nliche Einsch\u00e4tzung an und vereinbaren Sie noch heute einen Termin!\" \/>\n<meta property=\"og:url\" content=\"https:\/\/antoniomartinezclinicadental.com\/de\/temporomandibulaere-stoerung\/\" \/>\n<meta property=\"og:site_name\" content=\"Antonio Martinez Cl\u00ednica Dental\" \/>\n<meta property=\"article:publisher\" content=\"https:\/\/www.facebook.com\/p\/Clinica-Dental-Antonio-Martinez-100066372022427\/?locale=es_ES\" \/>\n<meta property=\"article:modified_time\" content=\"2025-11-24T10:01:22+00:00\" \/>\n<meta property=\"og:image\" content=\"https:\/\/antoniomartinezclinicadental.com\/wp-content\/uploads\/2025\/09\/MUJER-DOLOR-CARA-IA-GOOGLE.png\" \/>\n\t<meta property=\"og:image:width\" content=\"1024\" \/>\n\t<meta property=\"og:image:height\" content=\"1024\" \/>\n\t<meta property=\"og:image:type\" content=\"image\/png\" \/>\n<meta name=\"twitter:card\" content=\"summary_large_image\" \/>\n<meta name=\"twitter:label1\" content=\"Gesch\u00e4tzte Lesezeit\" \/>\n\t<meta name=\"twitter:data1\" content=\"7\u00a0Minuten\" \/>\n<script type=\"application\/ld+json\" class=\"yoast-schema-graph\">{\"@context\":\"https:\\\/\\\/schema.org\",\"@graph\":[{\"@type\":\"WebPage\",\"@id\":\"https:\\\/\\\/antoniomartinezclinicadental.com\\\/de\\\/temporomandibulaere-stoerung\\\/\",\"url\":\"https:\\\/\\\/antoniomartinezclinicadental.com\\\/de\\\/temporomandibulaere-stoerung\\\/\",\"name\":\"Temporomandibul\u00e4re St\u00f6rung bei Velez-Malaga | Antonio Martinez\",\"isPartOf\":{\"@id\":\"https:\\\/\\\/antoniomartinezclinicadental.com\\\/de\\\/#website\"},\"primaryImageOfPage\":{\"@id\":\"https:\\\/\\\/antoniomartinezclinicadental.com\\\/de\\\/temporomandibulaere-stoerung\\\/#primaryimage\"},\"image\":{\"@id\":\"https:\\\/\\\/antoniomartinezclinicadental.com\\\/de\\\/temporomandibulaere-stoerung\\\/#primaryimage\"},\"thumbnailUrl\":\"https:\\\/\\\/antoniomartinezclinicadental.com\\\/wp-content\\\/uploads\\\/2025\\\/09\\\/MUJER-DOLOR-CARA-IA-GOOGLE.png\",\"datePublished\":\"2024-11-22T11:39:24+00:00\",\"dateModified\":\"2025-11-24T10:01:22+00:00\",\"description\":\"Experte f\u00fcr Kiefergelenksbeschwerden in Velez-Malaga und Torre del Mar. Fordern Sie Ihre kostenlose, pers\u00f6nliche Einsch\u00e4tzung an und vereinbaren Sie noch heute einen Termin!\",\"breadcrumb\":{\"@id\":\"https:\\\/\\\/antoniomartinezclinicadental.com\\\/de\\\/temporomandibulaere-stoerung\\\/#breadcrumb\"},\"inLanguage\":\"de\",\"potentialAction\":[{\"@type\":\"ReadAction\",\"target\":[\"https:\\\/\\\/antoniomartinezclinicadental.com\\\/de\\\/temporomandibulaere-stoerung\\\/\"]}]},{\"@type\":\"ImageObject\",\"inLanguage\":\"de\",\"@id\":\"https:\\\/\\\/antoniomartinezclinicadental.com\\\/de\\\/temporomandibulaere-stoerung\\\/#primaryimage\",\"url\":\"https:\\\/\\\/antoniomartinezclinicadental.com\\\/wp-content\\\/uploads\\\/2025\\\/09\\\/MUJER-DOLOR-CARA-IA-GOOGLE.png\",\"contentUrl\":\"https:\\\/\\\/antoniomartinezclinicadental.com\\\/wp-content\\\/uploads\\\/2025\\\/09\\\/MUJER-DOLOR-CARA-IA-GOOGLE.png\",\"width\":1024,\"height\":1024,\"caption\":\"MUJER DOLOR TRASTORNO TEMPOROMANDIBULAR\"},{\"@type\":\"BreadcrumbList\",\"@id\":\"https:\\\/\\\/antoniomartinezclinicadental.com\\\/de\\\/temporomandibulaere-stoerung\\\/#breadcrumb\",\"itemListElement\":[{\"@type\":\"ListItem\",\"position\":1,\"name\":\"Home\",\"item\":\"https:\\\/\\\/antoniomartinezclinicadental.com\\\/de\\\/\"},{\"@type\":\"ListItem\",\"position\":2,\"name\":\"Temporomandibul\u00e4re St\u00f6rung\"}]},{\"@type\":\"WebSite\",\"@id\":\"https:\\\/\\\/antoniomartinezclinicadental.com\\\/de\\\/#website\",\"url\":\"https:\\\/\\\/antoniomartinezclinicadental.com\\\/de\\\/\",\"name\":\"Antonio Martinez Cl\u00ednica Dental\",\"description\":\"Dentista en V\u00e9lez-M\u00e1laga\",\"publisher\":{\"@id\":\"https:\\\/\\\/antoniomartinezclinicadental.com\\\/de\\\/#organization\"},\"potentialAction\":[{\"@type\":\"SearchAction\",\"target\":{\"@type\":\"EntryPoint\",\"urlTemplate\":\"https:\\\/\\\/antoniomartinezclinicadental.com\\\/de\\\/?s={search_term_string}\"},\"query-input\":{\"@type\":\"PropertyValueSpecification\",\"valueRequired\":true,\"valueName\":\"search_term_string\"}}],\"inLanguage\":\"de\"},{\"@type\":\"Organization\",\"@id\":\"https:\\\/\\\/antoniomartinezclinicadental.com\\\/de\\\/#organization\",\"name\":\"Antonio Martinez Cl\u00ednica Dental\",\"url\":\"https:\\\/\\\/antoniomartinezclinicadental.com\\\/de\\\/\",\"logo\":{\"@type\":\"ImageObject\",\"inLanguage\":\"de\",\"@id\":\"https:\\\/\\\/antoniomartinezclinicadental.com\\\/de\\\/#\\\/schema\\\/logo\\\/image\\\/\",\"url\":\"https:\\\/\\\/antoniomartinezclinicadental.com\\\/wp-content\\\/uploads\\\/2025\\\/02\\\/logosinfondo.webp\",\"contentUrl\":\"https:\\\/\\\/antoniomartinezclinicadental.com\\\/wp-content\\\/uploads\\\/2025\\\/02\\\/logosinfondo.webp\",\"width\":533,\"height\":69,\"caption\":\"Antonio Martinez Cl\u00ednica Dental\"},\"image\":{\"@id\":\"https:\\\/\\\/antoniomartinezclinicadental.com\\\/de\\\/#\\\/schema\\\/logo\\\/image\\\/\"},\"sameAs\":[\"https:\\\/\\\/www.facebook.com\\\/p\\\/Clinica-Dental-Antonio-Martinez-100066372022427\\\/?locale=es_ES\",\"https:\\\/\\\/www.instagram.com\\\/antoniomartinezclinicadental\\\/?igsh=MTI2OGtxaDhweHJnbA#\"]}]}<\/script>\n<!-- \/ Yoast SEO plugin. -->","yoast_head_json":{"title":"Temporomandibul\u00e4re St\u00f6rung bei Velez-Malaga | Antonio Martinez","description":"Experte f\u00fcr Kiefergelenksbeschwerden in Velez-Malaga und Torre del Mar. Fordern Sie Ihre kostenlose, pers\u00f6nliche Einsch\u00e4tzung an und vereinbaren Sie noch heute einen Termin!","robots":{"index":"index","follow":"follow","max-snippet":"max-snippet:-1","max-image-preview":"max-image-preview:large","max-video-preview":"max-video-preview:-1"},"canonical":"https:\/\/antoniomartinezclinicadental.com\/de\/temporomandibulaere-stoerung\/","og_locale":"de_DE","og_type":"article","og_title":"Temporomandibul\u00e4re St\u00f6rung bei Velez-Malaga | Antonio Martinez","og_description":"Experte f\u00fcr Kiefergelenksbeschwerden in Velez-Malaga und Torre del Mar. Fordern Sie Ihre kostenlose, pers\u00f6nliche Einsch\u00e4tzung an und vereinbaren Sie noch heute einen Termin!","og_url":"https:\/\/antoniomartinezclinicadental.com\/de\/temporomandibulaere-stoerung\/","og_site_name":"Antonio Martinez Cl\u00ednica Dental","article_publisher":"https:\/\/www.facebook.com\/p\/Clinica-Dental-Antonio-Martinez-100066372022427\/?locale=es_ES","article_modified_time":"2025-11-24T10:01:22+00:00","og_image":[{"width":1024,"height":1024,"url":"https:\/\/antoniomartinezclinicadental.com\/wp-content\/uploads\/2025\/09\/MUJER-DOLOR-CARA-IA-GOOGLE.png","type":"image\/png"}],"twitter_card":"summary_large_image","twitter_misc":{"Gesch\u00e4tzte Lesezeit":"7\u00a0Minuten"},"schema":{"@context":"https:\/\/schema.org","@graph":[{"@type":"WebPage","@id":"https:\/\/antoniomartinezclinicadental.com\/de\/temporomandibulaere-stoerung\/","url":"https:\/\/antoniomartinezclinicadental.com\/de\/temporomandibulaere-stoerung\/","name":"Temporomandibul\u00e4re St\u00f6rung bei Velez-Malaga | Antonio Martinez","isPartOf":{"@id":"https:\/\/antoniomartinezclinicadental.com\/de\/#website"},"primaryImageOfPage":{"@id":"https:\/\/antoniomartinezclinicadental.com\/de\/temporomandibulaere-stoerung\/#primaryimage"},"image":{"@id":"https:\/\/antoniomartinezclinicadental.com\/de\/temporomandibulaere-stoerung\/#primaryimage"},"thumbnailUrl":"https:\/\/antoniomartinezclinicadental.com\/wp-content\/uploads\/2025\/09\/MUJER-DOLOR-CARA-IA-GOOGLE.png","datePublished":"2024-11-22T11:39:24+00:00","dateModified":"2025-11-24T10:01:22+00:00","description":"Experte f\u00fcr Kiefergelenksbeschwerden in Velez-Malaga und Torre del Mar. Fordern Sie Ihre kostenlose, pers\u00f6nliche Einsch\u00e4tzung an und vereinbaren Sie noch heute einen Termin!","breadcrumb":{"@id":"https:\/\/antoniomartinezclinicadental.com\/de\/temporomandibulaere-stoerung\/#breadcrumb"},"inLanguage":"de","potentialAction":[{"@type":"ReadAction","target":["https:\/\/antoniomartinezclinicadental.com\/de\/temporomandibulaere-stoerung\/"]}]},{"@type":"ImageObject","inLanguage":"de","@id":"https:\/\/antoniomartinezclinicadental.com\/de\/temporomandibulaere-stoerung\/#primaryimage","url":"https:\/\/antoniomartinezclinicadental.com\/wp-content\/uploads\/2025\/09\/MUJER-DOLOR-CARA-IA-GOOGLE.png","contentUrl":"https:\/\/antoniomartinezclinicadental.com\/wp-content\/uploads\/2025\/09\/MUJER-DOLOR-CARA-IA-GOOGLE.png","width":1024,"height":1024,"caption":"MUJER DOLOR TRASTORNO TEMPOROMANDIBULAR"},{"@type":"BreadcrumbList","@id":"https:\/\/antoniomartinezclinicadental.com\/de\/temporomandibulaere-stoerung\/#breadcrumb","itemListElement":[{"@type":"ListItem","position":1,"name":"Home","item":"https:\/\/antoniomartinezclinicadental.com\/de\/"},{"@type":"ListItem","position":2,"name":"Temporomandibul\u00e4re St\u00f6rung"}]},{"@type":"WebSite","@id":"https:\/\/antoniomartinezclinicadental.com\/de\/#website","url":"https:\/\/antoniomartinezclinicadental.com\/de\/","name":"Antonio Martinez Cl\u00ednica Dental","description":"Dentista en V\u00e9lez-M\u00e1laga","publisher":{"@id":"https:\/\/antoniomartinezclinicadental.com\/de\/#organization"},"potentialAction":[{"@type":"SearchAction","target":{"@type":"EntryPoint","urlTemplate":"https:\/\/antoniomartinezclinicadental.com\/de\/?s={search_term_string}"},"query-input":{"@type":"PropertyValueSpecification","valueRequired":true,"valueName":"search_term_string"}}],"inLanguage":"de"},{"@type":"Organization","@id":"https:\/\/antoniomartinezclinicadental.com\/de\/#organization","name":"Antonio Martinez Cl\u00ednica Dental","url":"https:\/\/antoniomartinezclinicadental.com\/de\/","logo":{"@type":"ImageObject","inLanguage":"de","@id":"https:\/\/antoniomartinezclinicadental.com\/de\/#\/schema\/logo\/image\/","url":"https:\/\/antoniomartinezclinicadental.com\/wp-content\/uploads\/2025\/02\/logosinfondo.webp","contentUrl":"https:\/\/antoniomartinezclinicadental.com\/wp-content\/uploads\/2025\/02\/logosinfondo.webp","width":533,"height":69,"caption":"Antonio Martinez Cl\u00ednica Dental"},"image":{"@id":"https:\/\/antoniomartinezclinicadental.com\/de\/#\/schema\/logo\/image\/"},"sameAs":["https:\/\/www.facebook.com\/p\/Clinica-Dental-Antonio-Martinez-100066372022427\/?locale=es_ES","https:\/\/www.instagram.com\/antoniomartinezclinicadental\/?igsh=MTI2OGtxaDhweHJnbA#"]}]}},"_links":{"self":[{"href":"https:\/\/antoniomartinezclinicadental.com\/de\/wp-json\/wp\/v2\/pages\/14155","targetHints":{"allow":["GET"]}}],"collection":[{"href":"https:\/\/antoniomartinezclinicadental.com\/de\/wp-json\/wp\/v2\/pages"}],"about":[{"href":"https:\/\/antoniomartinezclinicadental.com\/de\/wp-json\/wp\/v2\/types\/page"}],"author":[{"embeddable":true,"href":"https:\/\/antoniomartinezclinicadental.com\/de\/wp-json\/wp\/v2\/users\/1"}],"replies":[{"embeddable":true,"href":"https:\/\/antoniomartinezclinicadental.com\/de\/wp-json\/wp\/v2\/comments?post=14155"}],"version-history":[{"count":3,"href":"https:\/\/antoniomartinezclinicadental.com\/de\/wp-json\/wp\/v2\/pages\/14155\/revisions"}],"predecessor-version":[{"id":14642,"href":"https:\/\/antoniomartinezclinicadental.com\/de\/wp-json\/wp\/v2\/pages\/14155\/revisions\/14642"}],"wp:featuredmedia":[{"embeddable":true,"href":"https:\/\/antoniomartinezclinicadental.com\/de\/wp-json\/wp\/v2\/media\/12771"}],"wp:attachment":[{"href":"https:\/\/antoniomartinezclinicadental.com\/de\/wp-json\/wp\/v2\/media?parent=14155"}],"curies":[{"name":"wp","href":"https:\/\/api.w.org\/{rel}","templated":true}]}}